{"id":161,"date":"2020-01-22T12:28:44","date_gmt":"2020-01-22T12:28:44","guid":{"rendered":"https:\/\/www.schaefli.juno.preview-ch-dns.net\/?page_id=161"},"modified":"2026-08-28T16:06:53","modified_gmt":"2026-08-28T14:06:53","slug":"ueber-uns","status":"publish","type":"page","link":"https:\/\/schaefli.ch\/en\/ueber-uns\/","title":{"rendered":"About us"},"content":{"rendered":"<div data-elementor-type=\"wp-page\" data-elementor-id=\"161\" class=\"elementor elementor-161\" data-elementor-post-type=\"page\">\n\t\t\t\t\t\t<section class=\"elementor-section elementor-top-section elementor-element elementor-element-3ba2accd elementor-section-height-min-height elementor-section-boxed elementor-section-height-default elementor-section-items-middle elementor-invisible\" data-id=\"3ba2accd\" data-element_type=\"section\" data-e-type=\"section\" data-settings=\"{&quot;background_background&quot;:&quot;classic&quot;,&quot;shape_divider_bottom&quot;:&quot;tilt&quot;,&quot;animation&quot;:&quot;fadeIn&quot;}\">\n\t\t\t\t\t\t\t<div class=\"elementor-background-overlay\"><\/div>\n\t\t\t\t\t\t<div class=\"elementor-shape elementor-shape-bottom\" aria-hidden=\"true\" data-negative=\"false\">\n\t\t\t<svg xmlns=\"http:\/\/www.w3.org\/2000\/svg\" viewbox=\"0 0 1000 100\" preserveaspectratio=\"none\">\n\t<path class=\"elementor-shape-fill\" d=\"M0,6V0h1000v100L0,6z\"\/>\n<\/svg>\t\t<\/div>\n\t\t\t\t\t<div class=\"elementor-container elementor-column-gap-default\">\n\t\t\t\t\t<div class=\"elementor-column elementor-col-100 elementor-top-column elementor-element elementor-element-5d203d1a\" data-id=\"5d203d1a\" data-element_type=\"column\" data-e-type=\"column\">\n\t\t\t<div class=\"elementor-widget-wrap elementor-element-populated\">\n\t\t\t\t\t\t<div class=\"elementor-element elementor-element-64a66375 elementor-widget elementor-widget-heading\" data-id=\"64a66375\" data-element_type=\"widget\" data-e-type=\"widget\" data-widget_type=\"heading.default\">\n\t\t\t\t<div class=\"elementor-widget-container\">\n\t\t\t\t\t<h3 class=\"elementor-heading-title elementor-size-default\">About us<\/h3>\t\t\t\t<\/div>\n\t\t\t\t<\/div>\n\t\t\t\t<div class=\"elementor-element elementor-element-10662b49 elementor-widget elementor-widget-text-editor\" data-id=\"10662b49\" data-element_type=\"widget\" data-e-type=\"widget\" data-widget_type=\"text-editor.default\">\n\t\t\t\t<div class=\"elementor-widget-container\">\n\t\t\t\t\t\t\t\t\tWe stand for quality and sustainability!\t\t\t\t\t\t\t\t<\/div>\n\t\t\t\t<\/div>\n\t\t\t\t\t<\/div>\n\t\t<\/div>\n\t\t\t\t\t<\/div>\n\t\t<\/section>\n\t\t\t\t<section class=\"elementor-section elementor-top-section elementor-element elementor-element-61348c01 elementor-section-height-min-height elementor-section-items-stretch elementor-section-boxed elementor-section-height-default\" data-id=\"61348c01\" data-element_type=\"section\" data-e-type=\"section\" data-settings=\"{&quot;background_background&quot;:&quot;classic&quot;}\">\n\t\t\t\t\t\t\t<div class=\"elementor-background-overlay\"><\/div>\n\t\t\t\t\t\t\t<div class=\"elementor-container elementor-column-gap-default\">\n\t\t\t\t\t<div class=\"elementor-column elementor-col-33 elementor-top-column elementor-element elementor-element-805297d elementor-invisible\" data-id=\"805297d\" data-element_type=\"column\" data-e-type=\"column\" data-settings=\"{&quot;animation&quot;:&quot;fadeInUp&quot;}\">\n\t\t\t<div class=\"elementor-widget-wrap\">\n\t\t\t\t\t\t\t<\/div>\n\t\t<\/div>\n\t\t\t\t<div class=\"elementor-column elementor-col-33 elementor-top-column elementor-element elementor-element-138333cb elementor-invisible\" data-id=\"138333cb\" data-element_type=\"column\" data-e-type=\"column\" data-settings=\"{&quot;animation&quot;:&quot;fadeInUp&quot;}\">\n\t\t\t<div class=\"elementor-widget-wrap elementor-element-populated\">\n\t\t\t\t\t\t<div class=\"elementor-element elementor-element-b9b666e elementor-widget elementor-widget-menu-anchor\" data-id=\"b9b666e\" data-element_type=\"widget\" data-e-type=\"widget\" data-widget_type=\"menu-anchor.default\">\n\t\t\t\t<div class=\"elementor-widget-container\">\n\t\t\t\t\t\t\t<div class=\"elementor-menu-anchor\" id=\"qualitat\"><\/div>\n\t\t\t\t\t\t<\/div>\n\t\t\t\t<\/div>\n\t\t\t\t<div class=\"elementor-element elementor-element-6927480e elementor-widget elementor-widget-heading\" data-id=\"6927480e\" data-element_type=\"widget\" data-e-type=\"widget\" data-widget_type=\"heading.default\">\n\t\t\t\t<div class=\"elementor-widget-container\">\n\t\t\t\t\t<h3 class=\"elementor-heading-title elementor-size-default\">Quality<\/h3>\t\t\t\t<\/div>\n\t\t\t\t<\/div>\n\t\t\t\t<section class=\"elementor-section elementor-inner-section elementor-element elementor-element-7a394c6 elementor-reverse-mobile elementor-section-boxed elementor-section-height-default elementor-section-height-default\" data-id=\"7a394c6\" data-element_type=\"section\" data-e-type=\"section\">\n\t\t\t\t\t\t<div class=\"elementor-container elementor-column-gap-default\">\n\t\t\t\t\t<div class=\"elementor-column elementor-col-50 elementor-inner-column elementor-element elementor-element-4819fa0\" data-id=\"4819fa0\" data-element_type=\"column\" data-e-type=\"column\">\n\t\t\t<div class=\"elementor-widget-wrap elementor-element-populated\">\n\t\t\t\t\t\t<div class=\"elementor-element elementor-element-13928f7 elementor-widget elementor-widget-text-editor\" data-id=\"13928f7\" data-element_type=\"widget\" data-e-type=\"widget\" data-widget_type=\"text-editor.default\">\n\t\t\t\t<div class=\"elementor-widget-container\">\n\t\t\t\t\t\t\t\t\t<p>We are a member of <a href=\"https:\/\/www.astag.ch\/\" target=\"_blank\" rel=\"noopener\">the furniture transport group of the Swiss Commercial Vehicle Association (ASTAG)<\/a>\u00a0 and work according to the Association's moving terms and conditions\u00a0<a href=\"https:\/\/schaefli.ch\/wp-content\/uploads\/2021\/03\/General-conditions-for-removal.pdf\" target=\"_blank\" rel=\"noopener\">for moving<\/a> and <a href=\"https:\/\/schaefli.ch\/wp-content\/uploads\/2020\/09\/General-conditions-for-storage.pdf\" target=\"_blank\" rel=\"noopener\">for storage<\/a>. The ASTAG furniture transport group forms the association of national Swiss furniture transport companies.<\/p>\t\t\t\t\t\t\t\t<\/div>\n\t\t\t\t<\/div>\n\t\t\t\t\t<\/div>\n\t\t<\/div>\n\t\t\t\t<div class=\"elementor-column elementor-col-50 elementor-inner-column elementor-element elementor-element-09f25ce\" data-id=\"09f25ce\" data-element_type=\"column\" data-e-type=\"column\">\n\t\t\t<div class=\"elementor-widget-wrap elementor-element-populated\">\n\t\t\t\t\t\t<div class=\"elementor-element elementor-element-350ebe6 elementor-widget elementor-widget-image\" data-id=\"350ebe6\" data-element_type=\"widget\" data-e-type=\"widget\" data-widget_type=\"image.default\">\n\t\t\t\t<div class=\"elementor-widget-container\">\n\t\t\t\t\t\t\t\t\t\t\t\t\t\t\t<img fetchpriority=\"high\" decoding=\"async\" width=\"537\" height=\"358\" src=\"https:\/\/schaefli.ch\/wp-content\/uploads\/2020\/07\/Logo-Astag.jpg\" class=\"attachment-large size-large wp-image-846\" alt=\"\" srcset=\"https:\/\/schaefli.ch\/wp-content\/uploads\/2020\/07\/Logo-Astag.jpg 537w, https:\/\/schaefli.ch\/wp-content\/uploads\/2020\/07\/Logo-Astag-300x200.jpg 300w\" sizes=\"(max-width: 537px) 100vw, 537px\" \/>\t\t\t\t\t\t\t\t\t\t\t\t\t\t\t<\/div>\n\t\t\t\t<\/div>\n\t\t\t\t\t<\/div>\n\t\t<\/div>\n\t\t\t\t\t<\/div>\n\t\t<\/section>\n\t\t\t\t<section class=\"elementor-section elementor-inner-section elementor-element elementor-element-89b6592 elementor-section-boxed elementor-section-height-default elementor-section-height-default\" data-id=\"89b6592\" data-element_type=\"section\" data-e-type=\"section\">\n\t\t\t\t\t\t<div class=\"elementor-container elementor-column-gap-default\">\n\t\t\t\t\t<div class=\"elementor-column elementor-col-50 elementor-inner-column elementor-element elementor-element-bfecd3f\" data-id=\"bfecd3f\" data-element_type=\"column\" data-e-type=\"column\">\n\t\t\t<div class=\"elementor-widget-wrap elementor-element-populated\">\n\t\t\t\t\t\t<div class=\"elementor-element elementor-element-8d6f785 elementor-widget elementor-widget-image\" data-id=\"8d6f785\" data-element_type=\"widget\" data-e-type=\"widget\" data-widget_type=\"image.default\">\n\t\t\t\t<div class=\"elementor-widget-container\">\n\t\t\t\t\t\t\t\t\t\t\t\t\t\t\t<img decoding=\"async\" width=\"292\" height=\"86\" src=\"https:\/\/schaefli.ch\/wp-content\/uploads\/2020\/07\/Logo-Astag-Plus-e1602003510729.jpg\" class=\"attachment-large size-large wp-image-847\" alt=\"\" \/>\t\t\t\t\t\t\t\t\t\t\t\t\t\t\t<\/div>\n\t\t\t\t<\/div>\n\t\t\t\t\t<\/div>\n\t\t<\/div>\n\t\t\t\t<div class=\"elementor-column elementor-col-50 elementor-inner-column elementor-element elementor-element-9f92a06\" data-id=\"9f92a06\" data-element_type=\"column\" data-e-type=\"column\">\n\t\t\t<div class=\"elementor-widget-wrap elementor-element-populated\">\n\t\t\t\t\t\t<div class=\"elementor-element elementor-element-8921ca9 elementor-widget elementor-widget-text-editor\" data-id=\"8921ca9\" data-element_type=\"widget\" data-e-type=\"widget\" data-widget_type=\"text-editor.default\">\n\t\t\t\t<div class=\"elementor-widget-container\">\n\t\t\t\t\t\t\t\t\t<p>The professional group also offers the quality certificate ASTAG PLUS for moving companies. This gives transport companies the opportunity to stand out from the competition with a special quality standard. The aim is to improve quality, comply with legal norms and specifications, and have an environmentally conscious and sustainable business model. We are proud to have been awarded the <a href=\"https:\/\/schaefli.ch\/wp-content\/uploads\/2021\/09\/SKM_C22721092814050.pdf\" target=\"_blank\" rel=\"noopener\">ASTAG PLUS quality certificate<\/a> .<\/p>\t\t\t\t\t\t\t\t<\/div>\n\t\t\t\t<\/div>\n\t\t\t\t\t<\/div>\n\t\t<\/div>\n\t\t\t\t\t<\/div>\n\t\t<\/section>\n\t\t\t\t<section class=\"elementor-section elementor-inner-section elementor-element elementor-element-8bfd94a elementor-reverse-mobile elementor-section-boxed elementor-section-height-default elementor-section-height-default\" data-id=\"8bfd94a\" data-element_type=\"section\" data-e-type=\"section\">\n\t\t\t\t\t\t<div class=\"elementor-container elementor-column-gap-default\">\n\t\t\t\t\t<div class=\"elementor-column elementor-col-50 elementor-inner-column elementor-element elementor-element-6ecdd28\" data-id=\"6ecdd28\" data-element_type=\"column\" data-e-type=\"column\">\n\t\t\t<div class=\"elementor-widget-wrap elementor-element-populated\">\n\t\t\t\t\t\t<div class=\"elementor-element elementor-element-a787884 elementor-widget elementor-widget-text-editor\" data-id=\"a787884\" data-element_type=\"widget\" data-e-type=\"widget\" data-widget_type=\"text-editor.default\">\n\t\t\t\t<div class=\"elementor-widget-container\">\n\t\t\t\t\t\t\t\t\tWe are also a member of <a href=\"https:\/\/fedemac.com\/\" target=\"_blank\" rel=\"noopener\">FEDEMAC (Federation of European movers associations)<\/a>&amp;nbspwhich only includes the best moving companies and suppliers in the moving industry. FEDEMAC represents the interests of more than 1600 professional moving companies in more than 27 European countries. The ASTAG section is also an associated member of FEDEMAC, the umbrella organization of national associations of moving companies in the EU member states.\t\t\t\t\t\t\t\t<\/div>\n\t\t\t\t<\/div>\n\t\t\t\t\t<\/div>\n\t\t<\/div>\n\t\t\t\t<div class=\"elementor-column elementor-col-50 elementor-inner-column elementor-element elementor-element-b1a8da8\" data-id=\"b1a8da8\" data-element_type=\"column\" data-e-type=\"column\">\n\t\t\t<div class=\"elementor-widget-wrap elementor-element-populated\">\n\t\t\t\t\t\t<div class=\"elementor-element elementor-element-515165f elementor-widget elementor-widget-image\" data-id=\"515165f\" data-element_type=\"widget\" data-e-type=\"widget\" data-widget_type=\"image.default\">\n\t\t\t\t<div class=\"elementor-widget-container\">\n\t\t\t\t\t\t\t\t\t\t\t\t\t\t\t<img decoding=\"async\" width=\"512\" height=\"512\" src=\"https:\/\/schaefli.ch\/wp-content\/uploads\/2020\/07\/Logo-Fedemac-1.png\" class=\"attachment-large size-large wp-image-851\" alt=\"\" srcset=\"https:\/\/schaefli.ch\/wp-content\/uploads\/2020\/07\/Logo-Fedemac-1.png 512w, https:\/\/schaefli.ch\/wp-content\/uploads\/2020\/07\/Logo-Fedemac-1-300x300.png 300w, https:\/\/schaefli.ch\/wp-content\/uploads\/2020\/07\/Logo-Fedemac-1-150x150.png 150w\" sizes=\"(max-width: 512px) 100vw, 512px\" \/>\t\t\t\t\t\t\t\t\t\t\t\t\t\t\t<\/div>\n\t\t\t\t<\/div>\n\t\t\t\t\t<\/div>\n\t\t<\/div>\n\t\t\t\t\t<\/div>\n\t\t<\/section>\n\t\t\t\t<section class=\"elementor-section elementor-inner-section elementor-element elementor-element-4a604b1 elementor-section-boxed elementor-section-height-default elementor-section-height-default\" data-id=\"4a604b1\" data-element_type=\"section\" data-e-type=\"section\">\n\t\t\t\t\t\t<div class=\"elementor-container elementor-column-gap-default\">\n\t\t\t\t\t<div class=\"elementor-column elementor-col-50 elementor-inner-column elementor-element elementor-element-4347e87\" data-id=\"4347e87\" data-element_type=\"column\" data-e-type=\"column\">\n\t\t\t<div class=\"elementor-widget-wrap elementor-element-populated\">\n\t\t\t\t\t\t<div class=\"elementor-element elementor-element-2f57c6a elementor-widget elementor-widget-image\" data-id=\"2f57c6a\" data-element_type=\"widget\" data-e-type=\"widget\" data-widget_type=\"image.default\">\n\t\t\t\t<div class=\"elementor-widget-container\">\n\t\t\t\t\t\t\t\t\t\t\t\t\t\t\t<img loading=\"lazy\" decoding=\"async\" width=\"387\" height=\"213\" src=\"https:\/\/schaefli.ch\/wp-content\/uploads\/2020\/07\/Logo-Swiss-Excellence-Forum.png\" class=\"attachment-large size-large wp-image-848\" alt=\"\" srcset=\"https:\/\/schaefli.ch\/wp-content\/uploads\/2020\/07\/Logo-Swiss-Excellence-Forum.png 387w, https:\/\/schaefli.ch\/wp-content\/uploads\/2020\/07\/Logo-Swiss-Excellence-Forum-300x165.png 300w\" sizes=\"(max-width: 387px) 100vw, 387px\" \/>\t\t\t\t\t\t\t\t\t\t\t\t\t\t\t<\/div>\n\t\t\t\t<\/div>\n\t\t\t\t\t<\/div>\n\t\t<\/div>\n\t\t\t\t<div class=\"elementor-column elementor-col-50 elementor-inner-column elementor-element elementor-element-fc45232\" data-id=\"fc45232\" data-element_type=\"column\" data-e-type=\"column\">\n\t\t\t<div class=\"elementor-widget-wrap elementor-element-populated\">\n\t\t\t\t\t\t<div class=\"elementor-element elementor-element-23cfc9d elementor-widget elementor-widget-text-editor\" data-id=\"23cfc9d\" data-element_type=\"widget\" data-e-type=\"widget\" data-widget_type=\"text-editor.default\">\n\t\t\t\t<div class=\"elementor-widget-container\">\n\t\t\t\t\t\t\t\t\t<p>In addition, we are a member of <a href=\"https:\/\/www.swiss-excellence-forum.ch\/de\/\" target=\"_blank\" rel=\"noopener\">the Swiss Excellence Forum<\/a>\u00a0 and set very high standards in the quality and sustainability of our services. We are guided by the EFQM standards (Excellence Forum Quality Management). These form the basis for all work processes, which are also laid down in a manual for every employee.<\/p>\t\t\t\t\t\t\t\t<\/div>\n\t\t\t\t<\/div>\n\t\t\t\t\t<\/div>\n\t\t<\/div>\n\t\t\t\t\t<\/div>\n\t\t<\/section>\n\t\t\t\t<section class=\"elementor-section elementor-inner-section elementor-element elementor-element-c76b7e4 elementor-section-boxed elementor-section-height-default elementor-section-height-default\" data-id=\"c76b7e4\" data-element_type=\"section\" data-e-type=\"section\">\n\t\t\t\t\t\t<div class=\"elementor-container elementor-column-gap-default\">\n\t\t\t\t\t<div class=\"elementor-column elementor-col-100 elementor-inner-column elementor-element elementor-element-c53fd35\" data-id=\"c53fd35\" data-element_type=\"column\" data-e-type=\"column\">\n\t\t\t<div class=\"elementor-widget-wrap elementor-element-populated\">\n\t\t\t\t\t\t<div class=\"elementor-element elementor-element-04c71f2 elementor-widget elementor-widget-text-editor\" data-id=\"04c71f2\" data-element_type=\"widget\" data-e-type=\"widget\" data-widget_type=\"text-editor.default\">\n\t\t\t\t<div class=\"elementor-widget-container\">\n\t\t\t\t\t\t\t\t\t<p><a href=\"https:\/\/schaefli.ch\/wp-content\/uploads\/2023\/02\/Transportlizenz-2022-2027-Jahr.pdf\" target=\"_blank\" rel=\"noopener\">Licence for international commercial transport of goods<\/a><\/p>\t\t\t\t\t\t\t\t<\/div>\n\t\t\t\t<\/div>\n\t\t\t\t\t<\/div>\n\t\t<\/div>\n\t\t\t\t\t<\/div>\n\t\t<\/section>\n\t\t\t\t<div class=\"elementor-element elementor-element-76fc881 elementor-widget elementor-widget-menu-anchor\" data-id=\"76fc881\" data-element_type=\"widget\" data-e-type=\"widget\" data-widget_type=\"menu-anchor.default\">\n\t\t\t\t<div class=\"elementor-widget-container\">\n\t\t\t\t\t\t\t<div class=\"elementor-menu-anchor\" id=\"team\"><\/div>\n\t\t\t\t\t\t<\/div>\n\t\t\t\t<\/div>\n\t\t\t\t\t<\/div>\n\t\t<\/div>\n\t\t\t\t<div class=\"elementor-column elementor-col-33 elementor-top-column elementor-element elementor-element-444b469 elementor-invisible\" data-id=\"444b469\" data-element_type=\"column\" data-e-type=\"column\" data-settings=\"{&quot;animation&quot;:&quot;fadeInUp&quot;}\">\n\t\t\t<div class=\"elementor-widget-wrap\">\n\t\t\t\t\t\t\t<\/div>\n\t\t<\/div>\n\t\t\t\t\t<\/div>\n\t\t<\/section>\n\t\t\t\t<section class=\"elementor-section elementor-top-section elementor-element elementor-element-5c6fdfcc elementor-section-content-middle elementor-section-boxed elementor-section-height-default elementor-section-height-default\" data-id=\"5c6fdfcc\" data-element_type=\"section\" data-e-type=\"section\">\n\t\t\t\t\t\t<div class=\"elementor-container elementor-column-gap-no\">\n\t\t\t\t\t<div class=\"elementor-column elementor-col-100 elementor-top-column elementor-element elementor-element-5e6bd087\" data-id=\"5e6bd087\" data-element_type=\"column\" data-e-type=\"column\">\n\t\t\t<div class=\"elementor-widget-wrap elementor-element-populated\">\n\t\t\t\t\t\t<div class=\"elementor-element elementor-element-62ea5b42 elementor-widget elementor-widget-heading\" data-id=\"62ea5b42\" data-element_type=\"widget\" data-e-type=\"widget\" data-widget_type=\"heading.default\">\n\t\t\t\t<div class=\"elementor-widget-container\">\n\t\t\t\t\t<h3 class=\"elementor-heading-title elementor-size-default\">Team<\/h3>\t\t\t\t<\/div>\n\t\t\t\t<\/div>\n\t\t\t\t<div class=\"elementor-element elementor-element-81d9011 elementor-widget elementor-widget-text-editor\" data-id=\"81d9011\" data-element_type=\"widget\" data-e-type=\"widget\" data-widget_type=\"text-editor.default\">\n\t\t\t\t<div class=\"elementor-widget-container\">\n\t\t\t\t\t\t\t\t\t<p>Get to know the faces behind the Sch\u00e4fli AG!<\/p>\t\t\t\t\t\t\t\t<\/div>\n\t\t\t\t<\/div>\n\t\t\t\t<section class=\"elementor-section elementor-inner-section elementor-element elementor-element-28536d14 elementor-section-boxed elementor-section-height-default elementor-section-height-default\" data-id=\"28536d14\" data-element_type=\"section\" data-e-type=\"section\">\n\t\t\t\t\t\t<div class=\"elementor-container elementor-column-gap-default\">\n\t\t\t\t\t<div class=\"elementor-column elementor-col-25 elementor-inner-column elementor-element elementor-element-7bb157c\" data-id=\"7bb157c\" data-element_type=\"column\" data-e-type=\"column\">\n\t\t\t<div class=\"elementor-widget-wrap elementor-element-populated\">\n\t\t\t\t\t\t<div class=\"elementor-element elementor-element-698465b2 elementor-position-top elementor-widget elementor-widget-image-box\" data-id=\"698465b2\" data-element_type=\"widget\" data-e-type=\"widget\" data-widget_type=\"image-box.default\">\n\t\t\t\t<div class=\"elementor-widget-container\">\n\t\t\t\t\t<div class=\"elementor-image-box-wrapper\"><figure class=\"elementor-image-box-img\"><a href=\"mailto:bea@schaefli.ch\" tabindex=\"-1\"><img decoding=\"async\" src=\"https:\/\/schaefli.ch\/wp-content\/uploads\/elementor\/thumbs\/Schaefli_Transporte_Schaffhausen_Bea_Schaefli_crop-qawiax62p36egor38ihtenjncuvm6ajy4t1v0ryuok.jpg\" title=\"Schaefli_Transporte_Schaffhausen_Bea_Schaefli_crop\" alt=\"Schaefli_Transporte_Schaffhausen_Bea_Schaefli_crop\" class=\"elementor-animation-grow\" loading=\"lazy\" \/><\/a><\/figure><div class=\"elementor-image-box-content\"><h3 class=\"elementor-image-box-title\"><a href=\"mailto:bea@schaefli.ch\">Beatrice Sch\u00e4fli H\u00fcmbeli<\/a><\/h3><p class=\"elementor-image-box-description\"><b> Owner and president of the board of directors<\/b>\n\nbea@schaefli.ch\n<\/p><\/div><\/div>\t\t\t\t<\/div>\n\t\t\t\t<\/div>\n\t\t\t\t\t<\/div>\n\t\t<\/div>\n\t\t\t\t<div class=\"elementor-column elementor-col-25 elementor-inner-column elementor-element elementor-element-a3a2ccc\" data-id=\"a3a2ccc\" data-element_type=\"column\" data-e-type=\"column\">\n\t\t\t<div class=\"elementor-widget-wrap elementor-element-populated\">\n\t\t\t\t\t\t<div class=\"elementor-element elementor-element-b2bff45 elementor-position-top elementor-widget elementor-widget-image-box\" data-id=\"b2bff45\" data-element_type=\"widget\" data-e-type=\"widget\" data-widget_type=\"image-box.default\">\n\t\t\t\t<div class=\"elementor-widget-container\">\n\t\t\t\t\t<div class=\"elementor-image-box-wrapper\"><figure class=\"elementor-image-box-img\"><a href=\"mailto:h.huembeli@schaefli.ch\" tabindex=\"-1\"><img decoding=\"async\" src=\"https:\/\/schaefli.ch\/wp-content\/uploads\/elementor\/thumbs\/Hanspeter-Hu\u0308mbeli-ov7l87g6zy9l6b85hzyi5jntmr6557e6j2psh6sjbo.jpg\" title=\"Hanspeter Hu\u0308mbeli\" alt=\"Hanspeter Hu\u0308mbeli\" class=\"elementor-animation-grow\" loading=\"lazy\" \/><\/a><\/figure><div class=\"elementor-image-box-content\"><h3 class=\"elementor-image-box-title\"><a href=\"mailto:h.huembeli@schaefli.ch\">Hanspeter <br>H\u00fcmbeli<\/a><\/h3><p class=\"elementor-image-box-description\"><b>Inhaber und Mitglied des Verwaltungsrates<\/b>\n\nh.huembeli@schaefli.ch\n<\/p><\/div><\/div>\t\t\t\t<\/div>\n\t\t\t\t<\/div>\n\t\t\t\t\t<\/div>\n\t\t<\/div>\n\t\t\t\t<div class=\"elementor-column elementor-col-25 elementor-inner-column elementor-element elementor-element-f05c078\" data-id=\"f05c078\" data-element_type=\"column\" data-e-type=\"column\">\n\t\t\t<div class=\"elementor-widget-wrap elementor-element-populated\">\n\t\t\t\t\t\t<div class=\"elementor-element elementor-element-5675976 elementor-position-top elementor-widget elementor-widget-image-box\" data-id=\"5675976\" data-element_type=\"widget\" data-e-type=\"widget\" data-widget_type=\"image-box.default\">\n\t\t\t\t<div class=\"elementor-widget-container\">\n\t\t\t\t\t<div class=\"elementor-image-box-wrapper\"><figure class=\"elementor-image-box-img\"><a href=\"mailto:v.huembeli@schaefli.ch\" tabindex=\"-1\"><img loading=\"lazy\" decoding=\"async\" width=\"1792\" height=\"2240\" src=\"https:\/\/schaefli.ch\/wp-content\/uploads\/2020\/09\/Schaefli_Transporte_Viktor_01.jpg\" class=\"elementor-animation-grow attachment-full size-full wp-image-1695\" alt=\"\" srcset=\"https:\/\/schaefli.ch\/wp-content\/uploads\/2020\/09\/Schaefli_Transporte_Viktor_01.jpg 1792w, https:\/\/schaefli.ch\/wp-content\/uploads\/2020\/09\/Schaefli_Transporte_Viktor_01-240x300.jpg 240w, https:\/\/schaefli.ch\/wp-content\/uploads\/2020\/09\/Schaefli_Transporte_Viktor_01-819x1024.jpg 819w, https:\/\/schaefli.ch\/wp-content\/uploads\/2020\/09\/Schaefli_Transporte_Viktor_01-768x960.jpg 768w, https:\/\/schaefli.ch\/wp-content\/uploads\/2020\/09\/Schaefli_Transporte_Viktor_01-1229x1536.jpg 1229w, https:\/\/schaefli.ch\/wp-content\/uploads\/2020\/09\/Schaefli_Transporte_Viktor_01-1638x2048.jpg 1638w\" sizes=\"(max-width: 1792px) 100vw, 1792px\" \/><\/a><\/figure><div class=\"elementor-image-box-content\"><h3 class=\"elementor-image-box-title\"><a href=\"mailto:v.huembeli@schaefli.ch\">Viktor <br>H\u00fcmbeli<\/a><\/h3><p class=\"elementor-image-box-description\"><b>Managing director and member of the board of directors<\/b>\n\nv.huembeli@schaefli.ch\n\n<\/p><\/div><\/div>\t\t\t\t<\/div>\n\t\t\t\t<\/div>\n\t\t\t\t\t<\/div>\n\t\t<\/div>\n\t\t\t\t<div class=\"elementor-column elementor-col-25 elementor-inner-column elementor-element elementor-element-5c771cf\" data-id=\"5c771cf\" data-element_type=\"column\" data-e-type=\"column\">\n\t\t\t<div class=\"elementor-widget-wrap elementor-element-populated\">\n\t\t\t\t\t\t<div class=\"elementor-element elementor-element-91b8fbd elementor-position-top elementor-widget elementor-widget-image-box\" data-id=\"91b8fbd\" data-element_type=\"widget\" data-e-type=\"widget\" data-widget_type=\"image-box.default\">\n\t\t\t\t<div class=\"elementor-widget-container\">\n\t\t\t\t\t<div class=\"elementor-image-box-wrapper\"><figure class=\"elementor-image-box-img\"><a href=\"mailto:d.huembeli@schaefli.ch\" tabindex=\"-1\"><img loading=\"lazy\" decoding=\"async\" width=\"1792\" height=\"2240\" src=\"https:\/\/schaefli.ch\/wp-content\/uploads\/2020\/09\/Schaefli_Transporte_David_01.jpg\" class=\"elementor-animation-grow attachment-full size-full wp-image-1696\" alt=\"\" srcset=\"https:\/\/schaefli.ch\/wp-content\/uploads\/2020\/09\/Schaefli_Transporte_David_01.jpg 1792w, https:\/\/schaefli.ch\/wp-content\/uploads\/2020\/09\/Schaefli_Transporte_David_01-240x300.jpg 240w, https:\/\/schaefli.ch\/wp-content\/uploads\/2020\/09\/Schaefli_Transporte_David_01-819x1024.jpg 819w, https:\/\/schaefli.ch\/wp-content\/uploads\/2020\/09\/Schaefli_Transporte_David_01-768x960.jpg 768w, https:\/\/schaefli.ch\/wp-content\/uploads\/2020\/09\/Schaefli_Transporte_David_01-1229x1536.jpg 1229w, https:\/\/schaefli.ch\/wp-content\/uploads\/2020\/09\/Schaefli_Transporte_David_01-1638x2048.jpg 1638w\" sizes=\"(max-width: 1792px) 100vw, 1792px\" \/><\/a><\/figure><div class=\"elementor-image-box-content\"><h3 class=\"elementor-image-box-title\"><a href=\"mailto:d.huembeli@schaefli.ch\">David <br>H\u00fcmbeli<\/a><\/h3><p class=\"elementor-image-box-description\"><b>Workshop manager and member of the board of directors<\/b>\n\n d.huembeli@schaefli.ch <br>\n<a target=\"_blank\" href=\"https:\/\/www.schaefli-garage.ch\">www.schaefli-garage.ch\n<\/a>\n<\/p><\/div><\/div>\t\t\t\t<\/div>\n\t\t\t\t<\/div>\n\t\t\t\t\t<\/div>\n\t\t<\/div>\n\t\t\t\t\t<\/div>\n\t\t<\/section>\n\t\t\t\t<section class=\"elementor-section elementor-inner-section elementor-element elementor-element-7c01189 elementor-section-boxed elementor-section-height-default elementor-section-height-default\" data-id=\"7c01189\" data-element_type=\"section\" data-e-type=\"section\">\n\t\t\t\t\t\t<div class=\"elementor-container elementor-column-gap-default\">\n\t\t\t\t\t<div class=\"elementor-column elementor-col-25 elementor-inner-column elementor-element elementor-element-e0821fe\" data-id=\"e0821fe\" data-element_type=\"column\" data-e-type=\"column\">\n\t\t\t<div class=\"elementor-widget-wrap elementor-element-populated\">\n\t\t\t\t\t\t<div class=\"elementor-element elementor-element-5725a69 elementor-position-top elementor-widget elementor-widget-image-box\" data-id=\"5725a69\" data-element_type=\"widget\" data-e-type=\"widget\" data-widget_type=\"image-box.default\">\n\t\t\t\t<div class=\"elementor-widget-container\">\n\t\t\t\t\t<div class=\"elementor-image-box-wrapper\"><figure class=\"elementor-image-box-img\"><a href=\"mailto:n.bodinoli@schaefli.ch\" tabindex=\"-1\"><img loading=\"lazy\" decoding=\"async\" width=\"1792\" height=\"2240\" src=\"https:\/\/schaefli.ch\/wp-content\/uploads\/2020\/09\/Schaefli_Transporte_Nadja_01.jpg\" class=\"elementor-animation-grow attachment-full size-full wp-image-1697\" alt=\"\" srcset=\"https:\/\/schaefli.ch\/wp-content\/uploads\/2020\/09\/Schaefli_Transporte_Nadja_01.jpg 1792w, https:\/\/schaefli.ch\/wp-content\/uploads\/2020\/09\/Schaefli_Transporte_Nadja_01-240x300.jpg 240w, https:\/\/schaefli.ch\/wp-content\/uploads\/2020\/09\/Schaefli_Transporte_Nadja_01-819x1024.jpg 819w, https:\/\/schaefli.ch\/wp-content\/uploads\/2020\/09\/Schaefli_Transporte_Nadja_01-768x960.jpg 768w, https:\/\/schaefli.ch\/wp-content\/uploads\/2020\/09\/Schaefli_Transporte_Nadja_01-1229x1536.jpg 1229w, https:\/\/schaefli.ch\/wp-content\/uploads\/2020\/09\/Schaefli_Transporte_Nadja_01-1638x2048.jpg 1638w\" sizes=\"(max-width: 1792px) 100vw, 1792px\" \/><\/a><\/figure><div class=\"elementor-image-box-content\"><h3 class=\"elementor-image-box-title\"><a href=\"mailto:n.bodinoli@schaefli.ch\">Nadja <br>Bodinoli<\/a><\/h3><p class=\"elementor-image-box-description\"><b> Personalverantwortliche, Umzugskoordinatorin und Prokuristin<\/b>\n\nn.bodinoli@schaefli.ch\n\n<\/p><\/div><\/div>\t\t\t\t<\/div>\n\t\t\t\t<\/div>\n\t\t\t\t\t<\/div>\n\t\t<\/div>\n\t\t\t\t<div class=\"elementor-column elementor-col-25 elementor-inner-column elementor-element elementor-element-6d24101\" data-id=\"6d24101\" data-element_type=\"column\" data-e-type=\"column\">\n\t\t\t<div class=\"elementor-widget-wrap elementor-element-populated\">\n\t\t\t\t\t\t<div class=\"elementor-element elementor-element-80863e3 elementor-position-top elementor-widget elementor-widget-image-box\" data-id=\"80863e3\" data-element_type=\"widget\" data-e-type=\"widget\" data-widget_type=\"image-box.default\">\n\t\t\t\t<div class=\"elementor-widget-container\">\n\t\t\t\t\t<div class=\"elementor-image-box-wrapper\"><figure class=\"elementor-image-box-img\"><a href=\"mailto:f.schlunke@schaefli.ch\" tabindex=\"-1\"><img loading=\"lazy\" decoding=\"async\" width=\"808\" height=\"1000\" src=\"https:\/\/schaefli.ch\/wp-content\/uploads\/2024\/07\/Schaefli_Transporte_Fabian-Schlunke.png\" class=\"elementor-animation-grow attachment-full size-full wp-image-3146\" alt=\"\" srcset=\"https:\/\/schaefli.ch\/wp-content\/uploads\/2024\/07\/Schaefli_Transporte_Fabian-Schlunke.png 808w, https:\/\/schaefli.ch\/wp-content\/uploads\/2024\/07\/Schaefli_Transporte_Fabian-Schlunke-242x300.png 242w, https:\/\/schaefli.ch\/wp-content\/uploads\/2024\/07\/Schaefli_Transporte_Fabian-Schlunke-768x950.png 768w, https:\/\/schaefli.ch\/wp-content\/uploads\/2024\/07\/Schaefli_Transporte_Fabian-Schlunke-10x12.png 10w\" sizes=\"(max-width: 808px) 100vw, 808px\" \/><\/a><\/figure><div class=\"elementor-image-box-content\"><h3 class=\"elementor-image-box-title\"><a href=\"mailto:f.schlunke@schaefli.ch\">Fabian <br>Schlunke<\/a><\/h3><p class=\"elementor-image-box-description\"><b> Umzugskoordinator, Sachbearbeiter und Disponent <\/b>\n\nf.schlunke@schaefli.ch<\/p><\/div><\/div>\t\t\t\t<\/div>\n\t\t\t\t<\/div>\n\t\t\t\t\t<\/div>\n\t\t<\/div>\n\t\t\t\t<div class=\"elementor-column elementor-col-25 elementor-inner-column elementor-element elementor-element-c3ad9c1\" data-id=\"c3ad9c1\" data-element_type=\"column\" data-e-type=\"column\">\n\t\t\t<div class=\"elementor-widget-wrap elementor-element-populated\">\n\t\t\t\t\t\t<div class=\"elementor-element elementor-element-a1e8377 elementor-position-top elementor-widget elementor-widget-image-box\" data-id=\"a1e8377\" data-element_type=\"widget\" data-e-type=\"widget\" data-widget_type=\"image-box.default\">\n\t\t\t\t<div class=\"elementor-widget-container\">\n\t\t\t\t\t<div class=\"elementor-image-box-wrapper\"><figure class=\"elementor-image-box-img\"><a href=\"mailto:d.cirillo@schaefli.ch\" tabindex=\"-1\"><img loading=\"lazy\" decoding=\"async\" width=\"1600\" height=\"2000\" src=\"https:\/\/schaefli.ch\/wp-content\/uploads\/2022\/09\/Depositphotos_190483894_L.png\" class=\"elementor-animation-grow attachment-full size-full wp-image-2729\" alt=\"\" srcset=\"https:\/\/schaefli.ch\/wp-content\/uploads\/2022\/09\/Depositphotos_190483894_L.png 1600w, https:\/\/schaefli.ch\/wp-content\/uploads\/2022\/09\/Depositphotos_190483894_L-240x300.png 240w, https:\/\/schaefli.ch\/wp-content\/uploads\/2022\/09\/Depositphotos_190483894_L-819x1024.png 819w, https:\/\/schaefli.ch\/wp-content\/uploads\/2022\/09\/Depositphotos_190483894_L-768x960.png 768w, https:\/\/schaefli.ch\/wp-content\/uploads\/2022\/09\/Depositphotos_190483894_L-1229x1536.png 1229w, https:\/\/schaefli.ch\/wp-content\/uploads\/2022\/09\/Depositphotos_190483894_L-10x12.png 10w\" sizes=\"(max-width: 1600px) 100vw, 1600px\" \/><\/a><\/figure><div class=\"elementor-image-box-content\"><h3 class=\"elementor-image-box-title\"><a href=\"mailto:d.cirillo@schaefli.ch\">David <br> Cirillo<\/a><\/h3><p class=\"elementor-image-box-description\"><b>Umzugskoordinator \/ Sachbearbeiter<\/b>\n\nd.cirillo@schaefli.ch\n<\/p><\/div><\/div>\t\t\t\t<\/div>\n\t\t\t\t<\/div>\n\t\t\t\t\t<\/div>\n\t\t<\/div>\n\t\t\t\t<div class=\"elementor-column elementor-col-25 elementor-inner-column elementor-element elementor-element-eb7a7f8\" data-id=\"eb7a7f8\" data-element_type=\"column\" data-e-type=\"column\">\n\t\t\t<div class=\"elementor-widget-wrap elementor-element-populated\">\n\t\t\t\t\t\t<div class=\"elementor-element elementor-element-854e840 elementor-position-top elementor-widget elementor-widget-image-box\" data-id=\"854e840\" data-element_type=\"widget\" data-e-type=\"widget\" data-widget_type=\"image-box.default\">\n\t\t\t\t<div class=\"elementor-widget-container\">\n\t\t\t\t\t<div class=\"elementor-image-box-wrapper\"><figure class=\"elementor-image-box-img\"><a href=\"mailto:m.pohl@schaefli.ch\" tabindex=\"-1\"><img loading=\"lazy\" decoding=\"async\" width=\"1792\" height=\"2240\" src=\"https:\/\/schaefli.ch\/wp-content\/uploads\/2020\/09\/Schaefli_Transporte_Michele_01.jpg\" class=\"elementor-animation-grow attachment-full size-full wp-image-1711\" alt=\"\" srcset=\"https:\/\/schaefli.ch\/wp-content\/uploads\/2020\/09\/Schaefli_Transporte_Michele_01.jpg 1792w, https:\/\/schaefli.ch\/wp-content\/uploads\/2020\/09\/Schaefli_Transporte_Michele_01-240x300.jpg 240w, https:\/\/schaefli.ch\/wp-content\/uploads\/2020\/09\/Schaefli_Transporte_Michele_01-819x1024.jpg 819w, https:\/\/schaefli.ch\/wp-content\/uploads\/2020\/09\/Schaefli_Transporte_Michele_01-768x960.jpg 768w, https:\/\/schaefli.ch\/wp-content\/uploads\/2020\/09\/Schaefli_Transporte_Michele_01-1229x1536.jpg 1229w, https:\/\/schaefli.ch\/wp-content\/uploads\/2020\/09\/Schaefli_Transporte_Michele_01-1638x2048.jpg 1638w\" sizes=\"(max-width: 1792px) 100vw, 1792px\" \/><\/a><\/figure><div class=\"elementor-image-box-content\"><h3 class=\"elementor-image-box-title\"><a href=\"mailto:m.pohl@schaefli.ch\">Mich\u00e8le<br> Pohl<\/a><\/h3><p class=\"elementor-image-box-description\"><b>Kaufm\u00e4nnische Sachbearbeiterin Finanzbuchhaltung<\/b>\n\n m.pohl@schaefli.ch\n<\/p><\/div><\/div>\t\t\t\t<\/div>\n\t\t\t\t<\/div>\n\t\t\t\t\t<\/div>\n\t\t<\/div>\n\t\t\t\t\t<\/div>\n\t\t<\/section>\n\t\t\t\t<section class=\"elementor-section elementor-inner-section elementor-element elementor-element-b469d21 elementor-section-boxed elementor-section-height-default elementor-section-height-default\" data-id=\"b469d21\" data-element_type=\"section\" data-e-type=\"section\">\n\t\t\t\t\t\t<div class=\"elementor-container elementor-column-gap-default\">\n\t\t\t\t\t<div class=\"elementor-column elementor-col-25 elementor-inner-column elementor-element elementor-element-42b759b\" data-id=\"42b759b\" data-element_type=\"column\" data-e-type=\"column\">\n\t\t\t<div class=\"elementor-widget-wrap elementor-element-populated\">\n\t\t\t\t\t\t<div class=\"elementor-element elementor-element-9cf01a5 elementor-position-top elementor-widget elementor-widget-image-box\" data-id=\"9cf01a5\" data-element_type=\"widget\" data-e-type=\"widget\" data-widget_type=\"image-box.default\">\n\t\t\t\t<div class=\"elementor-widget-container\">\n\t\t\t\t\t<div class=\"elementor-image-box-wrapper\"><figure class=\"elementor-image-box-img\"><a href=\"mailto:l.dealmeida@schaefli.ch\" tabindex=\"-1\"><img loading=\"lazy\" decoding=\"async\" width=\"1600\" height=\"2000\" src=\"https:\/\/schaefli.ch\/wp-content\/uploads\/2022\/09\/Depositphotos_190483894_L.png\" class=\"elementor-animation-grow attachment-full size-full wp-image-2729\" alt=\"\" srcset=\"https:\/\/schaefli.ch\/wp-content\/uploads\/2022\/09\/Depositphotos_190483894_L.png 1600w, https:\/\/schaefli.ch\/wp-content\/uploads\/2022\/09\/Depositphotos_190483894_L-240x300.png 240w, https:\/\/schaefli.ch\/wp-content\/uploads\/2022\/09\/Depositphotos_190483894_L-819x1024.png 819w, https:\/\/schaefli.ch\/wp-content\/uploads\/2022\/09\/Depositphotos_190483894_L-768x960.png 768w, https:\/\/schaefli.ch\/wp-content\/uploads\/2022\/09\/Depositphotos_190483894_L-1229x1536.png 1229w, https:\/\/schaefli.ch\/wp-content\/uploads\/2022\/09\/Depositphotos_190483894_L-10x12.png 10w\" sizes=\"(max-width: 1600px) 100vw, 1600px\" \/><\/a><\/figure><div class=\"elementor-image-box-content\"><h3 class=\"elementor-image-box-title\"><a href=\"mailto:l.dealmeida@schaefli.ch\">Levin <br>De Almeida<\/a><\/h3><p class=\"elementor-image-box-description\"><b>Lernender Kaufmann EFZ<br> 2. Lehrjahr<\/b>\n\nl.dealmeida@schaefli.ch\n<\/p><\/div><\/div>\t\t\t\t<\/div>\n\t\t\t\t<\/div>\n\t\t\t\t\t<\/div>\n\t\t<\/div>\n\t\t\t\t<div class=\"elementor-column elementor-col-25 elementor-inner-column elementor-element elementor-element-bb3997b\" data-id=\"bb3997b\" data-element_type=\"column\" data-e-type=\"column\">\n\t\t\t<div class=\"elementor-widget-wrap elementor-element-populated\">\n\t\t\t\t\t\t<div class=\"elementor-element elementor-element-984ea2d elementor-position-top elementor-widget elementor-widget-image-box\" data-id=\"984ea2d\" data-element_type=\"widget\" data-e-type=\"widget\" data-widget_type=\"image-box.default\">\n\t\t\t\t<div class=\"elementor-widget-container\">\n\t\t\t\t\t<div class=\"elementor-image-box-wrapper\"><figure class=\"elementor-image-box-img\"><a href=\"mailto:j.scheuermann@schaefli.ch\" tabindex=\"-1\"><img loading=\"lazy\" decoding=\"async\" width=\"1600\" height=\"2000\" src=\"https:\/\/schaefli.ch\/wp-content\/uploads\/2022\/09\/Depositphotos_190483894_L.png\" class=\"elementor-animation-grow attachment-full size-full wp-image-2729\" alt=\"\" srcset=\"https:\/\/schaefli.ch\/wp-content\/uploads\/2022\/09\/Depositphotos_190483894_L.png 1600w, https:\/\/schaefli.ch\/wp-content\/uploads\/2022\/09\/Depositphotos_190483894_L-240x300.png 240w, https:\/\/schaefli.ch\/wp-content\/uploads\/2022\/09\/Depositphotos_190483894_L-819x1024.png 819w, https:\/\/schaefli.ch\/wp-content\/uploads\/2022\/09\/Depositphotos_190483894_L-768x960.png 768w, https:\/\/schaefli.ch\/wp-content\/uploads\/2022\/09\/Depositphotos_190483894_L-1229x1536.png 1229w, https:\/\/schaefli.ch\/wp-content\/uploads\/2022\/09\/Depositphotos_190483894_L-10x12.png 10w\" sizes=\"(max-width: 1600px) 100vw, 1600px\" \/><\/a><\/figure><div class=\"elementor-image-box-content\"><h3 class=\"elementor-image-box-title\"><a href=\"mailto:j.scheuermann@schaefli.ch\">Jacy <br>Scheuermann<\/a><\/h3><p class=\"elementor-image-box-description\"><b>Lernender Kaufmann EFZ<br> Vorlehre<\/b>\n\n j.scheuermann@schaefli.ch\n<\/p><\/div><\/div>\t\t\t\t<\/div>\n\t\t\t\t<\/div>\n\t\t\t\t\t<\/div>\n\t\t<\/div>\n\t\t\t\t<div class=\"elementor-column elementor-col-25 elementor-inner-column elementor-element elementor-element-6a7ffa9\" data-id=\"6a7ffa9\" data-element_type=\"column\" data-e-type=\"column\">\n\t\t\t<div class=\"elementor-widget-wrap elementor-element-populated\">\n\t\t\t\t\t\t<div class=\"elementor-element elementor-element-4f1aabd elementor-position-top elementor-widget elementor-widget-image-box\" data-id=\"4f1aabd\" data-element_type=\"widget\" data-e-type=\"widget\" data-widget_type=\"image-box.default\">\n\t\t\t\t<div class=\"elementor-widget-container\">\n\t\t\t\t\t<div class=\"elementor-image-box-wrapper\"><figure class=\"elementor-image-box-img\"><img loading=\"lazy\" decoding=\"async\" width=\"1600\" height=\"2000\" src=\"https:\/\/schaefli.ch\/wp-content\/uploads\/2022\/09\/Depositphotos_190483894_L.png\" class=\"elementor-animation-grow attachment-full size-full wp-image-2729\" alt=\"\" srcset=\"https:\/\/schaefli.ch\/wp-content\/uploads\/2022\/09\/Depositphotos_190483894_L.png 1600w, https:\/\/schaefli.ch\/wp-content\/uploads\/2022\/09\/Depositphotos_190483894_L-240x300.png 240w, https:\/\/schaefli.ch\/wp-content\/uploads\/2022\/09\/Depositphotos_190483894_L-819x1024.png 819w, https:\/\/schaefli.ch\/wp-content\/uploads\/2022\/09\/Depositphotos_190483894_L-768x960.png 768w, https:\/\/schaefli.ch\/wp-content\/uploads\/2022\/09\/Depositphotos_190483894_L-1229x1536.png 1229w, https:\/\/schaefli.ch\/wp-content\/uploads\/2022\/09\/Depositphotos_190483894_L-10x12.png 10w\" sizes=\"(max-width: 1600px) 100vw, 1600px\" \/><\/figure><div class=\"elementor-image-box-content\"><h3 class=\"elementor-image-box-title\">Daniel<br> Dinow<\/h3><p class=\"elementor-image-box-description\"><b>Umzugsfachmann &amp; Chauffeur CE\n<\/b>\n\n<\/p><\/div><\/div>\t\t\t\t<\/div>\n\t\t\t\t<\/div>\n\t\t\t\t\t<\/div>\n\t\t<\/div>\n\t\t\t\t<div class=\"elementor-column elementor-col-25 elementor-inner-column elementor-element elementor-element-5b84f22\" data-id=\"5b84f22\" data-element_type=\"column\" data-e-type=\"column\">\n\t\t\t<div class=\"elementor-widget-wrap elementor-element-populated\">\n\t\t\t\t\t\t<div class=\"elementor-element elementor-element-c9e7e92 elementor-position-top elementor-widget elementor-widget-image-box\" data-id=\"c9e7e92\" data-element_type=\"widget\" data-e-type=\"widget\" data-widget_type=\"image-box.default\">\n\t\t\t\t<div class=\"elementor-widget-container\">\n\t\t\t\t\t<div class=\"elementor-image-box-wrapper\"><figure class=\"elementor-image-box-img\"><img loading=\"lazy\" decoding=\"async\" width=\"1792\" height=\"2239\" src=\"https:\/\/schaefli.ch\/wp-content\/uploads\/2020\/09\/Schaefli_Transporte_Manuel_01.jpg\" class=\"elementor-animation-grow attachment-full size-full wp-image-1699\" alt=\"\" srcset=\"https:\/\/schaefli.ch\/wp-content\/uploads\/2020\/09\/Schaefli_Transporte_Manuel_01.jpg 1792w, https:\/\/schaefli.ch\/wp-content\/uploads\/2020\/09\/Schaefli_Transporte_Manuel_01-240x300.jpg 240w, https:\/\/schaefli.ch\/wp-content\/uploads\/2020\/09\/Schaefli_Transporte_Manuel_01-820x1024.jpg 820w, https:\/\/schaefli.ch\/wp-content\/uploads\/2020\/09\/Schaefli_Transporte_Manuel_01-768x960.jpg 768w, https:\/\/schaefli.ch\/wp-content\/uploads\/2020\/09\/Schaefli_Transporte_Manuel_01-1229x1536.jpg 1229w, https:\/\/schaefli.ch\/wp-content\/uploads\/2020\/09\/Schaefli_Transporte_Manuel_01-1639x2048.jpg 1639w\" sizes=\"(max-width: 1792px) 100vw, 1792px\" \/><\/figure><div class=\"elementor-image-box-content\"><h3 class=\"elementor-image-box-title\">Manuel <br>Fischer<\/h3><p class=\"elementor-image-box-description\"><b>Umzugsfachmann &amp; Chauffeur CE\n<\/b>\n\n<\/p><\/div><\/div>\t\t\t\t<\/div>\n\t\t\t\t<\/div>\n\t\t\t\t\t<\/div>\n\t\t<\/div>\n\t\t\t\t\t<\/div>\n\t\t<\/section>\n\t\t\t\t<section class=\"elementor-section elementor-inner-section elementor-element elementor-element-87b89c8 elementor-section-boxed elementor-section-height-default elementor-section-height-default\" data-id=\"87b89c8\" data-element_type=\"section\" data-e-type=\"section\">\n\t\t\t\t\t\t<div class=\"elementor-container elementor-column-gap-default\">\n\t\t\t\t\t<div class=\"elementor-column elementor-col-25 elementor-inner-column elementor-element elementor-element-f6d109c\" data-id=\"f6d109c\" data-element_type=\"column\" data-e-type=\"column\">\n\t\t\t<div class=\"elementor-widget-wrap elementor-element-populated\">\n\t\t\t\t\t\t<div class=\"elementor-element elementor-element-c2927f6 elementor-position-top elementor-widget elementor-widget-image-box\" data-id=\"c2927f6\" data-element_type=\"widget\" data-e-type=\"widget\" data-widget_type=\"image-box.default\">\n\t\t\t\t<div class=\"elementor-widget-container\">\n\t\t\t\t\t<div class=\"elementor-image-box-wrapper\"><figure class=\"elementor-image-box-img\"><img loading=\"lazy\" decoding=\"async\" width=\"664\" height=\"830\" src=\"https:\/\/schaefli.ch\/wp-content\/uploads\/2023\/08\/Schaefli-Transporte_Andreas-Hinterstein.webp\" class=\"elementor-animation-grow attachment-full size-full wp-image-2969\" alt=\"\" srcset=\"https:\/\/schaefli.ch\/wp-content\/uploads\/2023\/08\/Schaefli-Transporte_Andreas-Hinterstein.webp 664w, https:\/\/schaefli.ch\/wp-content\/uploads\/2023\/08\/Schaefli-Transporte_Andreas-Hinterstein-240x300.webp 240w, https:\/\/schaefli.ch\/wp-content\/uploads\/2023\/08\/Schaefli-Transporte_Andreas-Hinterstein-10x12.webp 10w\" sizes=\"(max-width: 664px) 100vw, 664px\" \/><\/figure><div class=\"elementor-image-box-content\"><h3 class=\"elementor-image-box-title\">Andreas <br>Hinterstein<\/h3><p class=\"elementor-image-box-description\"><b>Umzugsfachmann &amp; Chauffeur CE\n<\/b>\n\n<\/p><\/div><\/div>\t\t\t\t<\/div>\n\t\t\t\t<\/div>\n\t\t\t\t\t<\/div>\n\t\t<\/div>\n\t\t\t\t<div class=\"elementor-column elementor-col-25 elementor-inner-column elementor-element elementor-element-0afcc29\" data-id=\"0afcc29\" data-element_type=\"column\" data-e-type=\"column\">\n\t\t\t<div class=\"elementor-widget-wrap elementor-element-populated\">\n\t\t\t\t\t\t<div class=\"elementor-element elementor-element-3416314 elementor-position-top elementor-widget elementor-widget-image-box\" data-id=\"3416314\" data-element_type=\"widget\" data-e-type=\"widget\" data-widget_type=\"image-box.default\">\n\t\t\t\t<div class=\"elementor-widget-container\">\n\t\t\t\t\t<div class=\"elementor-image-box-wrapper\"><figure class=\"elementor-image-box-img\"><img loading=\"lazy\" decoding=\"async\" width=\"1600\" height=\"2000\" src=\"https:\/\/schaefli.ch\/wp-content\/uploads\/2022\/09\/Depositphotos_190483894_L.png\" class=\"elementor-animation-grow attachment-full size-full wp-image-2729\" alt=\"\" srcset=\"https:\/\/schaefli.ch\/wp-content\/uploads\/2022\/09\/Depositphotos_190483894_L.png 1600w, https:\/\/schaefli.ch\/wp-content\/uploads\/2022\/09\/Depositphotos_190483894_L-240x300.png 240w, https:\/\/schaefli.ch\/wp-content\/uploads\/2022\/09\/Depositphotos_190483894_L-819x1024.png 819w, https:\/\/schaefli.ch\/wp-content\/uploads\/2022\/09\/Depositphotos_190483894_L-768x960.png 768w, https:\/\/schaefli.ch\/wp-content\/uploads\/2022\/09\/Depositphotos_190483894_L-1229x1536.png 1229w, https:\/\/schaefli.ch\/wp-content\/uploads\/2022\/09\/Depositphotos_190483894_L-10x12.png 10w\" sizes=\"(max-width: 1600px) 100vw, 1600px\" \/><\/figure><div class=\"elementor-image-box-content\"><h3 class=\"elementor-image-box-title\">Lorin <br>Marti<\/h3><p class=\"elementor-image-box-description\"><b> Umzugsfachmann &amp; Chauffeur C1E\n<\/b>\n\n\n\n<\/p><\/div><\/div>\t\t\t\t<\/div>\n\t\t\t\t<\/div>\n\t\t\t\t\t<\/div>\n\t\t<\/div>\n\t\t\t\t<div class=\"elementor-column elementor-col-25 elementor-inner-column elementor-element elementor-element-77cabea\" data-id=\"77cabea\" data-element_type=\"column\" data-e-type=\"column\">\n\t\t\t<div class=\"elementor-widget-wrap elementor-element-populated\">\n\t\t\t\t\t\t<div class=\"elementor-element elementor-element-2a207c2 elementor-position-top elementor-widget elementor-widget-image-box\" data-id=\"2a207c2\" data-element_type=\"widget\" data-e-type=\"widget\" data-widget_type=\"image-box.default\">\n\t\t\t\t<div class=\"elementor-widget-container\">\n\t\t\t\t\t<div class=\"elementor-image-box-wrapper\"><figure class=\"elementor-image-box-img\"><img loading=\"lazy\" decoding=\"async\" width=\"1792\" height=\"2241\" src=\"https:\/\/schaefli.ch\/wp-content\/uploads\/2020\/09\/Schaefli_Transporte_Rafael_01.jpg\" class=\"elementor-animation-grow attachment-full size-full wp-image-1738\" alt=\"\" srcset=\"https:\/\/schaefli.ch\/wp-content\/uploads\/2020\/09\/Schaefli_Transporte_Rafael_01.jpg 1792w, https:\/\/schaefli.ch\/wp-content\/uploads\/2020\/09\/Schaefli_Transporte_Rafael_01-240x300.jpg 240w, https:\/\/schaefli.ch\/wp-content\/uploads\/2020\/09\/Schaefli_Transporte_Rafael_01-819x1024.jpg 819w, https:\/\/schaefli.ch\/wp-content\/uploads\/2020\/09\/Schaefli_Transporte_Rafael_01-768x960.jpg 768w, https:\/\/schaefli.ch\/wp-content\/uploads\/2020\/09\/Schaefli_Transporte_Rafael_01-1228x1536.jpg 1228w, https:\/\/schaefli.ch\/wp-content\/uploads\/2020\/09\/Schaefli_Transporte_Rafael_01-1638x2048.jpg 1638w\" sizes=\"(max-width: 1792px) 100vw, 1792px\" \/><\/figure><div class=\"elementor-image-box-content\"><h3 class=\"elementor-image-box-title\">Rafael <br>Ramos<\/h3><p class=\"elementor-image-box-description\"><b>Umzugsfachmann &amp; Chauffeur CE\n<\/b>\n\n\n\n<\/p><\/div><\/div>\t\t\t\t<\/div>\n\t\t\t\t<\/div>\n\t\t\t\t\t<\/div>\n\t\t<\/div>\n\t\t\t\t<div class=\"elementor-column elementor-col-25 elementor-inner-column elementor-element elementor-element-9074e8a\" data-id=\"9074e8a\" data-element_type=\"column\" data-e-type=\"column\">\n\t\t\t<div class=\"elementor-widget-wrap elementor-element-populated\">\n\t\t\t\t\t\t<div class=\"elementor-element elementor-element-dcf6d79 elementor-position-top elementor-widget elementor-widget-image-box\" data-id=\"dcf6d79\" data-element_type=\"widget\" data-e-type=\"widget\" data-widget_type=\"image-box.default\">\n\t\t\t\t<div class=\"elementor-widget-container\">\n\t\t\t\t\t<div class=\"elementor-image-box-wrapper\"><figure class=\"elementor-image-box-img\"><img loading=\"lazy\" decoding=\"async\" width=\"1792\" height=\"2240\" src=\"https:\/\/schaefli.ch\/wp-content\/uploads\/2024\/06\/Schaefli_Transporte_Rashid-Saber.webp\" class=\"elementor-animation-grow attachment-full size-full wp-image-3137\" alt=\"\" srcset=\"https:\/\/schaefli.ch\/wp-content\/uploads\/2024\/06\/Schaefli_Transporte_Rashid-Saber.webp 1792w, https:\/\/schaefli.ch\/wp-content\/uploads\/2024\/06\/Schaefli_Transporte_Rashid-Saber-240x300.webp 240w, https:\/\/schaefli.ch\/wp-content\/uploads\/2024\/06\/Schaefli_Transporte_Rashid-Saber-819x1024.webp 819w, https:\/\/schaefli.ch\/wp-content\/uploads\/2024\/06\/Schaefli_Transporte_Rashid-Saber-768x960.webp 768w, https:\/\/schaefli.ch\/wp-content\/uploads\/2024\/06\/Schaefli_Transporte_Rashid-Saber-1229x1536.webp 1229w, https:\/\/schaefli.ch\/wp-content\/uploads\/2024\/06\/Schaefli_Transporte_Rashid-Saber-1638x2048.webp 1638w, https:\/\/schaefli.ch\/wp-content\/uploads\/2024\/06\/Schaefli_Transporte_Rashid-Saber-10x12.webp 10w\" sizes=\"(max-width: 1792px) 100vw, 1792px\" \/><\/figure><div class=\"elementor-image-box-content\"><h3 class=\"elementor-image-box-title\">Saber <br> Rashid<\/h3><p class=\"elementor-image-box-description\"><b>Umzugsfachmann &amp; Chauffeur B\n<\/b>\n\n\n<\/p><\/div><\/div>\t\t\t\t<\/div>\n\t\t\t\t<\/div>\n\t\t\t\t\t<\/div>\n\t\t<\/div>\n\t\t\t\t\t<\/div>\n\t\t<\/section>\n\t\t\t\t<section class=\"elementor-section elementor-inner-section elementor-element elementor-element-60b2d7c elementor-section-boxed elementor-section-height-default elementor-section-height-default\" data-id=\"60b2d7c\" data-element_type=\"section\" data-e-type=\"section\">\n\t\t\t\t\t\t<div class=\"elementor-container elementor-column-gap-default\">\n\t\t\t\t\t<div class=\"elementor-column elementor-col-25 elementor-inner-column elementor-element elementor-element-017290b\" data-id=\"017290b\" data-element_type=\"column\" data-e-type=\"column\">\n\t\t\t<div class=\"elementor-widget-wrap elementor-element-populated\">\n\t\t\t\t\t\t<div class=\"elementor-element elementor-element-6cc9739 elementor-position-top elementor-widget elementor-widget-image-box\" data-id=\"6cc9739\" data-element_type=\"widget\" data-e-type=\"widget\" data-widget_type=\"image-box.default\">\n\t\t\t\t<div class=\"elementor-widget-container\">\n\t\t\t\t\t<div class=\"elementor-image-box-wrapper\"><figure class=\"elementor-image-box-img\"><img loading=\"lazy\" decoding=\"async\" width=\"800\" height=\"1000\" src=\"https:\/\/schaefli.ch\/wp-content\/uploads\/2023\/03\/Schaefli-Transporte-Ranj-Taofiq.jpg\" class=\"elementor-animation-grow attachment-full size-full wp-image-2854\" alt=\"\" srcset=\"https:\/\/schaefli.ch\/wp-content\/uploads\/2023\/03\/Schaefli-Transporte-Ranj-Taofiq.jpg 800w, https:\/\/schaefli.ch\/wp-content\/uploads\/2023\/03\/Schaefli-Transporte-Ranj-Taofiq-240x300.jpg 240w, https:\/\/schaefli.ch\/wp-content\/uploads\/2023\/03\/Schaefli-Transporte-Ranj-Taofiq-768x960.jpg 768w, https:\/\/schaefli.ch\/wp-content\/uploads\/2023\/03\/Schaefli-Transporte-Ranj-Taofiq-10x12.jpg 10w\" sizes=\"(max-width: 800px) 100vw, 800px\" \/><\/figure><div class=\"elementor-image-box-content\"><h3 class=\"elementor-image-box-title\">Ranj <br>Taofiq<\/h3><p class=\"elementor-image-box-description\"><b>Umzugsfachmann &amp; Chauffeur B\n<\/b>\n\n\n<\/p><\/div><\/div>\t\t\t\t<\/div>\n\t\t\t\t<\/div>\n\t\t\t\t\t<\/div>\n\t\t<\/div>\n\t\t\t\t<div class=\"elementor-column elementor-col-25 elementor-inner-column elementor-element elementor-element-7fa5e47\" data-id=\"7fa5e47\" data-element_type=\"column\" data-e-type=\"column\">\n\t\t\t<div class=\"elementor-widget-wrap elementor-element-populated\">\n\t\t\t\t\t\t<div class=\"elementor-element elementor-element-2f12082 elementor-position-top elementor-widget elementor-widget-image-box\" data-id=\"2f12082\" data-element_type=\"widget\" data-e-type=\"widget\" data-widget_type=\"image-box.default\">\n\t\t\t\t<div class=\"elementor-widget-container\">\n\t\t\t\t\t<div class=\"elementor-image-box-wrapper\"><figure class=\"elementor-image-box-img\"><img loading=\"lazy\" decoding=\"async\" width=\"1200\" height=\"1500\" src=\"https:\/\/schaefli.ch\/wp-content\/uploads\/2023\/03\/Schaefli-Transporte-Vincent-Weiss.png\" class=\"elementor-animation-grow attachment-full size-full wp-image-2855\" alt=\"\" srcset=\"https:\/\/schaefli.ch\/wp-content\/uploads\/2023\/03\/Schaefli-Transporte-Vincent-Weiss.png 1200w, https:\/\/schaefli.ch\/wp-content\/uploads\/2023\/03\/Schaefli-Transporte-Vincent-Weiss-240x300.png 240w, https:\/\/schaefli.ch\/wp-content\/uploads\/2023\/03\/Schaefli-Transporte-Vincent-Weiss-819x1024.png 819w, https:\/\/schaefli.ch\/wp-content\/uploads\/2023\/03\/Schaefli-Transporte-Vincent-Weiss-768x960.png 768w, https:\/\/schaefli.ch\/wp-content\/uploads\/2023\/03\/Schaefli-Transporte-Vincent-Weiss-10x12.png 10w\" sizes=\"(max-width: 1200px) 100vw, 1200px\" \/><\/figure><div class=\"elementor-image-box-content\"><h3 class=\"elementor-image-box-title\">Vincent <br>Weiss<\/h3><p class=\"elementor-image-box-description\"><b>Umzugsfachmann &amp; Chauffeur B<\/b><\/p><\/div><\/div>\t\t\t\t<\/div>\n\t\t\t\t<\/div>\n\t\t\t\t\t<\/div>\n\t\t<\/div>\n\t\t\t\t<div class=\"elementor-column elementor-col-25 elementor-inner-column elementor-element elementor-element-ee62930\" data-id=\"ee62930\" data-element_type=\"column\" data-e-type=\"column\">\n\t\t\t<div class=\"elementor-widget-wrap elementor-element-populated\">\n\t\t\t\t\t\t<div class=\"elementor-element elementor-element-062be64 elementor-position-top elementor-widget elementor-widget-image-box\" data-id=\"062be64\" data-element_type=\"widget\" data-e-type=\"widget\" data-widget_type=\"image-box.default\">\n\t\t\t\t<div class=\"elementor-widget-container\">\n\t\t\t\t\t<div class=\"elementor-image-box-wrapper\"><figure class=\"elementor-image-box-img\"><img loading=\"lazy\" decoding=\"async\" width=\"1792\" height=\"2240\" src=\"https:\/\/schaefli.ch\/wp-content\/uploads\/2020\/09\/Schaefli_Transporte_Roland_01.jpg\" class=\"elementor-animation-grow attachment-full size-full wp-image-1731\" alt=\"\" srcset=\"https:\/\/schaefli.ch\/wp-content\/uploads\/2020\/09\/Schaefli_Transporte_Roland_01.jpg 1792w, https:\/\/schaefli.ch\/wp-content\/uploads\/2020\/09\/Schaefli_Transporte_Roland_01-240x300.jpg 240w, https:\/\/schaefli.ch\/wp-content\/uploads\/2020\/09\/Schaefli_Transporte_Roland_01-819x1024.jpg 819w, https:\/\/schaefli.ch\/wp-content\/uploads\/2020\/09\/Schaefli_Transporte_Roland_01-768x960.jpg 768w, https:\/\/schaefli.ch\/wp-content\/uploads\/2020\/09\/Schaefli_Transporte_Roland_01-1229x1536.jpg 1229w, https:\/\/schaefli.ch\/wp-content\/uploads\/2020\/09\/Schaefli_Transporte_Roland_01-1638x2048.jpg 1638w\" sizes=\"(max-width: 1792px) 100vw, 1792px\" \/><\/figure><div class=\"elementor-image-box-content\"><h3 class=\"elementor-image-box-title\">Roland <br>J\u00f6rimann<\/h3><p class=\"elementor-image-box-description\"><b>Moving expert<\/b>\n\n<\/p><\/div><\/div>\t\t\t\t<\/div>\n\t\t\t\t<\/div>\n\t\t\t\t\t<\/div>\n\t\t<\/div>\n\t\t\t\t<div class=\"elementor-column elementor-col-25 elementor-inner-column elementor-element elementor-element-2e91460\" data-id=\"2e91460\" data-element_type=\"column\" data-e-type=\"column\">\n\t\t\t<div class=\"elementor-widget-wrap elementor-element-populated\">\n\t\t\t\t\t\t<div class=\"elementor-element elementor-element-56f6a58 elementor-position-top elementor-widget elementor-widget-image-box\" data-id=\"56f6a58\" data-element_type=\"widget\" data-e-type=\"widget\" data-widget_type=\"image-box.default\">\n\t\t\t\t<div class=\"elementor-widget-container\">\n\t\t\t\t\t<div class=\"elementor-image-box-wrapper\"><figure class=\"elementor-image-box-img\"><img loading=\"lazy\" decoding=\"async\" width=\"1600\" height=\"2000\" src=\"https:\/\/schaefli.ch\/wp-content\/uploads\/2022\/09\/Depositphotos_190483894_L.png\" class=\"elementor-animation-grow attachment-full size-full wp-image-2729\" alt=\"\" srcset=\"https:\/\/schaefli.ch\/wp-content\/uploads\/2022\/09\/Depositphotos_190483894_L.png 1600w, https:\/\/schaefli.ch\/wp-content\/uploads\/2022\/09\/Depositphotos_190483894_L-240x300.png 240w, https:\/\/schaefli.ch\/wp-content\/uploads\/2022\/09\/Depositphotos_190483894_L-819x1024.png 819w, https:\/\/schaefli.ch\/wp-content\/uploads\/2022\/09\/Depositphotos_190483894_L-768x960.png 768w, https:\/\/schaefli.ch\/wp-content\/uploads\/2022\/09\/Depositphotos_190483894_L-1229x1536.png 1229w, https:\/\/schaefli.ch\/wp-content\/uploads\/2022\/09\/Depositphotos_190483894_L-10x12.png 10w\" sizes=\"(max-width: 1600px) 100vw, 1600px\" \/><\/figure><div class=\"elementor-image-box-content\"><h3 class=\"elementor-image-box-title\">Disshanthan <br> Logeswaran<\/h3><p class=\"elementor-image-box-description\"><b>Moving expert\n<\/b><\/p><\/div><\/div>\t\t\t\t<\/div>\n\t\t\t\t<\/div>\n\t\t\t\t\t<\/div>\n\t\t<\/div>\n\t\t\t\t\t<\/div>\n\t\t<\/section>\n\t\t\t\t<section class=\"elementor-section elementor-inner-section elementor-element elementor-element-1bf445c elementor-section-boxed elementor-section-height-default elementor-section-height-default\" data-id=\"1bf445c\" data-element_type=\"section\" data-e-type=\"section\">\n\t\t\t\t\t\t<div class=\"elementor-container elementor-column-gap-default\">\n\t\t\t\t\t<div class=\"elementor-column elementor-col-25 elementor-inner-column elementor-element elementor-element-5f9df09\" data-id=\"5f9df09\" data-element_type=\"column\" data-e-type=\"column\">\n\t\t\t<div class=\"elementor-widget-wrap elementor-element-populated\">\n\t\t\t\t\t\t<div class=\"elementor-element elementor-element-ac2e88d elementor-position-top elementor-widget elementor-widget-image-box\" data-id=\"ac2e88d\" data-element_type=\"widget\" data-e-type=\"widget\" data-widget_type=\"image-box.default\">\n\t\t\t\t<div class=\"elementor-widget-container\">\n\t\t\t\t\t<div class=\"elementor-image-box-wrapper\"><figure class=\"elementor-image-box-img\"><img loading=\"lazy\" decoding=\"async\" width=\"1052\" height=\"1315\" src=\"https:\/\/schaefli.ch\/wp-content\/uploads\/2024\/05\/Schaefli_Transporte_Viktor-Trippel.webp\" class=\"elementor-animation-grow attachment-full size-full wp-image-3112\" alt=\"\" srcset=\"https:\/\/schaefli.ch\/wp-content\/uploads\/2024\/05\/Schaefli_Transporte_Viktor-Trippel.webp 1052w, https:\/\/schaefli.ch\/wp-content\/uploads\/2024\/05\/Schaefli_Transporte_Viktor-Trippel-240x300.webp 240w, https:\/\/schaefli.ch\/wp-content\/uploads\/2024\/05\/Schaefli_Transporte_Viktor-Trippel-819x1024.webp 819w, https:\/\/schaefli.ch\/wp-content\/uploads\/2024\/05\/Schaefli_Transporte_Viktor-Trippel-768x960.webp 768w, https:\/\/schaefli.ch\/wp-content\/uploads\/2024\/05\/Schaefli_Transporte_Viktor-Trippel-10x12.webp 10w\" sizes=\"(max-width: 1052px) 100vw, 1052px\" \/><\/figure><div class=\"elementor-image-box-content\"><h3 class=\"elementor-image-box-title\">Viktor<br> Trippel<\/h3><p class=\"elementor-image-box-description\"><b>Camperlogistik LKW-Chauffeur CE<\/b><\/p><\/div><\/div>\t\t\t\t<\/div>\n\t\t\t\t<\/div>\n\t\t\t\t\t<\/div>\n\t\t<\/div>\n\t\t\t\t<div class=\"elementor-column elementor-col-25 elementor-inner-column elementor-element elementor-element-c2c413e\" data-id=\"c2c413e\" data-element_type=\"column\" data-e-type=\"column\">\n\t\t\t<div class=\"elementor-widget-wrap elementor-element-populated\">\n\t\t\t\t\t\t<div class=\"elementor-element elementor-element-107639e elementor-position-top elementor-widget elementor-widget-image-box\" data-id=\"107639e\" data-element_type=\"widget\" data-e-type=\"widget\" data-widget_type=\"image-box.default\">\n\t\t\t\t<div class=\"elementor-widget-container\">\n\t\t\t\t\t<div class=\"elementor-image-box-wrapper\"><figure class=\"elementor-image-box-img\"><img loading=\"lazy\" decoding=\"async\" width=\"1792\" height=\"2240\" src=\"https:\/\/schaefli.ch\/wp-content\/uploads\/2020\/09\/Schaefli_Transporte_Melita_01.jpg\" class=\"elementor-animation-grow attachment-full size-full wp-image-1732\" alt=\"\" srcset=\"https:\/\/schaefli.ch\/wp-content\/uploads\/2020\/09\/Schaefli_Transporte_Melita_01.jpg 1792w, https:\/\/schaefli.ch\/wp-content\/uploads\/2020\/09\/Schaefli_Transporte_Melita_01-240x300.jpg 240w, https:\/\/schaefli.ch\/wp-content\/uploads\/2020\/09\/Schaefli_Transporte_Melita_01-819x1024.jpg 819w, https:\/\/schaefli.ch\/wp-content\/uploads\/2020\/09\/Schaefli_Transporte_Melita_01-768x960.jpg 768w, https:\/\/schaefli.ch\/wp-content\/uploads\/2020\/09\/Schaefli_Transporte_Melita_01-1229x1536.jpg 1229w, https:\/\/schaefli.ch\/wp-content\/uploads\/2020\/09\/Schaefli_Transporte_Melita_01-1638x2048.jpg 1638w\" sizes=\"(max-width: 1792px) 100vw, 1792px\" \/><\/figure><div class=\"elementor-image-box-content\"><h3 class=\"elementor-image-box-title\">Melita <br>Filipic<\/h3><p class=\"elementor-image-box-description\"><b>Cleaning staff <br>Sch\u00e4fli property<\/b><\/p><\/div><\/div>\t\t\t\t<\/div>\n\t\t\t\t<\/div>\n\t\t\t\t\t<\/div>\n\t\t<\/div>\n\t\t\t\t<div class=\"elementor-column elementor-col-25 elementor-inner-column elementor-element elementor-element-f20644c\" data-id=\"f20644c\" data-element_type=\"column\" data-e-type=\"column\">\n\t\t\t<div class=\"elementor-widget-wrap elementor-element-populated\">\n\t\t\t\t\t\t<div class=\"elementor-element elementor-element-9ab0e43 elementor-position-top elementor-widget elementor-widget-image-box\" data-id=\"9ab0e43\" data-element_type=\"widget\" data-e-type=\"widget\" data-widget_type=\"image-box.default\">\n\t\t\t\t<div class=\"elementor-widget-container\">\n\t\t\t\t\t<div class=\"elementor-image-box-wrapper\"><figure class=\"elementor-image-box-img\"><img loading=\"lazy\" decoding=\"async\" width=\"1600\" height=\"2000\" src=\"https:\/\/schaefli.ch\/wp-content\/uploads\/2022\/09\/Depositphotos_190483894_L.png\" class=\"elementor-animation-grow attachment-full size-full wp-image-2729\" alt=\"\" srcset=\"https:\/\/schaefli.ch\/wp-content\/uploads\/2022\/09\/Depositphotos_190483894_L.png 1600w, https:\/\/schaefli.ch\/wp-content\/uploads\/2022\/09\/Depositphotos_190483894_L-240x300.png 240w, https:\/\/schaefli.ch\/wp-content\/uploads\/2022\/09\/Depositphotos_190483894_L-819x1024.png 819w, https:\/\/schaefli.ch\/wp-content\/uploads\/2022\/09\/Depositphotos_190483894_L-768x960.png 768w, https:\/\/schaefli.ch\/wp-content\/uploads\/2022\/09\/Depositphotos_190483894_L-1229x1536.png 1229w, https:\/\/schaefli.ch\/wp-content\/uploads\/2022\/09\/Depositphotos_190483894_L-10x12.png 10w\" sizes=\"(max-width: 1600px) 100vw, 1600px\" \/><\/figure><div class=\"elementor-image-box-content\"><h3 class=\"elementor-image-box-title\">Imad <br>Arrouj<\/h3><p class=\"elementor-image-box-description\"><b>Car \/ Truck Mechanic<\/b><\/p><\/div><\/div>\t\t\t\t<\/div>\n\t\t\t\t<\/div>\n\t\t\t\t\t<\/div>\n\t\t<\/div>\n\t\t\t\t<div class=\"elementor-column elementor-col-25 elementor-inner-column elementor-element elementor-element-6874a8f elementor-hidden-mobile\" data-id=\"6874a8f\" data-element_type=\"column\" data-e-type=\"column\">\n\t\t\t<div class=\"elementor-widget-wrap\">\n\t\t\t\t\t\t\t<\/div>\n\t\t<\/div>\n\t\t\t\t\t<\/div>\n\t\t<\/section>\n\t\t\t\t\t<\/div>\n\t\t<\/div>\n\t\t\t\t\t<\/div>\n\t\t<\/section>\n\t\t\t\t<section class=\"elementor-section elementor-top-section elementor-element elementor-element-fb91b55 elementor-section-full_width elementor-section-height-default elementor-section-height-default\" data-id=\"fb91b55\" data-element_type=\"section\" data-e-type=\"section\">\n\t\t\t\t\t\t<div class=\"elementor-container elementor-column-gap-default\">\n\t\t\t\t\t<div class=\"elementor-column elementor-col-100 elementor-top-column elementor-element elementor-element-c5c12d3\" data-id=\"c5c12d3\" data-element_type=\"column\" data-e-type=\"column\">\n\t\t\t<div class=\"elementor-widget-wrap elementor-element-populated\">\n\t\t\t\t\t\t<div class=\"elementor-element elementor-element-b5ddf3e elementor-widget elementor-widget-menu-anchor\" data-id=\"b5ddf3e\" data-element_type=\"widget\" data-e-type=\"widget\" data-widget_type=\"menu-anchor.default\">\n\t\t\t\t<div class=\"elementor-widget-container\">\n\t\t\t\t\t\t\t<div class=\"elementor-menu-anchor\" id=\"fuhrpark\"><\/div>\n\t\t\t\t\t\t<\/div>\n\t\t\t\t<\/div>\n\t\t\t\t<div class=\"elementor-element elementor-element-41aecdf elementor-widget elementor-widget-heading\" data-id=\"41aecdf\" data-element_type=\"widget\" data-e-type=\"widget\" data-widget_type=\"heading.default\">\n\t\t\t\t<div class=\"elementor-widget-container\">\n\t\t\t\t\t<h3 class=\"elementor-heading-title elementor-size-default\">Vehicle fleet<\/h3>\t\t\t\t<\/div>\n\t\t\t\t<\/div>\n\t\t\t\t<div class=\"elementor-element elementor-element-a522efa elementor-widget elementor-widget-text-editor\" data-id=\"a522efa\" data-element_type=\"widget\" data-e-type=\"widget\" data-widget_type=\"text-editor.default\">\n\t\t\t\t<div class=\"elementor-widget-container\">\n\t\t\t\t\t\t\t\t\tThe vehicles of Sch\u00e4fli AG\t\t\t\t\t\t\t\t<\/div>\n\t\t\t\t<\/div>\n\t\t\t\t<div class=\"elementor-element elementor-element-7287cc4 gallery-spacing-custom elementor-widget elementor-widget-image-gallery\" data-id=\"7287cc4\" data-element_type=\"widget\" data-e-type=\"widget\" data-widget_type=\"image-gallery.default\">\n\t\t\t\t<div class=\"elementor-widget-container\">\n\t\t\t\t\t\t\t<div class=\"elementor-image-gallery\">\n\t\t\t<div id='gallery-1' class='gallery galleryid-161 gallery-columns-5 gallery-size-full'><figure class='gallery-item'>\n\t\t\t<div class='gallery-icon landscape'>\n\t\t\t\t<a data-elementor-open-lightbox=\"yes\" data-elementor-lightbox-slideshow=\"7287cc4\" data-e-action-hash=\"#elementor-action%3Aaction%3Dlightbox%26settings%3DeyJpZCI6MTMzMCwidXJsIjoiaHR0cHM6XC9cL3NjaGFlZmxpLmNoXC93cC1jb250ZW50XC91cGxvYWRzXC8yMDIwXC8wN1wvV0ctMTQtNy5qcGciLCJzbGlkZXNob3ciOiI3Mjg3Y2M0In0%3D\" href=\"https:\/\/schaefli.ch\/wp-content\/uploads\/2020\/07\/WG-14-7.jpg\"><img loading=\"lazy\" decoding=\"async\" width=\"2000\" height=\"1499\" src=\"https:\/\/schaefli.ch\/wp-content\/uploads\/2020\/07\/WG-14-7.jpg\" class=\"attachment-full size-full\" alt=\"\" srcset=\"https:\/\/schaefli.ch\/wp-content\/uploads\/2020\/07\/WG-14-7.jpg 2000w, https:\/\/schaefli.ch\/wp-content\/uploads\/2020\/07\/WG-14-7-300x225.jpg 300w, https:\/\/schaefli.ch\/wp-content\/uploads\/2020\/07\/WG-14-7-1024x767.jpg 1024w, https:\/\/schaefli.ch\/wp-content\/uploads\/2020\/07\/WG-14-7-768x576.jpg 768w, https:\/\/schaefli.ch\/wp-content\/uploads\/2020\/07\/WG-14-7-1536x1151.jpg 1536w\" sizes=\"(max-width: 2000px) 100vw, 2000px\" \/><\/a>\n\t\t\t<\/div><\/figure><figure class='gallery-item'>\n\t\t\t<div class='gallery-icon landscape'>\n\t\t\t\t<a data-elementor-open-lightbox=\"yes\" data-elementor-lightbox-slideshow=\"7287cc4\" data-e-action-hash=\"#elementor-action%3Aaction%3Dlightbox%26settings%3DeyJpZCI6MTMyNiwidXJsIjoiaHR0cHM6XC9cL3NjaGFlZmxpLmNoXC93cC1jb250ZW50XC91cGxvYWRzXC8yMDIwXC8wN1wvV0ctMS1XRy0xNC0xLmpwZyIsInNsaWRlc2hvdyI6IjcyODdjYzQifQ%3D%3D\" href=\"https:\/\/schaefli.ch\/wp-content\/uploads\/2020\/07\/WG-1-WG-14-1.jpg\"><img loading=\"lazy\" decoding=\"async\" width=\"2000\" height=\"1335\" src=\"https:\/\/schaefli.ch\/wp-content\/uploads\/2020\/07\/WG-1-WG-14-1.jpg\" class=\"attachment-full size-full\" alt=\"\" srcset=\"https:\/\/schaefli.ch\/wp-content\/uploads\/2020\/07\/WG-1-WG-14-1.jpg 2000w, https:\/\/schaefli.ch\/wp-content\/uploads\/2020\/07\/WG-1-WG-14-1-300x200.jpg 300w, https:\/\/schaefli.ch\/wp-content\/uploads\/2020\/07\/WG-1-WG-14-1-1024x684.jpg 1024w, https:\/\/schaefli.ch\/wp-content\/uploads\/2020\/07\/WG-1-WG-14-1-768x513.jpg 768w, https:\/\/schaefli.ch\/wp-content\/uploads\/2020\/07\/WG-1-WG-14-1-1536x1025.jpg 1536w\" sizes=\"(max-width: 2000px) 100vw, 2000px\" \/><\/a>\n\t\t\t<\/div><\/figure><figure class='gallery-item'>\n\t\t\t<div class='gallery-icon landscape'>\n\t\t\t\t<a data-elementor-open-lightbox=\"yes\" data-elementor-lightbox-slideshow=\"7287cc4\" data-e-action-hash=\"#elementor-action%3Aaction%3Dlightbox%26settings%3DeyJpZCI6MTMyOSwidXJsIjoiaHR0cHM6XC9cL3NjaGFlZmxpLmNoXC93cC1jb250ZW50XC91cGxvYWRzXC8yMDIwXC8wN1wvV0ctMTQtMS5qcGciLCJzbGlkZXNob3ciOiI3Mjg3Y2M0In0%3D\" href=\"https:\/\/schaefli.ch\/wp-content\/uploads\/2020\/07\/WG-14-1.jpg\"><img loading=\"lazy\" decoding=\"async\" width=\"2000\" height=\"1499\" src=\"https:\/\/schaefli.ch\/wp-content\/uploads\/2020\/07\/WG-14-1.jpg\" class=\"attachment-full size-full\" alt=\"\" srcset=\"https:\/\/schaefli.ch\/wp-content\/uploads\/2020\/07\/WG-14-1.jpg 2000w, https:\/\/schaefli.ch\/wp-content\/uploads\/2020\/07\/WG-14-1-300x225.jpg 300w, https:\/\/schaefli.ch\/wp-content\/uploads\/2020\/07\/WG-14-1-1024x767.jpg 1024w, https:\/\/schaefli.ch\/wp-content\/uploads\/2020\/07\/WG-14-1-768x576.jpg 768w, https:\/\/schaefli.ch\/wp-content\/uploads\/2020\/07\/WG-14-1-1536x1151.jpg 1536w\" sizes=\"(max-width: 2000px) 100vw, 2000px\" \/><\/a>\n\t\t\t<\/div><\/figure><figure class='gallery-item'>\n\t\t\t<div class='gallery-icon landscape'>\n\t\t\t\t<a data-elementor-open-lightbox=\"yes\" data-elementor-lightbox-slideshow=\"7287cc4\" data-e-action-hash=\"#elementor-action%3Aaction%3Dlightbox%26settings%3DeyJpZCI6MTE3MCwidXJsIjoiaHR0cHM6XC9cL3NjaGFlZmxpLmNoXC93cC1jb250ZW50XC91cGxvYWRzXC8yMDIwXC8wN1wvc2NoYWVmbGlfZmFocnpldWdlLmpwZyIsInNsaWRlc2hvdyI6IjcyODdjYzQifQ%3D%3D\" href=\"https:\/\/schaefli.ch\/wp-content\/uploads\/2020\/07\/schaefli_fahrzeuge.jpg\"><img loading=\"lazy\" decoding=\"async\" width=\"2400\" height=\"1600\" src=\"https:\/\/schaefli.ch\/wp-content\/uploads\/2020\/07\/schaefli_fahrzeuge.jpg\" class=\"attachment-full size-full\" alt=\"\" srcset=\"https:\/\/schaefli.ch\/wp-content\/uploads\/2020\/07\/schaefli_fahrzeuge.jpg 2400w, https:\/\/schaefli.ch\/wp-content\/uploads\/2020\/07\/schaefli_fahrzeuge-300x200.jpg 300w, https:\/\/schaefli.ch\/wp-content\/uploads\/2020\/07\/schaefli_fahrzeuge-1024x683.jpg 1024w, https:\/\/schaefli.ch\/wp-content\/uploads\/2020\/07\/schaefli_fahrzeuge-768x512.jpg 768w, https:\/\/schaefli.ch\/wp-content\/uploads\/2020\/07\/schaefli_fahrzeuge-1536x1024.jpg 1536w, https:\/\/schaefli.ch\/wp-content\/uploads\/2020\/07\/schaefli_fahrzeuge-2048x1365.jpg 2048w\" sizes=\"(max-width: 2400px) 100vw, 2400px\" \/><\/a>\n\t\t\t<\/div><\/figure><figure class='gallery-item'>\n\t\t\t<div class='gallery-icon landscape'>\n\t\t\t\t<a data-elementor-open-lightbox=\"yes\" data-elementor-lightbox-slideshow=\"7287cc4\" data-e-action-hash=\"#elementor-action%3Aaction%3Dlightbox%26settings%3DeyJpZCI6MTMyNywidXJsIjoiaHR0cHM6XC9cL3NjaGFlZmxpLmNoXC93cC1jb250ZW50XC91cGxvYWRzXC8yMDIwXC8wN1wvV0ctMS0yLmpwZyIsInNsaWRlc2hvdyI6IjcyODdjYzQifQ%3D%3D\" href=\"https:\/\/schaefli.ch\/wp-content\/uploads\/2020\/07\/WG-1-2.jpg\"><img loading=\"lazy\" decoding=\"async\" width=\"2000\" height=\"1499\" src=\"https:\/\/schaefli.ch\/wp-content\/uploads\/2020\/07\/WG-1-2.jpg\" class=\"attachment-full size-full\" alt=\"\" srcset=\"https:\/\/schaefli.ch\/wp-content\/uploads\/2020\/07\/WG-1-2.jpg 2000w, https:\/\/schaefli.ch\/wp-content\/uploads\/2020\/07\/WG-1-2-300x225.jpg 300w, https:\/\/schaefli.ch\/wp-content\/uploads\/2020\/07\/WG-1-2-1024x767.jpg 1024w, https:\/\/schaefli.ch\/wp-content\/uploads\/2020\/07\/WG-1-2-768x576.jpg 768w, https:\/\/schaefli.ch\/wp-content\/uploads\/2020\/07\/WG-1-2-1536x1151.jpg 1536w\" sizes=\"(max-width: 2000px) 100vw, 2000px\" \/><\/a>\n\t\t\t<\/div><\/figure><figure class='gallery-item'>\n\t\t\t<div class='gallery-icon landscape'>\n\t\t\t\t<a data-elementor-open-lightbox=\"yes\" data-elementor-lightbox-slideshow=\"7287cc4\" data-e-action-hash=\"#elementor-action%3Aaction%3Dlightbox%26settings%3DeyJpZCI6MTMzMSwidXJsIjoiaHR0cHM6XC9cL3NjaGFlZmxpLmNoXC93cC1jb250ZW50XC91cGxvYWRzXC8yMDIwXC8wN1wvV0ctMTcuanBnIiwic2xpZGVzaG93IjoiNzI4N2NjNCJ9\" href=\"https:\/\/schaefli.ch\/wp-content\/uploads\/2020\/07\/WG-17.jpg\"><img loading=\"lazy\" decoding=\"async\" width=\"2000\" height=\"1499\" src=\"https:\/\/schaefli.ch\/wp-content\/uploads\/2020\/07\/WG-17.jpg\" class=\"attachment-full size-full\" alt=\"\" srcset=\"https:\/\/schaefli.ch\/wp-content\/uploads\/2020\/07\/WG-17.jpg 2000w, https:\/\/schaefli.ch\/wp-content\/uploads\/2020\/07\/WG-17-300x225.jpg 300w, https:\/\/schaefli.ch\/wp-content\/uploads\/2020\/07\/WG-17-1024x767.jpg 1024w, https:\/\/schaefli.ch\/wp-content\/uploads\/2020\/07\/WG-17-768x576.jpg 768w, https:\/\/schaefli.ch\/wp-content\/uploads\/2020\/07\/WG-17-1536x1151.jpg 1536w\" sizes=\"(max-width: 2000px) 100vw, 2000px\" \/><\/a>\n\t\t\t<\/div><\/figure><figure class='gallery-item'>\n\t\t\t<div class='gallery-icon landscape'>\n\t\t\t\t<a data-elementor-open-lightbox=\"yes\" data-elementor-lightbox-slideshow=\"7287cc4\" data-e-action-hash=\"#elementor-action%3Aaction%3Dlightbox%26settings%3DeyJpZCI6MTMyNSwidXJsIjoiaHR0cHM6XC9cL3NjaGFlZmxpLmNoXC93cC1jb250ZW50XC91cGxvYWRzXC8yMDIwXC8wN1wvVmllcmVyLmpwZyIsInNsaWRlc2hvdyI6IjcyODdjYzQifQ%3D%3D\" href=\"https:\/\/schaefli.ch\/wp-content\/uploads\/2020\/07\/Vierer.jpg\"><img loading=\"lazy\" decoding=\"async\" width=\"800\" height=\"599\" src=\"https:\/\/schaefli.ch\/wp-content\/uploads\/2020\/07\/Vierer.jpg\" class=\"attachment-full size-full\" alt=\"\" srcset=\"https:\/\/schaefli.ch\/wp-content\/uploads\/2020\/07\/Vierer.jpg 800w, https:\/\/schaefli.ch\/wp-content\/uploads\/2020\/07\/Vierer-300x225.jpg 300w, https:\/\/schaefli.ch\/wp-content\/uploads\/2020\/07\/Vierer-768x575.jpg 768w\" sizes=\"(max-width: 800px) 100vw, 800px\" \/><\/a>\n\t\t\t<\/div><\/figure><figure class='gallery-item'>\n\t\t\t<div class='gallery-icon landscape'>\n\t\t\t\t<a data-elementor-open-lightbox=\"yes\" data-elementor-lightbox-slideshow=\"7287cc4\" data-e-action-hash=\"#elementor-action%3Aaction%3Dlightbox%26settings%3DeyJpZCI6MTE2MiwidXJsIjoiaHR0cHM6XC9cL3NjaGFlZmxpLmNoXC93cC1jb250ZW50XC91cGxvYWRzXC8yMDIwXC8wN1wvc2NoYWVmbGlfZmFocnpldWdlLTkuanBnIiwic2xpZGVzaG93IjoiNzI4N2NjNCJ9\" href=\"https:\/\/schaefli.ch\/wp-content\/uploads\/2020\/07\/schaefli_fahrzeuge-9.jpg\"><img loading=\"lazy\" decoding=\"async\" width=\"2400\" height=\"1600\" src=\"https:\/\/schaefli.ch\/wp-content\/uploads\/2020\/07\/schaefli_fahrzeuge-9.jpg\" class=\"attachment-full size-full\" alt=\"\" srcset=\"https:\/\/schaefli.ch\/wp-content\/uploads\/2020\/07\/schaefli_fahrzeuge-9.jpg 2400w, https:\/\/schaefli.ch\/wp-content\/uploads\/2020\/07\/schaefli_fahrzeuge-9-300x200.jpg 300w, https:\/\/schaefli.ch\/wp-content\/uploads\/2020\/07\/schaefli_fahrzeuge-9-1024x683.jpg 1024w, https:\/\/schaefli.ch\/wp-content\/uploads\/2020\/07\/schaefli_fahrzeuge-9-768x512.jpg 768w, https:\/\/schaefli.ch\/wp-content\/uploads\/2020\/07\/schaefli_fahrzeuge-9-1536x1024.jpg 1536w, https:\/\/schaefli.ch\/wp-content\/uploads\/2020\/07\/schaefli_fahrzeuge-9-2048x1365.jpg 2048w\" sizes=\"(max-width: 2400px) 100vw, 2400px\" \/><\/a>\n\t\t\t<\/div><\/figure><figure class='gallery-item'>\n\t\t\t<div class='gallery-icon landscape'>\n\t\t\t\t<a data-elementor-open-lightbox=\"yes\" data-elementor-lightbox-slideshow=\"7287cc4\" data-e-action-hash=\"#elementor-action%3Aaction%3Dlightbox%26settings%3DeyJpZCI6MTMyOCwidXJsIjoiaHR0cHM6XC9cL3NjaGFlZmxpLmNoXC93cC1jb250ZW50XC91cGxvYWRzXC8yMDIwXC8wN1wvV0ctMi5qcGciLCJzbGlkZXNob3ciOiI3Mjg3Y2M0In0%3D\" href=\"https:\/\/schaefli.ch\/wp-content\/uploads\/2020\/07\/WG-2.jpg\"><img loading=\"lazy\" decoding=\"async\" width=\"2000\" height=\"1499\" src=\"https:\/\/schaefli.ch\/wp-content\/uploads\/2020\/07\/WG-2.jpg\" class=\"attachment-full size-full\" alt=\"\" srcset=\"https:\/\/schaefli.ch\/wp-content\/uploads\/2020\/07\/WG-2.jpg 2000w, https:\/\/schaefli.ch\/wp-content\/uploads\/2020\/07\/WG-2-300x225.jpg 300w, https:\/\/schaefli.ch\/wp-content\/uploads\/2020\/07\/WG-2-1024x767.jpg 1024w, https:\/\/schaefli.ch\/wp-content\/uploads\/2020\/07\/WG-2-768x576.jpg 768w, https:\/\/schaefli.ch\/wp-content\/uploads\/2020\/07\/WG-2-1536x1151.jpg 1536w\" sizes=\"(max-width: 2000px) 100vw, 2000px\" \/><\/a>\n\t\t\t<\/div><\/figure><figure class='gallery-item'>\n\t\t\t<div class='gallery-icon landscape'>\n\t\t\t\t<a data-elementor-open-lightbox=\"yes\" data-elementor-lightbox-slideshow=\"7287cc4\" data-e-action-hash=\"#elementor-action%3Aaction%3Dlightbox%26settings%3DeyJpZCI6MTE2NywidXJsIjoiaHR0cHM6XC9cL3NjaGFlZmxpLmNoXC93cC1jb250ZW50XC91cGxvYWRzXC8yMDIwXC8wN1wvc2NoYWVmbGlfZmFocnpldWdlLTQuanBnIiwic2xpZGVzaG93IjoiNzI4N2NjNCJ9\" href=\"https:\/\/schaefli.ch\/wp-content\/uploads\/2020\/07\/schaefli_fahrzeuge-4.jpg\"><img loading=\"lazy\" decoding=\"async\" width=\"2400\" height=\"1600\" src=\"https:\/\/schaefli.ch\/wp-content\/uploads\/2020\/07\/schaefli_fahrzeuge-4.jpg\" class=\"attachment-full size-full\" alt=\"\" srcset=\"https:\/\/schaefli.ch\/wp-content\/uploads\/2020\/07\/schaefli_fahrzeuge-4.jpg 2400w, https:\/\/schaefli.ch\/wp-content\/uploads\/2020\/07\/schaefli_fahrzeuge-4-300x200.jpg 300w, https:\/\/schaefli.ch\/wp-content\/uploads\/2020\/07\/schaefli_fahrzeuge-4-1024x683.jpg 1024w, https:\/\/schaefli.ch\/wp-content\/uploads\/2020\/07\/schaefli_fahrzeuge-4-768x512.jpg 768w, https:\/\/schaefli.ch\/wp-content\/uploads\/2020\/07\/schaefli_fahrzeuge-4-1536x1024.jpg 1536w, https:\/\/schaefli.ch\/wp-content\/uploads\/2020\/07\/schaefli_fahrzeuge-4-2048x1365.jpg 2048w\" sizes=\"(max-width: 2400px) 100vw, 2400px\" \/><\/a>\n\t\t\t<\/div><\/figure><figure class='gallery-item'>\n\t\t\t<div class='gallery-icon landscape'>\n\t\t\t\t<a data-elementor-open-lightbox=\"yes\" data-elementor-lightbox-slideshow=\"7287cc4\" data-e-action-hash=\"#elementor-action%3Aaction%3Dlightbox%26settings%3DeyJpZCI6MTMyMSwidXJsIjoiaHR0cHM6XC9cL3NjaGFlZmxpLmNoXC93cC1jb250ZW50XC91cGxvYWRzXC8yMDIwXC8wN1wvTW9cdTAzMDhiZWxsaWZ0LW1pdC1MS1ctb2ZmZW4tMS1lMTU5OTc0MTc1NTIzMC5qcGciLCJzbGlkZXNob3ciOiI3Mjg3Y2M0In0%3D\" href=\"https:\/\/schaefli.ch\/wp-content\/uploads\/2020\/07\/Mo\u0308bellift-mit-LKW-offen-1-e1599741755230.jpg\"><img loading=\"lazy\" decoding=\"async\" width=\"1050\" height=\"661\" src=\"https:\/\/schaefli.ch\/wp-content\/uploads\/2020\/07\/Mo\u0308bellift-mit-LKW-offen-1-e1599741755230.jpg\" class=\"attachment-full size-full\" alt=\"\" srcset=\"https:\/\/schaefli.ch\/wp-content\/uploads\/2020\/07\/Mo\u0308bellift-mit-LKW-offen-1-e1599741755230.jpg 1050w, https:\/\/schaefli.ch\/wp-content\/uploads\/2020\/07\/Mo\u0308bellift-mit-LKW-offen-1-e1599741755230-300x189.jpg 300w, https:\/\/schaefli.ch\/wp-content\/uploads\/2020\/07\/Mo\u0308bellift-mit-LKW-offen-1-e1599741755230-1024x645.jpg 1024w, https:\/\/schaefli.ch\/wp-content\/uploads\/2020\/07\/Mo\u0308bellift-mit-LKW-offen-1-e1599741755230-768x483.jpg 768w\" sizes=\"(max-width: 1050px) 100vw, 1050px\" \/><\/a>\n\t\t\t<\/div><\/figure><figure class='gallery-item'>\n\t\t\t<div class='gallery-icon landscape'>\n\t\t\t\t<a data-elementor-open-lightbox=\"yes\" data-elementor-lightbox-slideshow=\"7287cc4\" data-e-action-hash=\"#elementor-action%3Aaction%3Dlightbox%26settings%3DeyJpZCI6MTMyMiwidXJsIjoiaHR0cHM6XC9cL3NjaGFlZmxpLmNoXC93cC1jb250ZW50XC91cGxvYWRzXC8yMDIwXC8wN1wvTW9cdTAzMDhiZWxsaWZ0LXNlaXRsaWNoLTEtZTE1OTk3NDE4MTI5ODcuanBnIiwic2xpZGVzaG93IjoiNzI4N2NjNCJ9\" href=\"https:\/\/schaefli.ch\/wp-content\/uploads\/2020\/07\/Mo\u0308bellift-seitlich-1-e1599741812987.jpg\"><img loading=\"lazy\" decoding=\"async\" width=\"1050\" height=\"641\" src=\"https:\/\/schaefli.ch\/wp-content\/uploads\/2020\/07\/Mo\u0308bellift-seitlich-1-e1599741812987.jpg\" class=\"attachment-full size-full\" alt=\"\" srcset=\"https:\/\/schaefli.ch\/wp-content\/uploads\/2020\/07\/Mo\u0308bellift-seitlich-1-e1599741812987.jpg 1050w, https:\/\/schaefli.ch\/wp-content\/uploads\/2020\/07\/Mo\u0308bellift-seitlich-1-e1599741812987-300x183.jpg 300w, https:\/\/schaefli.ch\/wp-content\/uploads\/2020\/07\/Mo\u0308bellift-seitlich-1-e1599741812987-1024x625.jpg 1024w, https:\/\/schaefli.ch\/wp-content\/uploads\/2020\/07\/Mo\u0308bellift-seitlich-1-e1599741812987-768x469.jpg 768w\" sizes=\"(max-width: 1050px) 100vw, 1050px\" \/><\/a>\n\t\t\t<\/div><\/figure><figure class='gallery-item'>\n\t\t\t<div class='gallery-icon landscape'>\n\t\t\t\t<a data-elementor-open-lightbox=\"yes\" data-elementor-lightbox-slideshow=\"7287cc4\" data-e-action-hash=\"#elementor-action%3Aaction%3Dlightbox%26settings%3DeyJpZCI6MTE2MywidXJsIjoiaHR0cHM6XC9cL3NjaGFlZmxpLmNoXC93cC1jb250ZW50XC91cGxvYWRzXC8yMDIwXC8wN1wvc2NoYWVmbGlfZmFocnpldWdlLTguanBnIiwic2xpZGVzaG93IjoiNzI4N2NjNCJ9\" href=\"https:\/\/schaefli.ch\/wp-content\/uploads\/2020\/07\/schaefli_fahrzeuge-8.jpg\"><img loading=\"lazy\" decoding=\"async\" width=\"2400\" height=\"1600\" src=\"https:\/\/schaefli.ch\/wp-content\/uploads\/2020\/07\/schaefli_fahrzeuge-8.jpg\" class=\"attachment-full size-full\" alt=\"\" srcset=\"https:\/\/schaefli.ch\/wp-content\/uploads\/2020\/07\/schaefli_fahrzeuge-8.jpg 2400w, https:\/\/schaefli.ch\/wp-content\/uploads\/2020\/07\/schaefli_fahrzeuge-8-300x200.jpg 300w, https:\/\/schaefli.ch\/wp-content\/uploads\/2020\/07\/schaefli_fahrzeuge-8-1024x683.jpg 1024w, https:\/\/schaefli.ch\/wp-content\/uploads\/2020\/07\/schaefli_fahrzeuge-8-768x512.jpg 768w, https:\/\/schaefli.ch\/wp-content\/uploads\/2020\/07\/schaefli_fahrzeuge-8-1536x1024.jpg 1536w, https:\/\/schaefli.ch\/wp-content\/uploads\/2020\/07\/schaefli_fahrzeuge-8-2048x1365.jpg 2048w\" sizes=\"(max-width: 2400px) 100vw, 2400px\" \/><\/a>\n\t\t\t<\/div><\/figure><figure class='gallery-item'>\n\t\t\t<div class='gallery-icon landscape'>\n\t\t\t\t<a data-elementor-open-lightbox=\"yes\" data-elementor-lightbox-slideshow=\"7287cc4\" data-e-action-hash=\"#elementor-action%3Aaction%3Dlightbox%26settings%3DeyJpZCI6MTE2NiwidXJsIjoiaHR0cHM6XC9cL3NjaGFlZmxpLmNoXC93cC1jb250ZW50XC91cGxvYWRzXC8yMDIwXC8wN1wvc2NoYWVmbGlfZmFocnpldWdlLTUuanBnIiwic2xpZGVzaG93IjoiNzI4N2NjNCJ9\" href=\"https:\/\/schaefli.ch\/wp-content\/uploads\/2020\/07\/schaefli_fahrzeuge-5.jpg\"><img loading=\"lazy\" decoding=\"async\" width=\"2400\" height=\"1600\" src=\"https:\/\/schaefli.ch\/wp-content\/uploads\/2020\/07\/schaefli_fahrzeuge-5.jpg\" class=\"attachment-full size-full\" alt=\"\" srcset=\"https:\/\/schaefli.ch\/wp-content\/uploads\/2020\/07\/schaefli_fahrzeuge-5.jpg 2400w, https:\/\/schaefli.ch\/wp-content\/uploads\/2020\/07\/schaefli_fahrzeuge-5-300x200.jpg 300w, https:\/\/schaefli.ch\/wp-content\/uploads\/2020\/07\/schaefli_fahrzeuge-5-1024x683.jpg 1024w, https:\/\/schaefli.ch\/wp-content\/uploads\/2020\/07\/schaefli_fahrzeuge-5-768x512.jpg 768w, https:\/\/schaefli.ch\/wp-content\/uploads\/2020\/07\/schaefli_fahrzeuge-5-1536x1024.jpg 1536w, https:\/\/schaefli.ch\/wp-content\/uploads\/2020\/07\/schaefli_fahrzeuge-5-2048x1365.jpg 2048w\" sizes=\"(max-width: 2400px) 100vw, 2400px\" \/><\/a>\n\t\t\t<\/div><\/figure><figure class='gallery-item'>\n\t\t\t<div class='gallery-icon landscape'>\n\t\t\t\t<a data-elementor-open-lightbox=\"yes\" data-elementor-lightbox-slideshow=\"7287cc4\" data-e-action-hash=\"#elementor-action%3Aaction%3Dlightbox%26settings%3DeyJpZCI6MTE2NSwidXJsIjoiaHR0cHM6XC9cL3NjaGFlZmxpLmNoXC93cC1jb250ZW50XC91cGxvYWRzXC8yMDIwXC8wN1wvc2NoYWVmbGlfZmFocnpldWdlLTYuanBnIiwic2xpZGVzaG93IjoiNzI4N2NjNCJ9\" href=\"https:\/\/schaefli.ch\/wp-content\/uploads\/2020\/07\/schaefli_fahrzeuge-6.jpg\"><img loading=\"lazy\" decoding=\"async\" width=\"2400\" height=\"1600\" src=\"https:\/\/schaefli.ch\/wp-content\/uploads\/2020\/07\/schaefli_fahrzeuge-6.jpg\" class=\"attachment-full size-full\" alt=\"\" srcset=\"https:\/\/schaefli.ch\/wp-content\/uploads\/2020\/07\/schaefli_fahrzeuge-6.jpg 2400w, https:\/\/schaefli.ch\/wp-content\/uploads\/2020\/07\/schaefli_fahrzeuge-6-300x200.jpg 300w, https:\/\/schaefli.ch\/wp-content\/uploads\/2020\/07\/schaefli_fahrzeuge-6-1024x683.jpg 1024w, https:\/\/schaefli.ch\/wp-content\/uploads\/2020\/07\/schaefli_fahrzeuge-6-768x512.jpg 768w, https:\/\/schaefli.ch\/wp-content\/uploads\/2020\/07\/schaefli_fahrzeuge-6-1536x1024.jpg 1536w, https:\/\/schaefli.ch\/wp-content\/uploads\/2020\/07\/schaefli_fahrzeuge-6-2048x1365.jpg 2048w\" sizes=\"(max-width: 2400px) 100vw, 2400px\" \/><\/a>\n\t\t\t<\/div><\/figure><figure class='gallery-item'>\n\t\t\t<div class='gallery-icon landscape'>\n\t\t\t\t<a data-elementor-open-lightbox=\"yes\" data-elementor-lightbox-slideshow=\"7287cc4\" data-e-action-hash=\"#elementor-action%3Aaction%3Dlightbox%26settings%3DeyJpZCI6MTMyMywidXJsIjoiaHR0cHM6XC9cL3NjaGFlZmxpLmNoXC93cC1jb250ZW50XC91cGxvYWRzXC8yMDIwXC8wN1wvT3BlbC1BbXBlcmEuanBnIiwic2xpZGVzaG93IjoiNzI4N2NjNCJ9\" href=\"https:\/\/schaefli.ch\/wp-content\/uploads\/2020\/07\/Opel-Ampera.jpg\"><img loading=\"lazy\" decoding=\"async\" width=\"2000\" height=\"1499\" src=\"https:\/\/schaefli.ch\/wp-content\/uploads\/2020\/07\/Opel-Ampera.jpg\" class=\"attachment-full size-full\" alt=\"\" srcset=\"https:\/\/schaefli.ch\/wp-content\/uploads\/2020\/07\/Opel-Ampera.jpg 2000w, https:\/\/schaefli.ch\/wp-content\/uploads\/2020\/07\/Opel-Ampera-300x225.jpg 300w, https:\/\/schaefli.ch\/wp-content\/uploads\/2020\/07\/Opel-Ampera-1024x767.jpg 1024w, https:\/\/schaefli.ch\/wp-content\/uploads\/2020\/07\/Opel-Ampera-768x576.jpg 768w, https:\/\/schaefli.ch\/wp-content\/uploads\/2020\/07\/Opel-Ampera-1536x1151.jpg 1536w\" sizes=\"(max-width: 2000px) 100vw, 2000px\" \/><\/a>\n\t\t\t<\/div><\/figure><figure class='gallery-item'>\n\t\t\t<div class='gallery-icon landscape'>\n\t\t\t\t<a data-elementor-open-lightbox=\"yes\" data-elementor-lightbox-slideshow=\"7287cc4\" data-e-action-hash=\"#elementor-action%3Aaction%3Dlightbox%26settings%3DeyJpZCI6MTE2NCwidXJsIjoiaHR0cHM6XC9cL3NjaGFlZmxpLmNoXC93cC1jb250ZW50XC91cGxvYWRzXC8yMDIwXC8wN1wvc2NoYWVmbGlfZmFocnpldWdlLTcuanBnIiwic2xpZGVzaG93IjoiNzI4N2NjNCJ9\" href=\"https:\/\/schaefli.ch\/wp-content\/uploads\/2020\/07\/schaefli_fahrzeuge-7.jpg\"><img loading=\"lazy\" decoding=\"async\" width=\"2400\" height=\"1600\" src=\"https:\/\/schaefli.ch\/wp-content\/uploads\/2020\/07\/schaefli_fahrzeuge-7.jpg\" class=\"attachment-full size-full\" alt=\"\" srcset=\"https:\/\/schaefli.ch\/wp-content\/uploads\/2020\/07\/schaefli_fahrzeuge-7.jpg 2400w, https:\/\/schaefli.ch\/wp-content\/uploads\/2020\/07\/schaefli_fahrzeuge-7-300x200.jpg 300w, https:\/\/schaefli.ch\/wp-content\/uploads\/2020\/07\/schaefli_fahrzeuge-7-1024x683.jpg 1024w, https:\/\/schaefli.ch\/wp-content\/uploads\/2020\/07\/schaefli_fahrzeuge-7-768x512.jpg 768w, https:\/\/schaefli.ch\/wp-content\/uploads\/2020\/07\/schaefli_fahrzeuge-7-1536x1024.jpg 1536w, https:\/\/schaefli.ch\/wp-content\/uploads\/2020\/07\/schaefli_fahrzeuge-7-2048x1365.jpg 2048w\" sizes=\"(max-width: 2400px) 100vw, 2400px\" \/><\/a>\n\t\t\t<\/div><\/figure><figure class='gallery-item'>\n\t\t\t<div class='gallery-icon landscape'>\n\t\t\t\t<a data-elementor-open-lightbox=\"yes\" data-elementor-lightbox-slideshow=\"7287cc4\" data-e-action-hash=\"#elementor-action%3Aaction%3Dlightbox%26settings%3DeyJpZCI6MTMyNCwidXJsIjoiaHR0cHM6XC9cL3NjaGFlZmxpLmNoXC93cC1jb250ZW50XC91cGxvYWRzXC8yMDIwXC8wN1wvU3RhcGxlci5qcGciLCJzbGlkZXNob3ciOiI3Mjg3Y2M0In0%3D\" href=\"https:\/\/schaefli.ch\/wp-content\/uploads\/2020\/07\/Stapler.jpg\"><img loading=\"lazy\" decoding=\"async\" width=\"2000\" height=\"1499\" src=\"https:\/\/schaefli.ch\/wp-content\/uploads\/2020\/07\/Stapler.jpg\" class=\"attachment-full size-full\" alt=\"\" srcset=\"https:\/\/schaefli.ch\/wp-content\/uploads\/2020\/07\/Stapler.jpg 2000w, https:\/\/schaefli.ch\/wp-content\/uploads\/2020\/07\/Stapler-300x225.jpg 300w, https:\/\/schaefli.ch\/wp-content\/uploads\/2020\/07\/Stapler-1024x767.jpg 1024w, https:\/\/schaefli.ch\/wp-content\/uploads\/2020\/07\/Stapler-768x576.jpg 768w, https:\/\/schaefli.ch\/wp-content\/uploads\/2020\/07\/Stapler-1536x1151.jpg 1536w\" sizes=\"(max-width: 2000px) 100vw, 2000px\" \/><\/a>\n\t\t\t<\/div><\/figure><figure class='gallery-item'>\n\t\t\t<div class='gallery-icon landscape'>\n\t\t\t\t<a data-elementor-open-lightbox=\"yes\" data-elementor-lightbox-slideshow=\"7287cc4\" data-e-action-hash=\"#elementor-action%3Aaction%3Dlightbox%26settings%3DeyJpZCI6MTMzMiwidXJsIjoiaHR0cHM6XC9cL3NjaGFlZmxpLmNoXC93cC1jb250ZW50XC91cGxvYWRzXC8yMDIwXC8wN1wvV0ctMjktUHV0em1hc2NoaW5lLmpwZyIsInNsaWRlc2hvdyI6IjcyODdjYzQifQ%3D%3D\" href=\"https:\/\/schaefli.ch\/wp-content\/uploads\/2020\/07\/WG-29-Putzmaschine.jpg\"><img loading=\"lazy\" decoding=\"async\" width=\"2000\" height=\"1499\" src=\"https:\/\/schaefli.ch\/wp-content\/uploads\/2020\/07\/WG-29-Putzmaschine.jpg\" class=\"attachment-full size-full\" alt=\"\" srcset=\"https:\/\/schaefli.ch\/wp-content\/uploads\/2020\/07\/WG-29-Putzmaschine.jpg 2000w, https:\/\/schaefli.ch\/wp-content\/uploads\/2020\/07\/WG-29-Putzmaschine-300x225.jpg 300w, https:\/\/schaefli.ch\/wp-content\/uploads\/2020\/07\/WG-29-Putzmaschine-1024x767.jpg 1024w, https:\/\/schaefli.ch\/wp-content\/uploads\/2020\/07\/WG-29-Putzmaschine-768x576.jpg 768w, https:\/\/schaefli.ch\/wp-content\/uploads\/2020\/07\/WG-29-Putzmaschine-1536x1151.jpg 1536w\" sizes=\"(max-width: 2000px) 100vw, 2000px\" \/><\/a>\n\t\t\t<\/div><\/figure>\n\t\t<\/div>\n\t\t<\/div>\n\t\t\t\t\t\t<\/div>\n\t\t\t\t<\/div>\n\t\t\t\t<div class=\"elementor-element elementor-element-a3a1be7 elementor-widget elementor-widget-menu-anchor\" data-id=\"a3a1be7\" data-element_type=\"widget\" data-e-type=\"widget\" data-widget_type=\"menu-anchor.default\">\n\t\t\t\t<div class=\"elementor-widget-container\">\n\t\t\t\t\t\t\t<div class=\"elementor-menu-anchor\" id=\"spezialausrustung\"><\/div>\n\t\t\t\t\t\t<\/div>\n\t\t\t\t<\/div>\n\t\t\t\t\t<\/div>\n\t\t<\/div>\n\t\t\t\t\t<\/div>\n\t\t<\/section>\n\t\t\t\t<section class=\"elementor-section elementor-top-section elementor-element elementor-element-665fbb8a elementor-reverse-mobile elementor-section-boxed elementor-section-height-default elementor-section-height-default\" data-id=\"665fbb8a\" data-element_type=\"section\" data-e-type=\"section\" data-settings=\"{&quot;background_background&quot;:&quot;classic&quot;}\">\n\t\t\t\t\t\t<div class=\"elementor-container elementor-column-gap-default\">\n\t\t\t\t\t<div class=\"elementor-column elementor-col-100 elementor-top-column elementor-element elementor-element-7abde6af elementor-invisible\" data-id=\"7abde6af\" data-element_type=\"column\" data-e-type=\"column\" data-settings=\"{&quot;animation&quot;:&quot;fadeInLeft&quot;,&quot;animation_delay&quot;:&quot;100&quot;}\">\n\t\t\t<div class=\"elementor-widget-wrap elementor-element-populated\">\n\t\t\t\t\t\t<div class=\"elementor-element elementor-element-28688b98 elementor-widget elementor-widget-heading\" data-id=\"28688b98\" data-element_type=\"widget\" data-e-type=\"widget\" data-widget_type=\"heading.default\">\n\t\t\t\t<div class=\"elementor-widget-container\">\n\t\t\t\t\t<h3 class=\"elementor-heading-title elementor-size-default\">Spezial&shy;ausr\u00fcstung<\/h3>\t\t\t\t<\/div>\n\t\t\t\t<\/div>\n\t\t\t\t<section class=\"elementor-section elementor-inner-section elementor-element elementor-element-c824823 elementor-section-full_width elementor-section-height-default elementor-section-height-default\" data-id=\"c824823\" data-element_type=\"section\" data-e-type=\"section\">\n\t\t\t\t\t\t<div class=\"elementor-container elementor-column-gap-default\">\n\t\t\t\t\t<div class=\"elementor-column elementor-col-25 elementor-inner-column elementor-element elementor-element-39bf23c7 elementor-invisible\" data-id=\"39bf23c7\" data-element_type=\"column\" data-e-type=\"column\" data-settings=\"{&quot;animation&quot;:&quot;fadeInLeft&quot;}\">\n\t\t\t<div class=\"elementor-widget-wrap elementor-element-populated\">\n\t\t\t\t\t\t<div class=\"elementor-element elementor-element-44d5822a elementor-widget elementor-widget-image\" data-id=\"44d5822a\" data-element_type=\"widget\" data-e-type=\"widget\" data-widget_type=\"image.default\">\n\t\t\t\t<div class=\"elementor-widget-container\">\n\t\t\t\t\t\t\t\t\t\t\t\t\t\t\t<img decoding=\"async\" src=\"https:\/\/schaefli.ch\/wp-content\/uploads\/elementor\/thumbs\/Mo\u0308bellift-von-vorne-1-ov7l87fygyp4qsrarf761869erk8c6y6usv0cz4ji0.jpg\" title=\"Mo\u0308bellift von vorne 1\" alt=\"Mo\u0308bellift von vorne 1\" loading=\"lazy\" \/>\t\t\t\t\t\t\t\t\t\t\t\t\t\t\t<\/div>\n\t\t\t\t<\/div>\n\t\t\t\t<div class=\"elementor-element elementor-element-39c9ace elementor-widget elementor-widget-heading\" data-id=\"39c9ace\" data-element_type=\"widget\" data-e-type=\"widget\" data-widget_type=\"heading.default\">\n\t\t\t\t<div class=\"elementor-widget-container\">\n\t\t\t\t\t<h3 class=\"elementor-heading-title elementor-size-default\">Furniture lift\n\n   <\/h3>\t\t\t\t<\/div>\n\t\t\t\t<\/div>\n\t\t\t\t<div class=\"elementor-element elementor-element-117d13b elementor-widget elementor-widget-text-editor\" data-id=\"117d13b\" data-element_type=\"widget\" data-e-type=\"widget\" data-widget_type=\"text-editor.default\">\n\t\t\t\t<div class=\"elementor-widget-container\">\n\t\t\t\t\t\t\t\t\t<ul><li>Up to 27 meters working height<\/li><li>Load capacity 400 kg<\/li><\/ul>\t\t\t\t\t\t\t\t<\/div>\n\t\t\t\t<\/div>\n\t\t\t\t\t<\/div>\n\t\t<\/div>\n\t\t\t\t<div class=\"elementor-column elementor-col-25 elementor-inner-column elementor-element elementor-element-3c6e6a78 elementor-invisible\" data-id=\"3c6e6a78\" data-element_type=\"column\" data-e-type=\"column\" data-settings=\"{&quot;animation&quot;:&quot;fadeInLeft&quot;}\">\n\t\t\t<div class=\"elementor-widget-wrap elementor-element-populated\">\n\t\t\t\t\t\t<div class=\"elementor-element elementor-element-58592255 elementor-widget elementor-widget-image\" data-id=\"58592255\" data-element_type=\"widget\" data-e-type=\"widget\" data-widget_type=\"image.default\">\n\t\t\t\t<div class=\"elementor-widget-container\">\n\t\t\t\t\t\t\t\t\t\t\t\t\t\t\t<img decoding=\"async\" src=\"https:\/\/schaefli.ch\/wp-content\/uploads\/elementor\/thumbs\/Pianoplan-ov7l87fygyp4qsrarf761869erk8c6y6usv0cz4ji0.jpg\" title=\"Pianoplan\" alt=\"Pianoplan\" loading=\"lazy\" \/>\t\t\t\t\t\t\t\t\t\t\t\t\t\t\t<\/div>\n\t\t\t\t<\/div>\n\t\t\t\t<div class=\"elementor-element elementor-element-7340dc23 elementor-widget elementor-widget-heading\" data-id=\"7340dc23\" data-element_type=\"widget\" data-e-type=\"widget\" data-widget_type=\"heading.default\">\n\t\t\t\t<div class=\"elementor-widget-container\">\n\t\t\t\t\t<h3 class=\"elementor-heading-title elementor-size-default\">Pianoplan<\/h3>\t\t\t\t<\/div>\n\t\t\t\t<\/div>\n\t\t\t\t<div class=\"elementor-element elementor-element-4f1d5a3a elementor-widget elementor-widget-text-editor\" data-id=\"4f1d5a3a\" data-element_type=\"widget\" data-e-type=\"widget\" data-widget_type=\"text-editor.default\">\n\t\t\t\t<div class=\"elementor-widget-container\">\n\t\t\t\t\t\t\t\t\t<div><ul><li>Stairway vehicle for piano, grand piano or safe transport<\/li><li>Load capacity 600 kg<\/li><\/ul><\/div>\t\t\t\t\t\t\t\t<\/div>\n\t\t\t\t<\/div>\n\t\t\t\t\t<\/div>\n\t\t<\/div>\n\t\t\t\t<div class=\"elementor-column elementor-col-25 elementor-inner-column elementor-element elementor-element-67588d9 elementor-invisible\" data-id=\"67588d9\" data-element_type=\"column\" data-e-type=\"column\" data-settings=\"{&quot;animation&quot;:&quot;fadeInLeft&quot;}\">\n\t\t\t<div class=\"elementor-widget-wrap elementor-element-populated\">\n\t\t\t\t\t\t<div class=\"elementor-element elementor-element-4db58db0 elementor-widget elementor-widget-image\" data-id=\"4db58db0\" data-element_type=\"widget\" data-e-type=\"widget\" data-widget_type=\"image.default\">\n\t\t\t\t<div class=\"elementor-widget-container\">\n\t\t\t\t\t\t\t\t\t\t\t\t\t\t\t<img decoding=\"async\" src=\"https:\/\/schaefli.ch\/wp-content\/uploads\/elementor\/thumbs\/Bimobil-ov7l87fygyp4qsrarf761869erk8c6y6usv0cz4ji0.png\" title=\"Bimobil\" alt=\"Bimobil\" loading=\"lazy\" \/>\t\t\t\t\t\t\t\t\t\t\t\t\t\t\t<\/div>\n\t\t\t\t<\/div>\n\t\t\t\t<div class=\"elementor-element elementor-element-6e526024 elementor-widget elementor-widget-heading\" data-id=\"6e526024\" data-element_type=\"widget\" data-e-type=\"widget\" data-widget_type=\"heading.default\">\n\t\t\t\t<div class=\"elementor-widget-container\">\n\t\t\t\t\t<h3 class=\"elementor-heading-title elementor-size-default\">Bimobil\n\n    <\/h3>\t\t\t\t<\/div>\n\t\t\t\t<\/div>\n\t\t\t\t<div class=\"elementor-element elementor-element-5cd96271 elementor-widget elementor-widget-text-editor\" data-id=\"5cd96271\" data-element_type=\"widget\" data-e-type=\"widget\" data-widget_type=\"text-editor.default\">\n\t\t\t\t<div class=\"elementor-widget-container\">\n\t\t\t\t\t\t\t\t\t<div><ul><li>Special lifting cart for safe and machine transport<\/li><li>Load capacity 3000kg<\/li><\/ul><\/div>\t\t\t\t\t\t\t\t<\/div>\n\t\t\t\t<\/div>\n\t\t\t\t\t<\/div>\n\t\t<\/div>\n\t\t\t\t<div class=\"elementor-column elementor-col-25 elementor-inner-column elementor-element elementor-element-db2b690 elementor-invisible\" data-id=\"db2b690\" data-element_type=\"column\" data-e-type=\"column\" data-settings=\"{&quot;animation&quot;:&quot;fadeInLeft&quot;}\">\n\t\t\t<div class=\"elementor-widget-wrap elementor-element-populated\">\n\t\t\t\t\t\t<div class=\"elementor-element elementor-element-328154f elementor-widget elementor-widget-image\" data-id=\"328154f\" data-element_type=\"widget\" data-e-type=\"widget\" data-widget_type=\"image.default\">\n\t\t\t\t<div class=\"elementor-widget-container\">\n\t\t\t\t\t\t\t\t\t\t\t\t\t\t\t<img decoding=\"async\" src=\"https:\/\/schaefli.ch\/wp-content\/uploads\/elementor\/thumbs\/Schaefli_Transporte_Umzug_Stahlgiesserei_07-1-ov7l87fygyp4qsrarf761869erk8c6y6usv0cz4ji0.jpg\" title=\"Schaefli_Transporte_Umzug_Stahlgiesserei_07\" alt=\"Schaefli_Transporte_Umzug_Stahlgiesserei_07\" loading=\"lazy\" \/>\t\t\t\t\t\t\t\t\t\t\t\t\t\t\t<\/div>\n\t\t\t\t<\/div>\n\t\t\t\t<div class=\"elementor-element elementor-element-d7b2f74 elementor-widget elementor-widget-heading\" data-id=\"d7b2f74\" data-element_type=\"widget\" data-e-type=\"widget\" data-widget_type=\"heading.default\">\n\t\t\t\t<div class=\"elementor-widget-container\">\n\t\t\t\t\t<h3 class=\"elementor-heading-title elementor-size-default\">Stair climber\n\n    <\/h3>\t\t\t\t<\/div>\n\t\t\t\t<\/div>\n\t\t\t\t<div class=\"elementor-element elementor-element-24bdcda elementor-widget elementor-widget-text-editor\" data-id=\"24bdcda\" data-element_type=\"widget\" data-e-type=\"widget\" data-widget_type=\"text-editor.default\">\n\t\t\t\t<div class=\"elementor-widget-container\">\n\t\t\t\t\t\t\t\t\t<div>\n<ul>\n \t<li>Stairway vehicle for safe and machine transport, fireproof cabinets, ovens etc.<\/li><li>Load capacity 500 kg<\/li>\n<\/ul>\n<\/div>\t\t\t\t\t\t\t\t<\/div>\n\t\t\t\t<\/div>\n\t\t\t\t\t<\/div>\n\t\t<\/div>\n\t\t\t\t\t<\/div>\n\t\t<\/section>\n\t\t\t\t\t<\/div>\n\t\t<\/div>\n\t\t\t\t\t<\/div>\n\t\t<\/section>\n\t\t\t\t<section class=\"elementor-section elementor-top-section elementor-element elementor-element-7f8ec5cb elementor-section-boxed elementor-section-height-default elementor-section-height-default\" data-id=\"7f8ec5cb\" data-element_type=\"section\" data-e-type=\"section\" data-settings=\"{&quot;background_background&quot;:&quot;classic&quot;,&quot;shape_divider_top&quot;:&quot;arrow&quot;}\">\n\t\t\t\t\t<div class=\"elementor-shape elementor-shape-top\" aria-hidden=\"true\" data-negative=\"false\">\n\t\t\t<svg xmlns=\"http:\/\/www.w3.org\/2000\/svg\" viewbox=\"0 0 700 10\" preserveaspectratio=\"none\">\n\t<path class=\"elementor-shape-fill\" d=\"M350,10L340,0h20L350,10z\"\/>\n<\/svg>\t\t<\/div>\n\t\t\t\t\t<div class=\"elementor-container elementor-column-gap-default\">\n\t\t\t\t\t<div class=\"elementor-column elementor-col-100 elementor-top-column elementor-element elementor-element-4fff485c\" data-id=\"4fff485c\" data-element_type=\"column\" data-e-type=\"column\">\n\t\t\t<div class=\"elementor-widget-wrap elementor-element-populated\">\n\t\t\t\t\t\t<section class=\"elementor-section elementor-inner-section elementor-element elementor-element-25fd9024 elementor-section-boxed elementor-section-height-default elementor-section-height-default\" data-id=\"25fd9024\" data-element_type=\"section\" data-e-type=\"section\">\n\t\t\t\t\t\t<div class=\"elementor-container elementor-column-gap-default\">\n\t\t\t\t\t<div class=\"elementor-column elementor-col-100 elementor-inner-column elementor-element elementor-element-7becffbc elementor-invisible\" data-id=\"7becffbc\" data-element_type=\"column\" data-e-type=\"column\" data-settings=\"{&quot;animation&quot;:&quot;fadeInRight&quot;}\">\n\t\t\t<div class=\"elementor-widget-wrap elementor-element-populated\">\n\t\t\t\t\t\t<div class=\"elementor-element elementor-element-37693dd elementor-widget elementor-widget-menu-anchor\" data-id=\"37693dd\" data-element_type=\"widget\" data-e-type=\"widget\" data-widget_type=\"menu-anchor.default\">\n\t\t\t\t<div class=\"elementor-widget-container\">\n\t\t\t\t\t\t\t<div class=\"elementor-menu-anchor\" id=\"geschichte\"><\/div>\n\t\t\t\t\t\t<\/div>\n\t\t\t\t<\/div>\n\t\t\t\t<div class=\"elementor-element elementor-element-3ea7d663 elementor-widget elementor-widget-heading\" data-id=\"3ea7d663\" data-element_type=\"widget\" data-e-type=\"widget\" data-widget_type=\"heading.default\">\n\t\t\t\t<div class=\"elementor-widget-container\">\n\t\t\t\t\t<h3 class=\"elementor-heading-title elementor-size-default\">History<\/h3>\t\t\t\t<\/div>\n\t\t\t\t<\/div>\n\t\t\t\t\t<\/div>\n\t\t<\/div>\n\t\t\t\t\t<\/div>\n\t\t<\/section>\n\t\t\t\t<div class=\"elementor-element elementor-element-df8455c elementor-widget elementor-widget-image-carousel\" data-id=\"df8455c\" data-element_type=\"widget\" data-e-type=\"widget\" data-settings=\"{&quot;slides_to_show&quot;:&quot;3&quot;,&quot;navigation&quot;:&quot;none&quot;,&quot;image_spacing_custom&quot;:{&quot;unit&quot;:&quot;px&quot;,&quot;size&quot;:3,&quot;sizes&quot;:[]},&quot;autoplay&quot;:&quot;yes&quot;,&quot;pause_on_hover&quot;:&quot;yes&quot;,&quot;pause_on_interaction&quot;:&quot;yes&quot;,&quot;autoplay_speed&quot;:5000,&quot;infinite&quot;:&quot;yes&quot;,&quot;speed&quot;:500,&quot;image_spacing_custom_tablet&quot;:{&quot;unit&quot;:&quot;px&quot;,&quot;size&quot;:&quot;&quot;,&quot;sizes&quot;:[]},&quot;image_spacing_custom_mobile&quot;:{&quot;unit&quot;:&quot;px&quot;,&quot;size&quot;:&quot;&quot;,&quot;sizes&quot;:[]}}\" data-widget_type=\"image-carousel.default\">\n\t\t\t\t<div class=\"elementor-widget-container\">\n\t\t\t\t\t\t\t<div class=\"elementor-image-carousel-wrapper swiper\" role=\"region\" aria-roledescription=\"carousel\" aria-label=\"Bild Karussell\" dir=\"ltr\">\n\t\t\t<div class=\"elementor-image-carousel swiper-wrapper\" aria-live=\"off\">\n\t\t\t\t\t\t\t\t<div class=\"swiper-slide\" role=\"group\" aria-roledescription=\"slide\" aria-label=\"1 von 3\"><a data-elementor-open-lightbox=\"yes\" data-elementor-lightbox-slideshow=\"df8455c\" data-e-action-hash=\"#elementor-action%3Aaction%3Dlightbox%26settings%3DeyJpZCI6MTMxNiwidXJsIjoiaHR0cHM6XC9cL3NjaGFlZmxpLmNoXC93cC1jb250ZW50XC91cGxvYWRzXC8yMDIwXC8wN1wvRm90b19VXHUwMzA4YmVyLXVuc19HZXNjaGljaHRlXzQuanBnIiwic2xpZGVzaG93IjoiZGY4NDU1YyJ9\" href=\"https:\/\/schaefli.ch\/wp-content\/uploads\/2020\/07\/Foto_U\u0308ber-uns_Geschichte_4.jpg\"><figure class=\"swiper-slide-inner\"><img decoding=\"async\" class=\"swiper-slide-image\" src=\"https:\/\/schaefli.ch\/wp-content\/uploads\/elementor\/thumbs\/Foto_U\u0308ber-uns_Geschichte_4-ov7l87gd383hrvyo206wqn4jxlurvtmwgwfw108cnk.jpg\" alt=\"Foto_U\u0308ber-uns_Geschichte_4\" \/><\/figure><\/a><\/div><div class=\"swiper-slide\" role=\"group\" aria-roledescription=\"slide\" aria-label=\"2 von 3\"><a data-elementor-open-lightbox=\"yes\" data-elementor-lightbox-slideshow=\"df8455c\" data-e-action-hash=\"#elementor-action%3Aaction%3Dlightbox%26settings%3DeyJpZCI6MTMxNSwidXJsIjoiaHR0cHM6XC9cL3NjaGFlZmxpLmNoXC93cC1jb250ZW50XC91cGxvYWRzXC8yMDIwXC8wN1wvRm90b19VXHUwMzA4YmVyLXVuc19HZXNjaGljaHRlXzEuanBnIiwic2xpZGVzaG93IjoiZGY4NDU1YyJ9\" href=\"https:\/\/schaefli.ch\/wp-content\/uploads\/2020\/07\/Foto_U\u0308ber-uns_Geschichte_1.jpg\"><figure class=\"swiper-slide-inner\"><img decoding=\"async\" class=\"swiper-slide-image\" src=\"https:\/\/schaefli.ch\/wp-content\/uploads\/elementor\/thumbs\/Foto_U\u0308ber-uns_Geschichte_1-ov7l87gd383hrvyo206wqn4jxlurvtmwgwfw108cnk.jpg\" alt=\"Foto_U\u0308ber-uns_Geschichte_1\" \/><\/figure><\/a><\/div><div class=\"swiper-slide\" role=\"group\" aria-roledescription=\"slide\" aria-label=\"3 von 3\"><a data-elementor-open-lightbox=\"yes\" data-elementor-lightbox-slideshow=\"df8455c\" data-e-action-hash=\"#elementor-action%3Aaction%3Dlightbox%26settings%3DeyJpZCI6MTMxNCwidXJsIjoiaHR0cHM6XC9cL3NjaGFlZmxpLmNoXC93cC1jb250ZW50XC91cGxvYWRzXC8yMDIwXC8wN1wvRm90b19VXHUwMzA4YmVyLXVuc19HZXNjaGljaHRlXzIuanBnIiwic2xpZGVzaG93IjoiZGY4NDU1YyJ9\" href=\"https:\/\/schaefli.ch\/wp-content\/uploads\/2020\/07\/Foto_U\u0308ber-uns_Geschichte_2.jpg\"><figure class=\"swiper-slide-inner\"><img decoding=\"async\" class=\"swiper-slide-image\" src=\"https:\/\/schaefli.ch\/wp-content\/uploads\/elementor\/thumbs\/Foto_U\u0308ber-uns_Geschichte_2-ov7l86iiwe27ga017hsa65d3c7zeo4j64rsejq9qts.jpg\" alt=\"Foto_U\u0308ber-uns_Geschichte_2\" \/><\/figure><\/a><\/div>\t\t\t<\/div>\n\t\t\t\t\t\t\t\n\t\t\t\t\t\t\t\t\t<\/div>\n\t\t\t\t\t\t<\/div>\n\t\t\t\t<\/div>\n\t\t\t\t<div class=\"elementor-element elementor-element-9e9c486 elementor-widget elementor-widget-pp-timeline\" data-id=\"9e9c486\" data-element_type=\"widget\" data-e-type=\"widget\" data-settings=\"{&quot;items_spacing&quot;:{&quot;unit&quot;:&quot;px&quot;,&quot;size&quot;:65,&quot;sizes&quot;:[]},&quot;items_spacing_tablet&quot;:{&quot;unit&quot;:&quot;px&quot;,&quot;size&quot;:25,&quot;sizes&quot;:[]},&quot;items_spacing_mobile&quot;:{&quot;unit&quot;:&quot;px&quot;,&quot;size&quot;:15,&quot;sizes&quot;:[]},&quot;layout&quot;:&quot;vertical&quot;,&quot;dates&quot;:&quot;yes&quot;,&quot;card_arrow&quot;:&quot;yes&quot;,&quot;animate_cards&quot;:&quot;yes&quot;,&quot;direction&quot;:&quot;center&quot;,&quot;direction_tablet&quot;:&quot;left&quot;,&quot;direction_mobile&quot;:&quot;left&quot;}\" data-widget_type=\"pp-timeline.default\">\n\t\t\t\t<div class=\"elementor-widget-container\">\n\t\t\t\t\t\t\t<div class=\"pp-timeline-wrapper\">\n\t\t\t\n\t\t\t<div class=\"pp-timeline pp-timeline-with-pagination pp-timeline-vertical pp-timeline-center pp-timeline-dates pp-timeline-arrows-top\" data-query-type=\"\" data-page=\"161\">\n\t\t\t\t\t\t\t\t\t<div class=\"pp-timeline-connector-wrap\">\n\t\t\t\t\t\t<div class=\"pp-timeline-connector\">\n\t\t\t\t\t\t\t<div class=\"pp-timeline-connector-inner\">\n\t\t\t\t\t\t\t<\/div>\n\t\t\t\t\t\t<\/div>\n\t\t\t\t\t<\/div>\n\t\t\t\t\t\t\t\t<div class=\"pp-timeline-items\">\n\t\t\t\t\t<div >\n\t\t\t\t\t\t\t\t\t<div class=\"pp-timeline-item pp-timeline-item-left elementor-repeater-item-c019174 pp-timeline-item-hidden\">\n\t\t\t\t<div class=\"pp-timeline-card-wrapper\">\n\t\t\t\t\t\t\t\t\t\t\t\t\t\t\t<div class=\"pp-timeline-arrow\"><\/div>\n\t\t\t\t\t\t\t\t\t\t<div class=\"pp-timeline-card\">\n\t\t\t\t\t\t\t\t\t\t\t\t\t\t\t\t\t\t\t<div class=\"pp-timeline-card-title-wrap\">\n\t\t\t\t\t\t\t\t\t\t\t\t\t\t\t\t\t\t\t\t\t\t\t\t\t\t\t<div class=\"pp-timeline-card-date\">\n\t\t\t\t\t\t\t\t\t\t\t1971\t\t\t\t\t\t\t\t\t\t<\/div>\n\t\t\t\t\t\t\t\t\t\t\t\t\t\t\t\t\t\t\t\t\t\t\t\t\t\t\t\t\t\t\t\t\t\t\t\t\t\t\t\t\t\t\t<h2 class=\"pp-timeline-card-title\">\n\t\t\t\t\t\t\t\t\t\tViktor Sch\u00e4fli founds the company \t\t\t\t\t\t\t\t\t<\/h2>\n\t\t\t\t\t\t\t\t\t\t\t\t\t\t\t<\/div>\n\t\t\t\t\t\t\t\t\t\t\t\t\t\t\t\t\t\t\t\t\t\t\t\t\t<div class=\"pp-timeline-card-content\">\n\t\t\t\t\t\t\t\t \t\t\t\t\t\t\t<\/div>\n\t\t\t\t\t\t\t\t\t\t\t<\/div>\n\t\t\t\t\t\t\t\t\t\t<\/a>\n\t\t\t\t\t\t\t\t\t<\/div>\n\n\t\t\t\t\t\t\t\t\t\t\t<div class=\"pp-timeline-marker-wrapper\">\n\t\t\t\n\t\t\t<div class=\"pp-timeline-marker\">\n\t\t\t\t\t\t\t\t\t\t<span class=\"pp-icon\">\n\t\t\t\t\t\t<i aria-hidden=\"true\" class=\"fas fa-calendar\"><\/i>\t\t\t\t\t\t<\/span>\n\t\t\t\t\t\t\t\t\t<\/div>\n\t\t<\/div>\n\t\t\t\t\t<div class=\"pp-timeline-card-date-wrapper\">\n\t\t\t\t\t\t\t\t\t<div class=\"pp-timeline-card-date\">\n\t\t\t\t\t\t1971\t\t\t\t\t<\/div>\n\t\t\t\t\t\t\t<\/div>\n\t\t\t\t\t\t\t\t\t\t\t<\/div>\n\t\t\t\t\t\t<div class=\"pp-timeline-item pp-timeline-item-right elementor-repeater-item-68e2477 pp-timeline-item-hidden\">\n\t\t\t\t<div class=\"pp-timeline-card-wrapper\">\n\t\t\t\t\t\t\t\t\t\t\t\t\t\t\t<div class=\"pp-timeline-arrow\"><\/div>\n\t\t\t\t\t\t\t\t\t\t<div class=\"pp-timeline-card\">\n\t\t\t\t\t\t\t\t\t\t\t\t\t\t\t\t\t\t\t<div class=\"pp-timeline-card-title-wrap\">\n\t\t\t\t\t\t\t\t\t\t\t\t\t\t\t\t\t\t\t\t\t\t\t\t\t\t\t<div class=\"pp-timeline-card-date\">\n\t\t\t\t\t\t\t\t\t\t\t1977\t\t\t\t\t\t\t\t\t\t<\/div>\n\t\t\t\t\t\t\t\t\t\t\t\t\t\t\t\t\t\t\t\t\t\t\t\t\t\t\t\t\t\t\t\t\t\t\t\t\t\t\t\t\t\t\t<h2 class=\"pp-timeline-card-title\">\n\t\t\t\t\t\t\t\t\t\tTakeover of the removal vans from Tanner AG \t\t\t\t\t\t\t\t\t<\/h2>\n\t\t\t\t\t\t\t\t\t\t\t\t\t\t\t<\/div>\n\t\t\t\t\t\t\t\t\t\t\t\t\t\t\t\t\t\t\t\t\t\t\t<\/div>\n\t\t\t\t\t\t\t\t\t\t<\/a>\n\t\t\t\t\t\t\t\t\t<\/div>\n\n\t\t\t\t\t\t\t\t\t\t\t<div class=\"pp-timeline-marker-wrapper\">\n\t\t\t\n\t\t\t<div class=\"pp-timeline-marker\">\n\t\t\t\t\t\t\t\t\t\t<span class=\"pp-icon\">\n\t\t\t\t\t\t<i aria-hidden=\"true\" class=\"fas fa-calendar\"><\/i>\t\t\t\t\t\t<\/span>\n\t\t\t\t\t\t\t\t\t<\/div>\n\t\t<\/div>\n\t\t\t\t\t<div class=\"pp-timeline-card-date-wrapper\">\n\t\t\t\t\t\t\t\t\t<div class=\"pp-timeline-card-date\">\n\t\t\t\t\t\t1977\t\t\t\t\t<\/div>\n\t\t\t\t\t\t\t<\/div>\n\t\t\t\t\t\t\t\t\t\t\t<\/div>\n\t\t\t\t\t\t<div class=\"pp-timeline-item pp-timeline-item-left elementor-repeater-item-3018716 pp-timeline-item-hidden\">\n\t\t\t\t<div class=\"pp-timeline-card-wrapper\">\n\t\t\t\t\t\t\t\t\t\t\t\t\t\t\t<div class=\"pp-timeline-arrow\"><\/div>\n\t\t\t\t\t\t\t\t\t\t<div class=\"pp-timeline-card\">\n\t\t\t\t\t\t\t\t\t\t\t\t\t\t\t\t\t\t\t<div class=\"pp-timeline-card-title-wrap\">\n\t\t\t\t\t\t\t\t\t\t\t\t\t\t\t\t\t\t\t\t\t\t\t\t\t\t\t<div class=\"pp-timeline-card-date\">\n\t\t\t\t\t\t\t\t\t\t\t1982\t\t\t\t\t\t\t\t\t\t<\/div>\n\t\t\t\t\t\t\t\t\t\t\t\t\t\t\t\t\t\t\t\t\t\t\t\t\t\t\t\t\t\t\t\t\t\t\t\t\t\t\t\t\t\t\t<h2 class=\"pp-timeline-card-title\">\n\t\t\t\t\t\t\t\t\t\tConstruction of the business and residential property on Schweizerersbildstrasse in Schaffhausen \t\t\t\t\t\t\t\t\t<\/h2>\n\t\t\t\t\t\t\t\t\t\t\t\t\t\t\t<\/div>\n\t\t\t\t\t\t\t\t\t\t\t\t\t\t\t\t\t\t\t\t\t\t\t<\/div>\n\t\t\t\t\t\t\t\t\t\t<\/a>\n\t\t\t\t\t\t\t\t\t<\/div>\n\n\t\t\t\t\t\t\t\t\t\t\t<div class=\"pp-timeline-marker-wrapper\">\n\t\t\t\n\t\t\t<div class=\"pp-timeline-marker\">\n\t\t\t\t\t\t\t\t\t\t<span class=\"pp-icon\">\n\t\t\t\t\t\t<i aria-hidden=\"true\" class=\"fas fa-calendar\"><\/i>\t\t\t\t\t\t<\/span>\n\t\t\t\t\t\t\t\t\t<\/div>\n\t\t<\/div>\n\t\t\t\t\t<div class=\"pp-timeline-card-date-wrapper\">\n\t\t\t\t\t\t\t\t\t<div class=\"pp-timeline-card-date\">\n\t\t\t\t\t\t1982\t\t\t\t\t<\/div>\n\t\t\t\t\t\t\t<\/div>\n\t\t\t\t\t\t\t\t\t\t\t<\/div>\n\t\t\t\t\t\t<div class=\"pp-timeline-item pp-timeline-item-right elementor-repeater-item-94a518d pp-timeline-item-hidden\">\n\t\t\t\t<div class=\"pp-timeline-card-wrapper\">\n\t\t\t\t\t\t\t\t\t\t\t\t\t\t\t<div class=\"pp-timeline-arrow\"><\/div>\n\t\t\t\t\t\t\t\t\t\t<div class=\"pp-timeline-card\">\n\t\t\t\t\t\t\t\t\t\t\t\t\t\t\t\t\t\t\t<div class=\"pp-timeline-card-title-wrap\">\n\t\t\t\t\t\t\t\t\t\t\t\t\t\t\t\t\t\t\t\t\t\t\t\t\t\t\t<div class=\"pp-timeline-card-date\">\n\t\t\t\t\t\t\t\t\t\t\t1987\t\t\t\t\t\t\t\t\t\t<\/div>\n\t\t\t\t\t\t\t\t\t\t\t\t\t\t\t\t\t\t\t\t\t\t\t\t\t\t\t\t\t\t\t\t\t\t\t\t\t\t\t\t\t\t\t<h2 class=\"pp-timeline-card-title\">\n\t\t\t\t\t\t\t\t\t\tTakeover of the company by daughter Beatrice Sch\u00e4fli and her husband Hanspeter H\u00fcmbeli \t\t\t\t\t\t\t\t\t<\/h2>\n\t\t\t\t\t\t\t\t\t\t\t\t\t\t\t<\/div>\n\t\t\t\t\t\t\t\t\t\t\t\t\t\t\t\t\t\t\t\t\t\t\t<\/div>\n\t\t\t\t\t\t\t\t\t\t<\/a>\n\t\t\t\t\t\t\t\t\t<\/div>\n\n\t\t\t\t\t\t\t\t\t\t\t<div class=\"pp-timeline-marker-wrapper\">\n\t\t\t\n\t\t\t<div class=\"pp-timeline-marker\">\n\t\t\t\t\t\t\t\t\t\t<span class=\"pp-icon\">\n\t\t\t\t\t\t<i aria-hidden=\"true\" class=\"fas fa-calendar\"><\/i>\t\t\t\t\t\t<\/span>\n\t\t\t\t\t\t\t\t\t<\/div>\n\t\t<\/div>\n\t\t\t\t\t<div class=\"pp-timeline-card-date-wrapper\">\n\t\t\t\t\t\t\t\t\t<div class=\"pp-timeline-card-date\">\n\t\t\t\t\t\t1987\t\t\t\t\t<\/div>\n\t\t\t\t\t\t\t<\/div>\n\t\t\t\t\t\t\t\t\t\t\t<\/div>\n\t\t\t\t\t\t<div class=\"pp-timeline-item pp-timeline-item-left elementor-repeater-item-ffcb64f pp-timeline-item-hidden\">\n\t\t\t\t<div class=\"pp-timeline-card-wrapper\">\n\t\t\t\t\t\t\t\t\t\t\t\t\t\t\t<div class=\"pp-timeline-arrow\"><\/div>\n\t\t\t\t\t\t\t\t\t\t<div class=\"pp-timeline-card\">\n\t\t\t\t\t\t\t\t\t\t\t\t\t\t\t\t\t\t\t<div class=\"pp-timeline-card-title-wrap\">\n\t\t\t\t\t\t\t\t\t\t\t\t\t\t\t\t\t\t\t\t\t\t\t\t\t\t\t<div class=\"pp-timeline-card-date\">\n\t\t\t\t\t\t\t\t\t\t\t1995\t\t\t\t\t\t\t\t\t\t<\/div>\n\t\t\t\t\t\t\t\t\t\t\t\t\t\t\t\t\t\t\t\t\t\t\t\t\t\t\t\t\t\t\t\t\t\t\t\t\t\t\t\t\t\t\t<h2 class=\"pp-timeline-card-title\">\n\t\t\t\t\t\t\t\t\t\tExpansion of the company through a modern workshop to maintain the fleet \t\t\t\t\t\t\t\t\t<\/h2>\n\t\t\t\t\t\t\t\t\t\t\t\t\t\t\t<\/div>\n\t\t\t\t\t\t\t\t\t\t\t\t\t\t\t\t\t\t\t\t\t\t\t<\/div>\n\t\t\t\t\t\t\t\t\t\t<\/a>\n\t\t\t\t\t\t\t\t\t<\/div>\n\n\t\t\t\t\t\t\t\t\t\t\t<div class=\"pp-timeline-marker-wrapper\">\n\t\t\t\n\t\t\t<div class=\"pp-timeline-marker\">\n\t\t\t\t\t\t\t\t\t\t<span class=\"pp-icon\">\n\t\t\t\t\t\t<i aria-hidden=\"true\" class=\"fas fa-calendar\"><\/i>\t\t\t\t\t\t<\/span>\n\t\t\t\t\t\t\t\t\t<\/div>\n\t\t<\/div>\n\t\t\t\t\t<div class=\"pp-timeline-card-date-wrapper\">\n\t\t\t\t\t\t\t\t\t<div class=\"pp-timeline-card-date\">\n\t\t\t\t\t\t1995\t\t\t\t\t<\/div>\n\t\t\t\t\t\t\t<\/div>\n\t\t\t\t\t\t\t\t\t\t\t<\/div>\n\t\t\t\t\t\t<div class=\"pp-timeline-item pp-timeline-item-right elementor-repeater-item-031fc40 pp-timeline-item-hidden\">\n\t\t\t\t<div class=\"pp-timeline-card-wrapper\">\n\t\t\t\t\t\t\t\t\t\t\t\t\t\t\t<div class=\"pp-timeline-arrow\"><\/div>\n\t\t\t\t\t\t\t\t\t\t<div class=\"pp-timeline-card\">\n\t\t\t\t\t\t\t\t\t\t\t\t\t\t\t\t\t\t\t<div class=\"pp-timeline-card-title-wrap\">\n\t\t\t\t\t\t\t\t\t\t\t\t\t\t\t\t\t\t\t\t\t\t\t\t\t\t\t<div class=\"pp-timeline-card-date\">\n\t\t\t\t\t\t\t\t\t\t\t1999\t\t\t\t\t\t\t\t\t\t<\/div>\n\t\t\t\t\t\t\t\t\t\t\t\t\t\t\t\t\t\t\t\t\t\t\t\t\t\t\t\t\t\t\t\t\t\t\t\t\t\t\t\t\t\t\t<h2 class=\"pp-timeline-card-title\">\n\t\t\t\t\t\t\t\t\t\tExpansion of the range of services with the takeover of the parcel delivery service from DPD (Switzerland) AG in the Schaffhausen region \t\t\t\t\t\t\t\t\t<\/h2>\n\t\t\t\t\t\t\t\t\t\t\t\t\t\t\t<\/div>\n\t\t\t\t\t\t\t\t\t\t\t\t\t\t\t\t\t\t\t\t\t\t\t<\/div>\n\t\t\t\t\t\t\t\t\t\t<\/a>\n\t\t\t\t\t\t\t\t\t<\/div>\n\n\t\t\t\t\t\t\t\t\t\t\t<div class=\"pp-timeline-marker-wrapper\">\n\t\t\t\n\t\t\t<div class=\"pp-timeline-marker\">\n\t\t\t\t\t\t\t\t\t\t<span class=\"pp-icon\">\n\t\t\t\t\t\t<i aria-hidden=\"true\" class=\"fas fa-calendar\"><\/i>\t\t\t\t\t\t<\/span>\n\t\t\t\t\t\t\t\t\t<\/div>\n\t\t<\/div>\n\t\t\t\t\t<div class=\"pp-timeline-card-date-wrapper\">\n\t\t\t\t\t\t\t\t\t<div class=\"pp-timeline-card-date\">\n\t\t\t\t\t\t1999\t\t\t\t\t<\/div>\n\t\t\t\t\t\t\t<\/div>\n\t\t\t\t\t\t\t\t\t\t\t<\/div>\n\t\t\t\t\t\t<div class=\"pp-timeline-item pp-timeline-item-left elementor-repeater-item-825754d pp-timeline-item-hidden\">\n\t\t\t\t<div class=\"pp-timeline-card-wrapper\">\n\t\t\t\t\t\t\t\t\t\t\t\t\t\t\t<div class=\"pp-timeline-arrow\"><\/div>\n\t\t\t\t\t\t\t\t\t\t<div class=\"pp-timeline-card\">\n\t\t\t\t\t\t\t\t\t\t\t\t\t\t\t\t\t\t\t<div class=\"pp-timeline-card-title-wrap\">\n\t\t\t\t\t\t\t\t\t\t\t\t\t\t\t\t\t\t\t\t\t\t\t\t\t\t\t<div class=\"pp-timeline-card-date\">\n\t\t\t\t\t\t\t\t\t\t\t2005\t\t\t\t\t\t\t\t\t\t<\/div>\n\t\t\t\t\t\t\t\t\t\t\t\t\t\t\t\t\t\t\t\t\t\t\t\t\t\t\t\t\t\t\t\t\t\t\t\t\t\t\t\t\t\t\t<h2 class=\"pp-timeline-card-title\">\n\t\t\t\t\t\t\t\t\t\tAcquisition of Crespo Transporte.\u00a0Since then regular moves and transports Switzerland - Spain \t\t\t\t\t\t\t\t\t<\/h2>\n\t\t\t\t\t\t\t\t\t\t\t\t\t\t\t<\/div>\n\t\t\t\t\t\t\t\t\t\t\t\t\t\t\t\t\t\t\t\t\t\t\t<\/div>\n\t\t\t\t\t\t\t\t\t\t<\/a>\n\t\t\t\t\t\t\t\t\t<\/div>\n\n\t\t\t\t\t\t\t\t\t\t\t<div class=\"pp-timeline-marker-wrapper\">\n\t\t\t\n\t\t\t<div class=\"pp-timeline-marker\">\n\t\t\t\t\t\t\t\t\t\t<span class=\"pp-icon\">\n\t\t\t\t\t\t<i aria-hidden=\"true\" class=\"fas fa-calendar\"><\/i>\t\t\t\t\t\t<\/span>\n\t\t\t\t\t\t\t\t\t<\/div>\n\t\t<\/div>\n\t\t\t\t\t<div class=\"pp-timeline-card-date-wrapper\">\n\t\t\t\t\t\t\t\t\t<div class=\"pp-timeline-card-date\">\n\t\t\t\t\t\t2005\t\t\t\t\t<\/div>\n\t\t\t\t\t\t\t<\/div>\n\t\t\t\t\t\t\t\t\t\t\t<\/div>\n\t\t\t\t\t\t<div class=\"pp-timeline-item pp-timeline-item-right elementor-repeater-item-85edf15 pp-timeline-item-hidden\">\n\t\t\t\t<div class=\"pp-timeline-card-wrapper\">\n\t\t\t\t\t\t\t\t\t\t\t\t\t\t\t<div class=\"pp-timeline-arrow\"><\/div>\n\t\t\t\t\t\t\t\t\t\t<div class=\"pp-timeline-card\">\n\t\t\t\t\t\t\t\t\t\t\t\t\t\t\t\t\t\t\t<div class=\"pp-timeline-card-title-wrap\">\n\t\t\t\t\t\t\t\t\t\t\t\t\t\t\t\t\t\t\t\t\t\t\t\t\t\t\t<div class=\"pp-timeline-card-date\">\n\t\t\t\t\t\t\t\t\t\t\t2006\t\t\t\t\t\t\t\t\t\t<\/div>\n\t\t\t\t\t\t\t\t\t\t\t\t\t\t\t\t\t\t\t\t\t\t\t\t\t\t\t\t\t\t\t\t\t\t\t\t\t\t\t\t\t\t\t<h2 class=\"pp-timeline-card-title\">\n\t\t\t\t\t\t\t\t\t\tAcquisition and renovation of the property at M\u00fchlentalstrasse 174 in Schaffhausen with subsequent relocation of the company headquarters to the new business and storage rooms \t\t\t\t\t\t\t\t\t<\/h2>\n\t\t\t\t\t\t\t\t\t\t\t\t\t\t\t<\/div>\n\t\t\t\t\t\t\t\t\t\t\t\t\t\t\t\t\t\t\t\t\t\t\t<\/div>\n\t\t\t\t\t\t\t\t\t\t<\/a>\n\t\t\t\t\t\t\t\t\t<\/div>\n\n\t\t\t\t\t\t\t\t\t\t\t<div class=\"pp-timeline-marker-wrapper\">\n\t\t\t\n\t\t\t<div class=\"pp-timeline-marker\">\n\t\t\t\t\t\t\t\t\t\t<span class=\"pp-icon\">\n\t\t\t\t\t\t<i aria-hidden=\"true\" class=\"fas fa-calendar\"><\/i>\t\t\t\t\t\t<\/span>\n\t\t\t\t\t\t\t\t\t<\/div>\n\t\t<\/div>\n\t\t\t\t\t<div class=\"pp-timeline-card-date-wrapper\">\n\t\t\t\t\t\t\t\t\t<div class=\"pp-timeline-card-date\">\n\t\t\t\t\t\t2006\t\t\t\t\t<\/div>\n\t\t\t\t\t\t\t<\/div>\n\t\t\t\t\t\t\t\t\t\t\t<\/div>\n\t\t\t\t\t\t<div class=\"pp-timeline-item pp-timeline-item-left elementor-repeater-item-b3dad09 pp-timeline-item-hidden\">\n\t\t\t\t<div class=\"pp-timeline-card-wrapper\">\n\t\t\t\t\t\t\t\t\t\t\t\t\t\t\t<div class=\"pp-timeline-arrow\"><\/div>\n\t\t\t\t\t\t\t\t\t\t<div class=\"pp-timeline-card\">\n\t\t\t\t\t\t\t\t\t\t\t\t\t\t\t\t\t\t\t<div class=\"pp-timeline-card-title-wrap\">\n\t\t\t\t\t\t\t\t\t\t\t\t\t\t\t\t\t\t\t\t\t\t\t\t\t\t\t<div class=\"pp-timeline-card-date\">\n\t\t\t\t\t\t\t\t\t\t\t2008\t\t\t\t\t\t\t\t\t\t<\/div>\n\t\t\t\t\t\t\t\t\t\t\t\t\t\t\t\t\t\t\t\t\t\t\t\t\t\t\t\t\t\t\t\t\t\t\t\t\t\t\t\t\t\t\t<h2 class=\"pp-timeline-card-title\">\n\t\t\t\t\t\t\t\t\t\tExpansion of the range of services to include the new furniture logistics division; storage, picking, delivery and installation of new furniture from a large furniture store chain\t\t\t\t\t\t\t\t\t<\/h2>\n\t\t\t\t\t\t\t\t\t\t\t\t\t\t\t<\/div>\n\t\t\t\t\t\t\t\t\t\t\t\t\t\t\t\t\t\t\t\t\t\t\t<\/div>\n\t\t\t\t\t\t\t\t\t\t<\/a>\n\t\t\t\t\t\t\t\t\t<\/div>\n\n\t\t\t\t\t\t\t\t\t\t\t<div class=\"pp-timeline-marker-wrapper\">\n\t\t\t\n\t\t\t<div class=\"pp-timeline-marker\">\n\t\t\t\t\t\t\t\t\t\t<span class=\"pp-icon\">\n\t\t\t\t\t\t<i aria-hidden=\"true\" class=\"fas fa-calendar\"><\/i>\t\t\t\t\t\t<\/span>\n\t\t\t\t\t\t\t\t\t<\/div>\n\t\t<\/div>\n\t\t\t\t\t<div class=\"pp-timeline-card-date-wrapper\">\n\t\t\t\t\t\t\t\t\t<div class=\"pp-timeline-card-date\">\n\t\t\t\t\t\t2008\t\t\t\t\t<\/div>\n\t\t\t\t\t\t\t<\/div>\n\t\t\t\t\t\t\t\t\t\t\t<\/div>\n\t\t\t\t\t\t<div class=\"pp-timeline-item pp-timeline-item-right elementor-repeater-item-ae5c3e0 pp-timeline-item-hidden\">\n\t\t\t\t<div class=\"pp-timeline-card-wrapper\">\n\t\t\t\t\t\t\t\t\t\t\t\t\t\t\t<div class=\"pp-timeline-arrow\"><\/div>\n\t\t\t\t\t\t\t\t\t\t<div class=\"pp-timeline-card\">\n\t\t\t\t\t\t\t\t\t\t\t\t\t\t\t\t\t\t\t<div class=\"pp-timeline-card-title-wrap\">\n\t\t\t\t\t\t\t\t\t\t\t\t\t\t\t\t\t\t\t\t\t\t\t\t\t\t\t<div class=\"pp-timeline-card-date\">\n\t\t\t\t\t\t\t\t\t\t\t2011-2012\t\t\t\t\t\t\t\t\t\t<\/div>\n\t\t\t\t\t\t\t\t\t\t\t\t\t\t\t\t\t\t\t\t\t\t\t\t\t\t\t\t\t\t\t\t\t\t\t\t\t\t\t\t\t\t\t<h2 class=\"pp-timeline-card-title\">\n\t\t\t\t\t\t\t\t\t\tVarious renovation and expansion work in the property in Schaffhausen\t\t\t\t\t\t\t\t\t<\/h2>\n\t\t\t\t\t\t\t\t\t\t\t\t\t\t\t<\/div>\n\t\t\t\t\t\t\t\t\t\t\t\t\t\t\t\t\t\t\t\t\t\t\t<\/div>\n\t\t\t\t\t\t\t\t\t\t<\/a>\n\t\t\t\t\t\t\t\t\t<\/div>\n\n\t\t\t\t\t\t\t\t\t\t\t<div class=\"pp-timeline-marker-wrapper\">\n\t\t\t\n\t\t\t<div class=\"pp-timeline-marker\">\n\t\t\t\t\t\t\t\t\t\t<span class=\"pp-icon\">\n\t\t\t\t\t\t<i aria-hidden=\"true\" class=\"fas fa-calendar\"><\/i>\t\t\t\t\t\t<\/span>\n\t\t\t\t\t\t\t\t\t<\/div>\n\t\t<\/div>\n\t\t\t\t\t<div class=\"pp-timeline-card-date-wrapper\">\n\t\t\t\t\t\t\t\t\t<div class=\"pp-timeline-card-date\">\n\t\t\t\t\t\t2011-2012\t\t\t\t\t<\/div>\n\t\t\t\t\t\t\t<\/div>\n\t\t\t\t\t\t\t\t\t\t\t<\/div>\n\t\t\t\t\t\t<div class=\"pp-timeline-item pp-timeline-item-left elementor-repeater-item-9769044 pp-timeline-item-hidden\">\n\t\t\t\t<div class=\"pp-timeline-card-wrapper\">\n\t\t\t\t\t\t\t\t\t\t\t\t\t\t\t<div class=\"pp-timeline-arrow\"><\/div>\n\t\t\t\t\t\t\t\t\t\t<div class=\"pp-timeline-card\">\n\t\t\t\t\t\t\t\t\t\t\t\t\t\t\t\t\t\t\t<div class=\"pp-timeline-card-title-wrap\">\n\t\t\t\t\t\t\t\t\t\t\t\t\t\t\t\t\t\t\t\t\t\t\t\t\t\t\t<div class=\"pp-timeline-card-date\">\n\t\t\t\t\t\t\t\t\t\t\t2014\t\t\t\t\t\t\t\t\t\t<\/div>\n\t\t\t\t\t\t\t\t\t\t\t\t\t\t\t\t\t\t\t\t\t\t\t\t\t\t\t\t\t\t\t\t\t\t\t\t\t\t\t\t\t\t\t<h2 class=\"pp-timeline-card-title\">\n\t\t\t\t\t\t\t\t\t\tExpansion of storage facilities at the headquarters at M\u00fchlentalstrasse 174 in Schaffhausen\t\t\t\t\t\t\t\t\t<\/h2>\n\t\t\t\t\t\t\t\t\t\t\t\t\t\t\t<\/div>\n\t\t\t\t\t\t\t\t\t\t\t\t\t\t\t\t\t\t\t\t\t\t\t<\/div>\n\t\t\t\t\t\t\t\t\t\t<\/a>\n\t\t\t\t\t\t\t\t\t<\/div>\n\n\t\t\t\t\t\t\t\t\t\t\t<div class=\"pp-timeline-marker-wrapper\">\n\t\t\t\n\t\t\t<div class=\"pp-timeline-marker\">\n\t\t\t\t\t\t\t\t\t\t<span class=\"pp-icon\">\n\t\t\t\t\t\t<i aria-hidden=\"true\" class=\"fas fa-calendar\"><\/i>\t\t\t\t\t\t<\/span>\n\t\t\t\t\t\t\t\t\t<\/div>\n\t\t<\/div>\n\t\t\t\t\t<div class=\"pp-timeline-card-date-wrapper\">\n\t\t\t\t\t\t\t\t\t<div class=\"pp-timeline-card-date\">\n\t\t\t\t\t\t2014\t\t\t\t\t<\/div>\n\t\t\t\t\t\t\t<\/div>\n\t\t\t\t\t\t\t\t\t\t\t<\/div>\n\t\t\t\t\t\t<div class=\"pp-timeline-item pp-timeline-item-right elementor-repeater-item-7f3e296 pp-timeline-item-hidden\">\n\t\t\t\t<div class=\"pp-timeline-card-wrapper\">\n\t\t\t\t\t\t\t\t\t\t\t\t\t\t\t<div class=\"pp-timeline-arrow\"><\/div>\n\t\t\t\t\t\t\t\t\t\t<div class=\"pp-timeline-card\">\n\t\t\t\t\t\t\t\t\t\t\t\t\t\t\t\t\t\t\t<div class=\"pp-timeline-card-title-wrap\">\n\t\t\t\t\t\t\t\t\t\t\t\t\t\t\t\t\t\t\t\t\t\t\t\t\t\t\t<div class=\"pp-timeline-card-date\">\n\t\t\t\t\t\t\t\t\t\t\t2017\t\t\t\t\t\t\t\t\t\t<\/div>\n\t\t\t\t\t\t\t\t\t\t\t\t\t\t\t\t\t\t\t\t\t\t\t\t\t\t\t\t\t\t\t\t\t\t\t\t\t\t\t\t\t\t\t<h2 class=\"pp-timeline-card-title\">\n\t\t\t\t\t\t\t\t\t\tStart of external customer work in the internal vehicle workshop as well as enlargements to the premises, purchase of various test devices and expansion of the workshop team.\u2028\t\t\t\t\t\t\t\t\t<\/h2>\n\t\t\t\t\t\t\t\t\t\t\t\t\t\t\t<\/div>\n\t\t\t\t\t\t\t\t\t\t\t\t\t\t\t\t\t\t\t\t\t\t\t<\/div>\n\t\t\t\t\t\t\t\t\t\t<\/a>\n\t\t\t\t\t\t\t\t\t<\/div>\n\n\t\t\t\t\t\t\t\t\t\t\t<div class=\"pp-timeline-marker-wrapper\">\n\t\t\t\n\t\t\t<div class=\"pp-timeline-marker\">\n\t\t\t\t\t\t\t\t\t\t<span class=\"pp-icon\">\n\t\t\t\t\t\t<i aria-hidden=\"true\" class=\"fas fa-calendar\"><\/i>\t\t\t\t\t\t<\/span>\n\t\t\t\t\t\t\t\t\t<\/div>\n\t\t<\/div>\n\t\t\t\t\t<div class=\"pp-timeline-card-date-wrapper\">\n\t\t\t\t\t\t\t\t\t<div class=\"pp-timeline-card-date\">\n\t\t\t\t\t\t2017\t\t\t\t\t<\/div>\n\t\t\t\t\t\t\t<\/div>\n\t\t\t\t\t\t\t\t\t\t\t<\/div>\n\t\t\t\t\t\t<div class=\"pp-timeline-item pp-timeline-item-left elementor-repeater-item-0d4e0af pp-timeline-item-hidden\">\n\t\t\t\t<div class=\"pp-timeline-card-wrapper\">\n\t\t\t\t\t\t\t\t\t\t\t\t\t\t\t<div class=\"pp-timeline-arrow\"><\/div>\n\t\t\t\t\t\t\t\t\t\t<div class=\"pp-timeline-card\">\n\t\t\t\t\t\t\t\t\t\t\t\t\t\t\t\t\t\t\t<div class=\"pp-timeline-card-title-wrap\">\n\t\t\t\t\t\t\t\t\t\t\t\t\t\t\t\t\t\t\t\t\t\t\t\t\t\t\t<div class=\"pp-timeline-card-date\">\n\t\t\t\t\t\t\t\t\t\t\t2018\t\t\t\t\t\t\t\t\t\t<\/div>\n\t\t\t\t\t\t\t\t\t\t\t\t\t\t\t\t\t\t\t\t\t\t\t\t\t\t\t\t\t\t\t\t\t\t\t\t\t\t\t\t\t\t\t<h2 class=\"pp-timeline-card-title\">\n\t\t\t\t\t\t\t\t\t\tManagement passed from Beatrice Sch\u00e4fli to her son Viktor H\u00fcmbeli\t\t\t\t\t\t\t\t\t<\/h2>\n\t\t\t\t\t\t\t\t\t\t\t\t\t\t\t<\/div>\n\t\t\t\t\t\t\t\t\t\t\t\t\t\t\t\t\t\t\t\t\t\t\t<\/div>\n\t\t\t\t\t\t\t\t\t\t<\/a>\n\t\t\t\t\t\t\t\t\t<\/div>\n\n\t\t\t\t\t\t\t\t\t\t\t<div class=\"pp-timeline-marker-wrapper\">\n\t\t\t\n\t\t\t<div class=\"pp-timeline-marker\">\n\t\t\t\t\t\t\t\t\t\t<span class=\"pp-icon\">\n\t\t\t\t\t\t<i aria-hidden=\"true\" class=\"fas fa-calendar\"><\/i>\t\t\t\t\t\t<\/span>\n\t\t\t\t\t\t\t\t\t<\/div>\n\t\t<\/div>\n\t\t\t\t\t<div class=\"pp-timeline-card-date-wrapper\">\n\t\t\t\t\t\t\t\t\t<div class=\"pp-timeline-card-date\">\n\t\t\t\t\t\t2018\t\t\t\t\t<\/div>\n\t\t\t\t\t\t\t<\/div>\n\t\t\t\t\t\t\t\t\t\t\t<\/div>\n\t\t\t\t\t\t\t\t<\/div>\n\t\t\t\t<\/div>\n\t\t\t\t\t\t\t<\/div>\n\n\t\t\t\t\t<\/div>\n\t\t\t\t\t\t<\/div>\n\t\t\t\t<\/div>\n\t\t\t\t<div class=\"elementor-element elementor-element-6b34918 elementor-widget elementor-widget-menu-anchor\" data-id=\"6b34918\" data-element_type=\"widget\" data-e-type=\"widget\" data-widget_type=\"menu-anchor.default\">\n\t\t\t\t<div class=\"elementor-widget-container\">\n\t\t\t\t\t\t\t<div class=\"elementor-menu-anchor\" id=\"stellenanzeigen\"><\/div>\n\t\t\t\t\t\t<\/div>\n\t\t\t\t<\/div>\n\t\t\t\t\t<\/div>\n\t\t<\/div>\n\t\t\t\t\t<\/div>\n\t\t<\/section>\n\t\t\t\t<section class=\"elementor-section elementor-top-section elementor-element elementor-element-0d24ef5 elementor-reverse-mobile elementor-section-boxed elementor-section-height-default elementor-section-height-default\" data-id=\"0d24ef5\" data-element_type=\"section\" data-e-type=\"section\" data-settings=\"{&quot;background_background&quot;:&quot;classic&quot;}\">\n\t\t\t\t\t\t<div class=\"elementor-container elementor-column-gap-default\">\n\t\t\t\t\t<div class=\"elementor-column elementor-col-100 elementor-top-column elementor-element elementor-element-41d79fa elementor-invisible\" data-id=\"41d79fa\" data-element_type=\"column\" data-e-type=\"column\" data-settings=\"{&quot;animation&quot;:&quot;fadeInLeft&quot;,&quot;animation_delay&quot;:&quot;100&quot;}\">\n\t\t\t<div class=\"elementor-widget-wrap elementor-element-populated\">\n\t\t\t\t\t\t<div class=\"elementor-element elementor-element-4450433 elementor-widget elementor-widget-menu-anchor\" data-id=\"4450433\" data-element_type=\"widget\" data-e-type=\"widget\" data-widget_type=\"menu-anchor.default\">\n\t\t\t\t<div class=\"elementor-widget-container\">\n\t\t\t\t\t\t\t<div class=\"elementor-menu-anchor\" id=\"jobs\"><\/div>\n\t\t\t\t\t\t<\/div>\n\t\t\t\t<\/div>\n\t\t\t\t<div class=\"elementor-element elementor-element-09ebc45 elementor-widget elementor-widget-heading\" data-id=\"09ebc45\" data-element_type=\"widget\" data-e-type=\"widget\" data-widget_type=\"heading.default\">\n\t\t\t\t<div class=\"elementor-widget-container\">\n\t\t\t\t\t<h3 class=\"elementor-heading-title elementor-size-default\">Jobs<\/h3>\t\t\t\t<\/div>\n\t\t\t\t<\/div>\n\t\t\t\t<section class=\"elementor-section elementor-inner-section elementor-element elementor-element-e83f264 elementor-section-full_width elementor-section-height-default elementor-section-height-default\" data-id=\"e83f264\" data-element_type=\"section\" data-e-type=\"section\">\n\t\t\t\t\t\t<div class=\"elementor-container elementor-column-gap-default\">\n\t\t\t\t\t<div class=\"elementor-column elementor-col-100 elementor-inner-column elementor-element elementor-element-a2754d8\" data-id=\"a2754d8\" data-element_type=\"column\" data-e-type=\"column\">\n\t\t\t<div class=\"elementor-widget-wrap elementor-element-populated\">\n\t\t\t\t\t\t<div class=\"elementor-element elementor-element-799681e elementor-widget elementor-widget-toggle\" data-id=\"799681e\" data-element_type=\"widget\" data-e-type=\"widget\" data-widget_type=\"toggle.default\">\n\t\t\t\t<div class=\"elementor-widget-container\">\n\t\t\t\t\t\t\t<div class=\"elementor-toggle\">\n\t\t\t\t\t\t\t<div class=\"elementor-toggle-item\">\n\t\t\t\t\t<div id=\"elementor-tab-title-1271\" class=\"elementor-tab-title\" data-tab=\"1\" role=\"button\" aria-controls=\"elementor-tab-content-1271\" aria-expanded=\"false\">\n\t\t\t\t\t\t\t\t\t\t\t\t<span class=\"elementor-toggle-icon elementor-toggle-icon-left\" aria-hidden=\"true\">\n\t\t\t\t\t\t\t\t\t\t\t\t\t\t\t<span class=\"elementor-toggle-icon-closed\"><i class=\"fas fa-caret-right\"><\/i><\/span>\n\t\t\t\t\t\t\t\t<span class=\"elementor-toggle-icon-opened\"><i class=\"elementor-toggle-icon-opened fas fa-caret-up\"><\/i><\/span>\n\t\t\t\t\t\t\t\t\t\t\t\t\t<\/span>\n\t\t\t\t\t\t\t\t\t\t\t\t<a class=\"elementor-toggle-title\" tabindex=\"0\">Automobil-Mechatroniker\/in Nutzfahrzeuge \/ LKW-Mechatroniker\/in (100 %)<\/a>\n\t\t\t\t\t<\/div>\n\n\t\t\t\t\t<div id=\"elementor-tab-content-1271\" class=\"elementor-tab-content elementor-clearfix\" data-tab=\"1\" role=\"region\" aria-labelledby=\"elementor-tab-title-1271\"><p>Die Sch\u00e4fli Garage ist spezialisiert auf die Fahrzeugelektrik und -diagnose sowie auf den Service und die Reparaturen aller Fahrzeuge verschiedenster Marken, speziell auch Oldtimer, LKW\u2019s und Anh\u00e4nger. Zus\u00e4tzlich zu den Arbeiten an Kundenfahrzeugen sind wir zust\u00e4ndig f\u00fcr den Unterhalt und Service des gesamten Fuhrparks der Firma Sch\u00e4fli AG (ca. 30 Fahrzeuge verschiedener Art).<br \/>Die Sch\u00e4fli Garage ist zudem eine offizielle Montagestelle f\u00fcr den Einbau und die Kalibration von Taxameter, Tachografen und LSVA-Erfassungsger\u00e4ten. Zudem sind wir Mitglied der Interessengemeinschaft Fahrzeugrestauratoren Schweiz (IgFS).<\/p><p>Wir suchen ab 1. September 2025 oder nach Vereinbarung eine\/n:<\/p><p><strong>Automobil-Mechatroniker\/in Nutzfahrzeuge \/ LKW-Mechatroniker\/in (100 %)<br \/><\/strong><strong><br \/><\/strong>Your area of responsibility:<\/p><ul><li>Service, Reparaturen und Unterhalt von verschiedenen Fahrzeugen (LKW\u2019s, Nutzfahrzeuge allgemein, Anh\u00e4nger wie auch Personenwagen) diverser Marken f\u00fcr den internen Fuhrpark der Sch\u00e4fli AG sowie f\u00fcr externe Kunden<\/li><li>Kundenannahme und -Betreuung<\/li><li>Reifenwechsel, Auswuchten und Einlagern<\/li><li>MFK-Bereitstellung diverser Fahrzeuge<\/li><li>Neuinstallation aller Art sowie Spezialanfertigungen<\/li><li>Einbau von Zubeh\u00f6r wie DAB+, Multimediaanlagen, Anh\u00e4ngerkupplungen usw.<\/li><li>Abgaswartung Diesel und Benzin<\/li><li>Klima- und Standheizungsservice<\/li><li>Organisation und Planung von Arbeitsaufgaben, Materialeinkauf, Dokumentation der durchgef\u00fchrten T\u00e4tigkeiten<\/li><li>Mithilfe beim Unterhalt der Liegenschaft<\/li><\/ul><p>Your profile:<\/p><ul><li>Abgeschlossene Berufslehre als Automobil-Mechatroniker\/in EFZ (Fachrichtung Nutzfahrzeuge)<\/li><li>Einige Jahre Berufserfahrung<\/li><li>F\u00fchrerschein Kat. CE<\/li><li>Ausgepr\u00e4gtes Interesse, analytische und selbstst\u00e4ndige Arbeitsweise, probleml\u00f6sende Denkweise<\/li><li>Kundenorientierte, freundliche Pers\u00f6nlichkeit<\/li><li>Sie sind zuverl\u00e4ssig, verantwortungsbewusst, teamf\u00e4hig<\/li><li>Good knowledge of German<\/li><li>Staplerpr\u00fcfung von Vorteil<\/li><\/ul><p>What to expect:<\/p><ul><li>Attractive working conditions<\/li><li>Abwechslungsreiche und anspruchsvolle Aufgaben in einem interessanten Umfeld<\/li><li>Selbstst\u00e4ndiges Arbeiten<\/li><li>Ein professionelles, aufgestelltes und motiviertes Team<\/li><li>Modernste Pr\u00fcfeinrichtungen und qualitativ hochwertiges Arbeitsmaterial<\/li><li>Weiterbildungsm\u00f6glichkeiten<\/li><\/ul><p><strong>We are happy to answer any questions or provide additional information.<\/strong><\/p><p><strong>Bitte senden Sie Ihre vollst\u00e4ndigen Bewerbungsunterlagen per E-Mail an <a href=\"mailto:n.bodinoli@schaefli.ch\">n.bodinoli@schaefli.ch<\/a> oder Post an Sch\u00e4fli AG, Nadja Bodinoli, M\u00fchlentalstrasse 174, 8200 Schaffhausen. Wir freuen uns auf Ihre Bewerbung!<\/strong><\/p><\/div>\n\t\t\t\t<\/div>\n\t\t\t\t\t\t\t<div class=\"elementor-toggle-item\">\n\t\t\t\t\t<div id=\"elementor-tab-title-1272\" class=\"elementor-tab-title\" data-tab=\"2\" role=\"button\" aria-controls=\"elementor-tab-content-1272\" aria-expanded=\"false\">\n\t\t\t\t\t\t\t\t\t\t\t\t<span class=\"elementor-toggle-icon elementor-toggle-icon-left\" aria-hidden=\"true\">\n\t\t\t\t\t\t\t\t\t\t\t\t\t\t\t<span class=\"elementor-toggle-icon-closed\"><i class=\"fas fa-caret-right\"><\/i><\/span>\n\t\t\t\t\t\t\t\t<span class=\"elementor-toggle-icon-opened\"><i class=\"elementor-toggle-icon-opened fas fa-caret-up\"><\/i><\/span>\n\t\t\t\t\t\t\t\t\t\t\t\t\t<\/span>\n\t\t\t\t\t\t\t\t\t\t\t\t<a class=\"elementor-toggle-title\" tabindex=\"0\">Umzugshilfen\u00a0(auf Abruf \/ im Stundenlohn)<\/a>\n\t\t\t\t\t<\/div>\n\n\t\t\t\t\t<div id=\"elementor-tab-content-1272\" class=\"elementor-tab-content elementor-clearfix\" data-tab=\"2\" role=\"region\" aria-labelledby=\"elementor-tab-title-1272\"><p>Zur Verst\u00e4rkung unseres Teams suchen wir ab sofort oder nach Vereinbarung:<br aria-hidden=\"true\" \/><b><\/b><\/p><h4><b><strong>Umzugshilfen<\/strong>\u00a0<strong>(auf Abruf \/ im Stundenlohn)<\/strong><\/b><\/h4><p>Your area of responsibility:<\/p><ul><li>M\u00f6beltr\u00e4ger f\u00fcr Privat- und Firmenumz\u00fcge<\/li><li>Fahrer im Rahmen Ihrer Fahrbewilligung<\/li><li>Packarbeiten<\/li><li>Montagearbeiten<\/li><\/ul><p>Your profile:<\/p><ul><li>Erfahrung als Umzugsfachmann von Vorteil<\/li><li>Fahrbewilligung Kat. B oder mehr von Vorteil<\/li><li>Skilled craftsmanship<\/li><li>Kr\u00e4ftige, ausdauernde und kundenorientierte Pers\u00f6nlichkeit<\/li><li>Zuverl\u00e4ssiger, pflichtbewusster, selbstst\u00e4ndiger und flexibler Teamplayer<\/li><li>Good knowledge of German<\/li><li>Gepflegtes Erscheinungsbild bei der Kundschaft und gute Umgangsformen<\/li><\/ul><p>What to expect:<\/p><ul><li>Attractive working conditions<\/li><li>Abwechslungsreiche Aufgaben in einem interessanten Umfeld<\/li><li>Teamarbeiten wie auch selbstst\u00e4ndiges Arbeiten<\/li><li>Hochwertiges Arbeitsmaterial sowie ein gepflegter Fuhrpark<\/li><li>Ein professionelles, aufgestelltes und junges Team<\/li><\/ul><p class=\"x_Default\"><strong><br \/>Gerne stehen wir Ihnen f\u00fcr Fragen oder erg\u00e4nzende Ausk\u00fcnfte zur Verf\u00fcgung. Bitte senden Sie Ihre vollst\u00e4ndigen Bewerbungsunterlagen per E-Mail <a href=\"mailto:n.bodinoli@schaefli.ch\">n.bodinoli@schaefli.ch<\/a> oder Post an Sch\u00e4fli AG, Nadja Bodinoli, M\u00fchlentalstrasse 174, 8200 Schaffhausen. Wir freuen uns auf Ihre Bewerbung.<\/strong><\/p><\/div>\n\t\t\t\t<\/div>\n\t\t\t\t\t\t\t\t<\/div>\n\t\t\t\t\t\t<\/div>\n\t\t\t\t<\/div>\n\t\t\t\t\t<\/div>\n\t\t<\/div>\n\t\t\t\t\t<\/div>\n\t\t<\/section>\n\t\t\t\t\t<\/div>\n\t\t<\/div>\n\t\t\t\t\t<\/div>\n\t\t<\/section>\n\t\t\t\t<section class=\"elementor-section elementor-top-section elementor-element elementor-element-27ea831 elementor-section-stretched elementor-section-boxed elementor-section-height-default elementor-section-height-default\" data-id=\"27ea831\" data-element_type=\"section\" data-e-type=\"section\" data-settings=\"{&quot;stretch_section&quot;:&quot;section-stretched&quot;,&quot;background_background&quot;:&quot;classic&quot;}\">\n\t\t\t\t\t\t<div class=\"elementor-container elementor-column-gap-default\">\n\t\t\t\t\t<div class=\"elementor-column elementor-col-100 elementor-top-column elementor-element elementor-element-40faefa\" data-id=\"40faefa\" data-element_type=\"column\" data-e-type=\"column\">\n\t\t\t<div class=\"elementor-widget-wrap elementor-element-populated\">\n\t\t\t\t\t\t<div class=\"elementor-element elementor-element-9ef63f8 elementor-widget elementor-widget-menu-anchor\" data-id=\"9ef63f8\" data-element_type=\"widget\" data-e-type=\"widget\" data-widget_type=\"menu-anchor.default\">\n\t\t\t\t<div class=\"elementor-widget-container\">\n\t\t\t\t\t\t\t<div class=\"elementor-menu-anchor\" id=\"news\"><\/div>\n\t\t\t\t\t\t<\/div>\n\t\t\t\t<\/div>\n\t\t\t\t<div class=\"elementor-element elementor-element-8950ad4 elementor-widget elementor-widget-heading\" data-id=\"8950ad4\" data-element_type=\"widget\" data-e-type=\"widget\" data-widget_type=\"heading.default\">\n\t\t\t\t<div class=\"elementor-widget-container\">\n\t\t\t\t\t<h3 class=\"elementor-heading-title elementor-size-default\">News<\/h3>\t\t\t\t<\/div>\n\t\t\t\t<\/div>\n\t\t\t\t<div class=\"elementor-element elementor-element-14b0531 elementor-widget elementor-widget-text-editor\" data-id=\"14b0531\" data-element_type=\"widget\" data-e-type=\"widget\" data-widget_type=\"text-editor.default\">\n\t\t\t\t<div class=\"elementor-widget-container\">\n\t\t\t\t\t\t\t\t\t<p>News from Sch\u00e4fli AG!<\/p>\t\t\t\t\t\t\t\t<\/div>\n\t\t\t\t<\/div>\n\t\t\t\t\t<\/div>\n\t\t<\/div>\n\t\t\t\t\t<\/div>\n\t\t<\/section>\n\t\t\t\t<section class=\"elementor-section elementor-top-section elementor-element elementor-element-0f620f9 elementor-section-boxed elementor-section-height-default elementor-section-height-default\" data-id=\"0f620f9\" data-element_type=\"section\" data-e-type=\"section\">\n\t\t\t\t\t\t<div class=\"elementor-container elementor-column-gap-default\">\n\t\t\t\t\t<div class=\"elementor-column elementor-col-100 elementor-top-column elementor-element elementor-element-04ffa9d\" data-id=\"04ffa9d\" data-element_type=\"column\" data-e-type=\"column\">\n\t\t\t<div class=\"elementor-widget-wrap elementor-element-populated\">\n\t\t\t\t\t\t<section class=\"elementor-section elementor-inner-section elementor-element elementor-element-343e434 elementor-section-boxed elementor-section-height-default elementor-section-height-default\" data-id=\"343e434\" data-element_type=\"section\" data-e-type=\"section\">\n\t\t\t\t\t\t<div class=\"elementor-container elementor-column-gap-default\">\n\t\t\t\t\t<div class=\"elementor-column elementor-col-100 elementor-inner-column elementor-element elementor-element-d33c1d9 elementor-invisible\" data-id=\"d33c1d9\" data-element_type=\"column\" data-e-type=\"column\" data-settings=\"{&quot;animation&quot;:&quot;fadeInLeft&quot;,&quot;animation_delay&quot;:&quot;600&quot;}\">\n\t\t\t<div class=\"elementor-widget-wrap elementor-element-populated\">\n\t\t\t\t\t\t<div class=\"elementor-element elementor-element-f91f35f elementor-grid-tablet-3 elementor-grid-3 elementor-grid-mobile-1 elementor-posts--thumbnail-top elementor-card-shadow-yes elementor-posts__hover-gradient elementor-widget elementor-widget-posts\" data-id=\"f91f35f\" data-element_type=\"widget\" data-e-type=\"widget\" data-settings=\"{&quot;cards_columns_tablet&quot;:&quot;3&quot;,&quot;cards_row_gap&quot;:{&quot;unit&quot;:&quot;px&quot;,&quot;size&quot;:20,&quot;sizes&quot;:[]},&quot;pagination_type&quot;:&quot;numbers_and_prev_next&quot;,&quot;cards_columns&quot;:&quot;3&quot;,&quot;cards_columns_mobile&quot;:&quot;1&quot;,&quot;cards_row_gap_tablet&quot;:{&quot;unit&quot;:&quot;px&quot;,&quot;size&quot;:&quot;&quot;,&quot;sizes&quot;:[]},&quot;cards_row_gap_mobile&quot;:{&quot;unit&quot;:&quot;px&quot;,&quot;size&quot;:&quot;&quot;,&quot;sizes&quot;:[]}}\" data-widget_type=\"posts.cards\">\n\t\t\t\t<div class=\"elementor-widget-container\">\n\t\t\t\t\t\t\t<div class=\"elementor-posts-container elementor-posts elementor-posts--skin-cards elementor-grid\" role=\"list\">\n\t\t\t\t<article class=\"elementor-post elementor-grid-item post-2756 post type-post status-publish format-standard has-post-thumbnail hentry category-new\" role=\"listitem\">\n\t\t\t<div class=\"elementor-post__card\">\n\t\t\t\t<a class=\"elementor-post__thumbnail__link\" href=\"https:\/\/schaefli.ch\/en\/lehrabschluss-2022\/\" tabindex=\"-1\"><div class=\"elementor-post__thumbnail\"><img loading=\"lazy\" decoding=\"async\" width=\"751\" height=\"443\" src=\"https:\/\/schaefli.ch\/wp-content\/uploads\/2022\/09\/Abschlussklasse.png\" class=\"attachment-large size-large wp-image-2757\" alt=\"\" srcset=\"https:\/\/schaefli.ch\/wp-content\/uploads\/2022\/09\/Abschlussklasse.png 751w, https:\/\/schaefli.ch\/wp-content\/uploads\/2022\/09\/Abschlussklasse-300x177.png 300w, https:\/\/schaefli.ch\/wp-content\/uploads\/2022\/09\/Abschlussklasse-18x12.png 18w\" sizes=\"(max-width: 751px) 100vw, 751px\" \/><\/div><\/a>\n\t\t\t\t<div class=\"elementor-post__badge\">News<\/div>\n\t\t\t\t<div class=\"elementor-post__text\">\n\t\t\t\t<h3 class=\"elementor-post__title\">\n\t\t\t<a href=\"https:\/\/schaefli.ch\/en\/lehrabschluss-2022\/\">\n\t\t\t\tCompletion of apprenticeship 2022\t\t\t<\/a>\n\t\t<\/h3>\n\t\t\t\t<div class=\"elementor-post__excerpt\">\n\t\t\t<p>We congratulate our apprentice daughter Mich\u00e8le Pohl on passing her final examination as office assistant EBA. She has successfully completed her apprenticeship and we are looking forward to her joining us for the next 2 years for the shortened apprenticeship as a commercial assistant EFZ. We wish you, dear Mich\u00e8le, all the best and a good start in your new apprenticeship. We look forward to working with you in the future!<\/p>\n\t\t<\/div>\n\t\t\n\t\t<a class=\"elementor-post__read-more\" href=\"https:\/\/schaefli.ch\/en\/lehrabschluss-2022\/\" aria-label=\"Read more about Lehrabschluss 2022\" tabindex=\"-1\">\n\t\t\tRead more\t\t<\/a>\n\n\t\t\t\t<\/div>\n\t\t\t\t<div class=\"elementor-post__meta-data\">\n\t\t\t\t\t<span class=\"elementor-post-date\">\n\t\t\t1. August 2022\t\t<\/span>\n\t\t\t\t<\/div>\n\t\t\t\t\t<\/div>\n\t\t<\/article>\n\t\t\t\t<article class=\"elementor-post elementor-grid-item post-2412 post type-post status-publish format-standard has-post-thumbnail hentry category-new\" role=\"listitem\">\n\t\t\t<div class=\"elementor-post__card\">\n\t\t\t\t<a class=\"elementor-post__thumbnail__link\" href=\"https:\/\/schaefli.ch\/en\/bericht-des-agvs-jubilaeum-berufspruefung-automobildiagnostiker-innen\/\" tabindex=\"-1\"><div class=\"elementor-post__thumbnail\"><img loading=\"lazy\" decoding=\"async\" width=\"800\" height=\"400\" src=\"https:\/\/schaefli.ch\/wp-content\/uploads\/2022\/01\/2021.12.10_Bericht-des-AGVS-Jubilaeum-Berufspruefung-Automobildiagnostikerinnen.jpg\" class=\"attachment-large size-large wp-image-2411\" alt=\"\" srcset=\"https:\/\/schaefli.ch\/wp-content\/uploads\/2022\/01\/2021.12.10_Bericht-des-AGVS-Jubilaeum-Berufspruefung-Automobildiagnostikerinnen.jpg 920w, https:\/\/schaefli.ch\/wp-content\/uploads\/2022\/01\/2021.12.10_Bericht-des-AGVS-Jubilaeum-Berufspruefung-Automobildiagnostikerinnen-300x150.jpg 300w, https:\/\/schaefli.ch\/wp-content\/uploads\/2022\/01\/2021.12.10_Bericht-des-AGVS-Jubilaeum-Berufspruefung-Automobildiagnostikerinnen-768x384.jpg 768w, https:\/\/schaefli.ch\/wp-content\/uploads\/2022\/01\/2021.12.10_Bericht-des-AGVS-Jubilaeum-Berufspruefung-Automobildiagnostikerinnen-16x8.jpg 16w\" sizes=\"(max-width: 800px) 100vw, 800px\" \/><\/div><\/a>\n\t\t\t\t<div class=\"elementor-post__badge\">News<\/div>\n\t\t\t\t<div class=\"elementor-post__text\">\n\t\t\t\t<h3 class=\"elementor-post__title\">\n\t\t\t<a href=\"https:\/\/schaefli.ch\/en\/bericht-des-agvs-jubilaeum-berufspruefung-automobildiagnostiker-innen\/\">\n\t\t\t\tReport of the AGVS: Anniversary of the professional examination for automotive diagnosticians\t\t\t<\/a>\n\t\t<\/h3>\n\t\t\t\t<div class=\"elementor-post__excerpt\">\n\t\t\t<p>We are proud of our automotive mechatronics technician Marco Platter, who is currently undergoing further training to become an automotive diagnostics technician EFA, and congratulate him on having already passed the module exams!<\/p>\n\t\t<\/div>\n\t\t\n\t\t<a class=\"elementor-post__read-more\" href=\"https:\/\/schaefli.ch\/en\/bericht-des-agvs-jubilaeum-berufspruefung-automobildiagnostiker-innen\/\" aria-label=\"Read more about Bericht des AGVS: Jubil\u00e4um Berufspr\u00fcfung Automobildiagnostiker\/-innen\" tabindex=\"-1\">\n\t\t\tRead more\t\t<\/a>\n\n\t\t\t\t<\/div>\n\t\t\t\t<div class=\"elementor-post__meta-data\">\n\t\t\t\t\t<span class=\"elementor-post-date\">\n\t\t\t10. December 2021\t\t<\/span>\n\t\t\t\t<\/div>\n\t\t\t\t\t<\/div>\n\t\t<\/article>\n\t\t\t\t<article class=\"elementor-post elementor-grid-item post-2406 post type-post status-publish format-standard has-post-thumbnail hentry category-new\" role=\"listitem\">\n\t\t\t<div class=\"elementor-post__card\">\n\t\t\t\t<a class=\"elementor-post__thumbnail__link\" href=\"https:\/\/schaefli.ch\/en\/weihnachtsessen-2021\/\" tabindex=\"-1\"><div class=\"elementor-post__thumbnail\"><img loading=\"lazy\" decoding=\"async\" width=\"800\" height=\"800\" src=\"https:\/\/schaefli.ch\/wp-content\/uploads\/2022\/01\/2021.12.03_Weihnachtsessen-2021.jpg\" class=\"attachment-large size-large wp-image-2405\" alt=\"\" srcset=\"https:\/\/schaefli.ch\/wp-content\/uploads\/2022\/01\/2021.12.03_Weihnachtsessen-2021.jpg 1008w, https:\/\/schaefli.ch\/wp-content\/uploads\/2022\/01\/2021.12.03_Weihnachtsessen-2021-300x300.jpg 300w, https:\/\/schaefli.ch\/wp-content\/uploads\/2022\/01\/2021.12.03_Weihnachtsessen-2021-150x150.jpg 150w, https:\/\/schaefli.ch\/wp-content\/uploads\/2022\/01\/2021.12.03_Weihnachtsessen-2021-768x768.jpg 768w, https:\/\/schaefli.ch\/wp-content\/uploads\/2022\/01\/2021.12.03_Weihnachtsessen-2021-12x12.jpg 12w\" sizes=\"(max-width: 800px) 100vw, 800px\" \/><\/div><\/a>\n\t\t\t\t<div class=\"elementor-post__badge\">News<\/div>\n\t\t\t\t<div class=\"elementor-post__text\">\n\t\t\t\t<h3 class=\"elementor-post__title\">\n\t\t\t<a href=\"https:\/\/schaefli.ch\/en\/weihnachtsessen-2021\/\">\n\t\t\t\tChristmas dinner 2021\t\t\t<\/a>\n\t\t<\/h3>\n\t\t\t\t<div class=\"elementor-post__excerpt\">\n\t\t\t<p>After we unfortunately had to postpone our Christmas party last year due to Covid, we were even more excited this year that we could have our Christmas dinner on Friday, December 3, 2021 in the Kuhstall Lohn.<\/p>\n\t\t<\/div>\n\t\t\n\t\t<a class=\"elementor-post__read-more\" href=\"https:\/\/schaefli.ch\/en\/weihnachtsessen-2021\/\" aria-label=\"Read more about Weihnachtsessen 2021\" tabindex=\"-1\">\n\t\t\tRead more\t\t<\/a>\n\n\t\t\t\t<\/div>\n\t\t\t\t<div class=\"elementor-post__meta-data\">\n\t\t\t\t\t<span class=\"elementor-post-date\">\n\t\t\t3. December 2021\t\t<\/span>\n\t\t\t\t<\/div>\n\t\t\t\t\t<\/div>\n\t\t<\/article>\n\t\t\t\t<article class=\"elementor-post elementor-grid-item post-2448 post type-post status-publish format-standard has-post-thumbnail hentry category-new\" role=\"listitem\">\n\t\t\t<div class=\"elementor-post__card\">\n\t\t\t\t<a class=\"elementor-post__thumbnail__link\" href=\"https:\/\/schaefli.ch\/en\/schaefli-garage-am-kleinen-klausen\/\" tabindex=\"-1\"><div class=\"elementor-post__thumbnail\"><img loading=\"lazy\" decoding=\"async\" width=\"800\" height=\"600\" src=\"https:\/\/schaefli.ch\/wp-content\/uploads\/2022\/02\/2021.10.10_Schaefli-Garage-am-Kleinen-Klausen.jpg\" class=\"attachment-large size-large wp-image-2447\" alt=\"\" srcset=\"https:\/\/schaefli.ch\/wp-content\/uploads\/2022\/02\/2021.10.10_Schaefli-Garage-am-Kleinen-Klausen.jpg 1024w, https:\/\/schaefli.ch\/wp-content\/uploads\/2022\/02\/2021.10.10_Schaefli-Garage-am-Kleinen-Klausen-300x225.jpg 300w, https:\/\/schaefli.ch\/wp-content\/uploads\/2022\/02\/2021.10.10_Schaefli-Garage-am-Kleinen-Klausen-768x576.jpg 768w, https:\/\/schaefli.ch\/wp-content\/uploads\/2022\/02\/2021.10.10_Schaefli-Garage-am-Kleinen-Klausen-16x12.jpg 16w\" sizes=\"(max-width: 800px) 100vw, 800px\" \/><\/div><\/a>\n\t\t\t\t<div class=\"elementor-post__badge\">News<\/div>\n\t\t\t\t<div class=\"elementor-post__text\">\n\t\t\t\t<h3 class=\"elementor-post__title\">\n\t\t\t<a href=\"https:\/\/schaefli.ch\/en\/schaefli-garage-am-kleinen-klausen\/\">\n\t\t\t\tSch\u00e4fli Garage at the \u201eKleinen Klausen\u201c\t\t\t<\/a>\n\t\t<\/h3>\n\t\t\t\t<div class=\"elementor-post__excerpt\">\n\t\t\t<p>71 years ago the last Opfertshof mountain race \"Kleiner Klausen\" took place on the then 3.7 km long course. The event was already one of the most popular<\/p>\n\t\t<\/div>\n\t\t\n\t\t<a class=\"elementor-post__read-more\" href=\"https:\/\/schaefli.ch\/en\/schaefli-garage-am-kleinen-klausen\/\" aria-label=\"Read more about Sch\u00e4fli Garage am \u201eKleinen Klausen\u201c\" tabindex=\"-1\">\n\t\t\tRead more\t\t<\/a>\n\n\t\t\t\t<\/div>\n\t\t\t\t<div class=\"elementor-post__meta-data\">\n\t\t\t\t\t<span class=\"elementor-post-date\">\n\t\t\t10. October 2021\t\t<\/span>\n\t\t\t\t<\/div>\n\t\t\t\t\t<\/div>\n\t\t<\/article>\n\t\t\t\t<article class=\"elementor-post elementor-grid-item post-2402 post type-post status-publish format-standard has-post-thumbnail hentry category-new\" role=\"listitem\">\n\t\t\t<div class=\"elementor-post__card\">\n\t\t\t\t<a class=\"elementor-post__thumbnail__link\" href=\"https:\/\/schaefli.ch\/en\/schaffhauser-tischmesse-2021\/\" tabindex=\"-1\"><div class=\"elementor-post__thumbnail\"><img loading=\"lazy\" decoding=\"async\" width=\"800\" height=\"800\" src=\"https:\/\/schaefli.ch\/wp-content\/uploads\/2022\/01\/Schaffhauser-Tischmesse-2021.jpg\" class=\"attachment-large size-large wp-image-2401\" alt=\"\" srcset=\"https:\/\/schaefli.ch\/wp-content\/uploads\/2022\/01\/Schaffhauser-Tischmesse-2021.jpg 1001w, https:\/\/schaefli.ch\/wp-content\/uploads\/2022\/01\/Schaffhauser-Tischmesse-2021-300x300.jpg 300w, https:\/\/schaefli.ch\/wp-content\/uploads\/2022\/01\/Schaffhauser-Tischmesse-2021-150x150.jpg 150w, https:\/\/schaefli.ch\/wp-content\/uploads\/2022\/01\/Schaffhauser-Tischmesse-2021-768x768.jpg 768w, https:\/\/schaefli.ch\/wp-content\/uploads\/2022\/01\/Schaffhauser-Tischmesse-2021-12x12.jpg 12w\" sizes=\"(max-width: 800px) 100vw, 800px\" \/><\/div><\/a>\n\t\t\t\t<div class=\"elementor-post__badge\">News<\/div>\n\t\t\t\t<div class=\"elementor-post__text\">\n\t\t\t\t<h3 class=\"elementor-post__title\">\n\t\t\t<a href=\"https:\/\/schaefli.ch\/en\/schaffhauser-tischmesse-2021\/\">\n\t\t\t\tTable Fair of Schaffhausen 2021\t\t\t<\/a>\n\t\t<\/h3>\n\t\t\t\t<div class=\"elementor-post__excerpt\">\n\t\t\t<p>This year the 12th Schaffhausen Table Fair took place in the IWC Arena, where together with many other interesting exhibitors we presented our moving and transport company<\/p>\n\t\t<\/div>\n\t\t\n\t\t<a class=\"elementor-post__read-more\" href=\"https:\/\/schaefli.ch\/en\/schaffhauser-tischmesse-2021\/\" aria-label=\"Read more about Schaffhauser Tischmesse 2021\" tabindex=\"-1\">\n\t\t\tRead more\t\t<\/a>\n\n\t\t\t\t<\/div>\n\t\t\t\t<div class=\"elementor-post__meta-data\">\n\t\t\t\t\t<span class=\"elementor-post-date\">\n\t\t\t20. August 2021\t\t<\/span>\n\t\t\t\t<\/div>\n\t\t\t\t\t<\/div>\n\t\t<\/article>\n\t\t\t\t<article class=\"elementor-post elementor-grid-item post-2166 post type-post status-publish format-standard has-post-thumbnail hentry category-new\" role=\"listitem\">\n\t\t\t<div class=\"elementor-post__card\">\n\t\t\t\t<a class=\"elementor-post__thumbnail__link\" href=\"https:\/\/schaefli.ch\/en\/wenn-das-zuegeln-von-a-bis-z-problemlos-laeuft\/\" tabindex=\"-1\"><div class=\"elementor-post__thumbnail\"><img loading=\"lazy\" decoding=\"async\" width=\"652\" height=\"873\" src=\"https:\/\/schaefli.ch\/wp-content\/uploads\/2021\/05\/Zeitungsbericht-Schaffhauser-Bock-20.04.21-hochformat.png\" class=\"attachment-large size-large wp-image-2168\" alt=\"\" srcset=\"https:\/\/schaefli.ch\/wp-content\/uploads\/2021\/05\/Zeitungsbericht-Schaffhauser-Bock-20.04.21-hochformat.png 652w, https:\/\/schaefli.ch\/wp-content\/uploads\/2021\/05\/Zeitungsbericht-Schaffhauser-Bock-20.04.21-hochformat-224x300.png 224w, https:\/\/schaefli.ch\/wp-content\/uploads\/2021\/05\/Zeitungsbericht-Schaffhauser-Bock-20.04.21-hochformat-9x12.png 9w\" sizes=\"(max-width: 652px) 100vw, 652px\" \/><\/div><\/a>\n\t\t\t\t<div class=\"elementor-post__badge\">News<\/div>\n\t\t\t\t<div class=\"elementor-post__text\">\n\t\t\t\t<h3 class=\"elementor-post__title\">\n\t\t\t<a href=\"https:\/\/schaefli.ch\/en\/wenn-das-zuegeln-von-a-bis-z-problemlos-laeuft\/\">\n\t\t\t\t\u00abRelocating trouble-free from start to finish\u00bb\t\t\t<\/a>\n\t\t<\/h3>\n\t\t\t\t<div class=\"elementor-post__excerpt\">\n\t\t\t<p>Find out more about us in the special publication from spring 2021 of the newspaper Schaffhauser Bock.<\/p>\n\t\t<\/div>\n\t\t\n\t\t<a class=\"elementor-post__read-more\" href=\"https:\/\/schaefli.ch\/en\/wenn-das-zuegeln-von-a-bis-z-problemlos-laeuft\/\" aria-label=\"Read more about \u00abWenn das Z\u00fcgeln von A bis Z problemlos l\u00e4uft\u00bb\" tabindex=\"-1\">\n\t\t\tRead more\t\t<\/a>\n\n\t\t\t\t<\/div>\n\t\t\t\t<div class=\"elementor-post__meta-data\">\n\t\t\t\t\t<span class=\"elementor-post-date\">\n\t\t\t5. May 2021\t\t<\/span>\n\t\t\t\t<\/div>\n\t\t\t\t\t<\/div>\n\t\t<\/article>\n\t\t\t\t<article class=\"elementor-post elementor-grid-item post-1962 post type-post status-publish format-standard has-post-thumbnail hentry category-new\" role=\"listitem\">\n\t\t\t<div class=\"elementor-post__card\">\n\t\t\t\t<a class=\"elementor-post__thumbnail__link\" href=\"https:\/\/schaefli.ch\/en\/sitzbank\/\" tabindex=\"-1\"><div class=\"elementor-post__thumbnail\"><img loading=\"lazy\" decoding=\"async\" width=\"800\" height=\"601\" src=\"https:\/\/schaefli.ch\/wp-content\/uploads\/2020\/05\/Sitzbank.jpg\" class=\"attachment-large size-large wp-image-2495\" alt=\"\" srcset=\"https:\/\/schaefli.ch\/wp-content\/uploads\/2020\/05\/Sitzbank.jpg 1000w, https:\/\/schaefli.ch\/wp-content\/uploads\/2020\/05\/Sitzbank-300x225.jpg 300w, https:\/\/schaefli.ch\/wp-content\/uploads\/2020\/05\/Sitzbank-768x577.jpg 768w, https:\/\/schaefli.ch\/wp-content\/uploads\/2020\/05\/Sitzbank-16x12.jpg 16w\" sizes=\"(max-width: 800px) 100vw, 800px\" \/><\/div><\/a>\n\t\t\t\t<div class=\"elementor-post__badge\">News<\/div>\n\t\t\t\t<div class=\"elementor-post__text\">\n\t\t\t\t<h3 class=\"elementor-post__title\">\n\t\t\t<a href=\"https:\/\/schaefli.ch\/en\/sitzbank\/\">\n\t\t\t\tSeat bench\t\t\t<\/a>\n\t\t<\/h3>\n\t\t\t\t<div class=\"elementor-post__excerpt\">\n\t\t\t<p>For the third time, the old town of Schaffhausen is beautified by colorful seating. This year, we have also individually designed a bench blank. From May 3rd<\/p>\n\t\t<\/div>\n\t\t\n\t\t<a class=\"elementor-post__read-more\" href=\"https:\/\/schaefli.ch\/en\/sitzbank\/\" aria-label=\"Read more about Sitzbank\" tabindex=\"-1\">\n\t\t\tRead more\t\t<\/a>\n\n\t\t\t\t<\/div>\n\t\t\t\t<div class=\"elementor-post__meta-data\">\n\t\t\t\t\t<span class=\"elementor-post-date\">\n\t\t\t3. May 2020\t\t<\/span>\n\t\t\t\t<\/div>\n\t\t\t\t\t<\/div>\n\t\t<\/article>\n\t\t\t\t<article class=\"elementor-post elementor-grid-item post-1990 post type-post status-publish format-standard has-post-thumbnail hentry category-umzugsblog\" role=\"listitem\">\n\t\t\t<div class=\"elementor-post__card\">\n\t\t\t\t<a class=\"elementor-post__thumbnail__link\" href=\"https:\/\/schaefli.ch\/en\/auslieferungen-fuer-ferroflex-stierlin-ag\/\" tabindex=\"-1\"><div class=\"elementor-post__thumbnail\"><img loading=\"lazy\" decoding=\"async\" width=\"768\" height=\"1024\" src=\"https:\/\/schaefli.ch\/wp-content\/uploads\/2020\/11\/Auslieferungen-f\u00fcr-Ferroflex-Stierlin-AG-768x1024.jpg\" class=\"attachment-large size-large wp-image-1991\" alt=\"\" srcset=\"https:\/\/schaefli.ch\/wp-content\/uploads\/2020\/11\/Auslieferungen-f\u00fcr-Ferroflex-Stierlin-AG-768x1024.jpg 768w, https:\/\/schaefli.ch\/wp-content\/uploads\/2020\/11\/Auslieferungen-f\u00fcr-Ferroflex-Stierlin-AG-225x300.jpg 225w, https:\/\/schaefli.ch\/wp-content\/uploads\/2020\/11\/Auslieferungen-f\u00fcr-Ferroflex-Stierlin-AG-1152x1536.jpg 1152w, https:\/\/schaefli.ch\/wp-content\/uploads\/2020\/11\/Auslieferungen-f\u00fcr-Ferroflex-Stierlin-AG-1536x2048.jpg 1536w, https:\/\/schaefli.ch\/wp-content\/uploads\/2020\/11\/Auslieferungen-f\u00fcr-Ferroflex-Stierlin-AG-9x12.jpg 9w, https:\/\/schaefli.ch\/wp-content\/uploads\/2020\/11\/Auslieferungen-f\u00fcr-Ferroflex-Stierlin-AG-scaled.jpg 1920w\" sizes=\"(max-width: 768px) 100vw, 768px\" \/><\/div><\/a>\n\t\t\t\t<div class=\"elementor-post__badge\">Moving blog<\/div>\n\t\t\t\t<div class=\"elementor-post__text\">\n\t\t\t\t<h3 class=\"elementor-post__title\">\n\t\t\t<a href=\"https:\/\/schaefli.ch\/en\/auslieferungen-fuer-ferroflex-stierlin-ag\/\">\n\t\t\t\tDelivery for Ferroflex Stierlin AG\t\t\t<\/a>\n\t\t<\/h3>\n\t\t\t\t<div class=\"elementor-post__excerpt\">\n\t\t\t<p>Since the beginning of May 2020 we have been allowed to deliver garden furniture for Ferroflex Stierlin AG in Schaffhausen. Our employees have been carefully<\/p>\n\t\t<\/div>\n\t\t\n\t\t<a class=\"elementor-post__read-more\" href=\"https:\/\/schaefli.ch\/en\/auslieferungen-fuer-ferroflex-stierlin-ag\/\" aria-label=\"Read more about Auslieferungen f\u00fcr Ferroflex Stierlin AG\" tabindex=\"-1\">\n\t\t\tRead more\t\t<\/a>\n\n\t\t\t\t<\/div>\n\t\t\t\t<div class=\"elementor-post__meta-data\">\n\t\t\t\t\t<span class=\"elementor-post-date\">\n\t\t\t1. May 2020\t\t<\/span>\n\t\t\t\t<\/div>\n\t\t\t\t\t<\/div>\n\t\t<\/article>\n\t\t\t\t<article class=\"elementor-post elementor-grid-item post-1968 post type-post status-publish format-standard has-post-thumbnail hentry category-new\" role=\"listitem\">\n\t\t\t<div class=\"elementor-post__card\">\n\t\t\t\t<a class=\"elementor-post__thumbnail__link\" href=\"https:\/\/schaefli.ch\/en\/mitarbeiter-schulung\/\" tabindex=\"-1\"><div class=\"elementor-post__thumbnail\"><img loading=\"lazy\" decoding=\"async\" width=\"768\" height=\"1024\" src=\"https:\/\/schaefli.ch\/wp-content\/uploads\/2020\/11\/Mitarbeiter-Schulung-1.jpg\" class=\"attachment-large size-large wp-image-1969\" alt=\"\" srcset=\"https:\/\/schaefli.ch\/wp-content\/uploads\/2020\/11\/Mitarbeiter-Schulung-1.jpg 768w, https:\/\/schaefli.ch\/wp-content\/uploads\/2020\/11\/Mitarbeiter-Schulung-1-225x300.jpg 225w, https:\/\/schaefli.ch\/wp-content\/uploads\/2020\/11\/Mitarbeiter-Schulung-1-9x12.jpg 9w\" sizes=\"(max-width: 768px) 100vw, 768px\" \/><\/div><\/a>\n\t\t\t\t<div class=\"elementor-post__badge\">News<\/div>\n\t\t\t\t<div class=\"elementor-post__text\">\n\t\t\t\t<h3 class=\"elementor-post__title\">\n\t\t\t<a href=\"https:\/\/schaefli.ch\/en\/mitarbeiter-schulung\/\">\n\t\t\t\tEmployee training\t\t\t<\/a>\n\t\t<\/h3>\n\t\t\t\t<div class=\"elementor-post__excerpt\">\n\t\t\t<p>On March 4 and 5, 2020, all relocation employees as well as the office staff of Sch\u00e4fli AG came together to conduct a two-day employee training course.\nIn connection with<\/p>\n\t\t<\/div>\n\t\t\n\t\t<a class=\"elementor-post__read-more\" href=\"https:\/\/schaefli.ch\/en\/mitarbeiter-schulung\/\" aria-label=\"Read more about Mitarbeiter-Schulung\" tabindex=\"-1\">\n\t\t\tRead more\t\t<\/a>\n\n\t\t\t\t<\/div>\n\t\t\t\t<div class=\"elementor-post__meta-data\">\n\t\t\t\t\t<span class=\"elementor-post-date\">\n\t\t\t9. March 2020\t\t<\/span>\n\t\t\t\t<\/div>\n\t\t\t\t\t<\/div>\n\t\t<\/article>\n\t\t\t\t<article class=\"elementor-post elementor-grid-item post-1901 post type-post status-publish format-standard has-post-thumbnail hentry category-new\" role=\"listitem\">\n\t\t\t<div class=\"elementor-post__card\">\n\t\t\t\t<a class=\"elementor-post__thumbnail__link\" href=\"https:\/\/schaefli.ch\/en\/unser-neuer-alleskoenner-mercedes-benz-actros-2546\/\" tabindex=\"-1\"><div class=\"elementor-post__thumbnail\"><img loading=\"lazy\" decoding=\"async\" width=\"767\" height=\"1024\" src=\"https:\/\/schaefli.ch\/wp-content\/uploads\/2020\/10\/Unser-neuer-Allesk\u00f6nner-e1603195494956-767x1024.jpg\" class=\"attachment-large size-large wp-image-1902\" alt=\"\" srcset=\"https:\/\/schaefli.ch\/wp-content\/uploads\/2020\/10\/Unser-neuer-Allesk\u00f6nner-e1603195494956-767x1024.jpg 767w, https:\/\/schaefli.ch\/wp-content\/uploads\/2020\/10\/Unser-neuer-Allesk\u00f6nner-e1603195494956-225x300.jpg 225w, https:\/\/schaefli.ch\/wp-content\/uploads\/2020\/10\/Unser-neuer-Allesk\u00f6nner-e1603195494956-768x1025.jpg 768w, https:\/\/schaefli.ch\/wp-content\/uploads\/2020\/10\/Unser-neuer-Allesk\u00f6nner-e1603195494956-9x12.jpg 9w, https:\/\/schaefli.ch\/wp-content\/uploads\/2020\/10\/Unser-neuer-Allesk\u00f6nner-e1603195494956.jpg 906w\" sizes=\"(max-width: 767px) 100vw, 767px\" \/><\/div><\/a>\n\t\t\t\t<div class=\"elementor-post__badge\">News<\/div>\n\t\t\t\t<div class=\"elementor-post__text\">\n\t\t\t\t<h3 class=\"elementor-post__title\">\n\t\t\t<a href=\"https:\/\/schaefli.ch\/en\/unser-neuer-alleskoenner-mercedes-benz-actros-2546\/\">\n\t\t\t\tOur new all-rounder - Mercedes Benz Actros 2546\t\t\t<\/a>\n\t\t<\/h3>\n\t\t\t\t<div class=\"elementor-post__excerpt\">\n\t\t\t<p>With 456 HP, 11'050 kg payload and a lifting platform up to max. 2'000 kg loading weight, nothing stands in our way!\nLast year in November we had<\/p>\n\t\t<\/div>\n\t\t\n\t\t<a class=\"elementor-post__read-more\" href=\"https:\/\/schaefli.ch\/en\/unser-neuer-alleskoenner-mercedes-benz-actros-2546\/\" aria-label=\"Read more about Unser neuer Allesk\u00f6nner \u2013 Mercedes Benz Actros 2546\" tabindex=\"-1\">\n\t\t\tRead more\t\t<\/a>\n\n\t\t\t\t<\/div>\n\t\t\t\t<div class=\"elementor-post__meta-data\">\n\t\t\t\t\t<span class=\"elementor-post-date\">\n\t\t\t1. February 2020\t\t<\/span>\n\t\t\t\t<\/div>\n\t\t\t\t\t<\/div>\n\t\t<\/article>\n\t\t\t\t<article class=\"elementor-post elementor-grid-item post-1094 post type-post status-publish format-standard has-post-thumbnail hentry category-new\" role=\"listitem\">\n\t\t\t<div class=\"elementor-post__card\">\n\t\t\t\t<a class=\"elementor-post__thumbnail__link\" href=\"https:\/\/schaefli.ch\/en\/weihnachtsfeier-2019%e2%80%a8\/\" tabindex=\"-1\"><div class=\"elementor-post__thumbnail\"><img loading=\"lazy\" decoding=\"async\" width=\"640\" height=\"480\" src=\"https:\/\/schaefli.ch\/wp-content\/uploads\/2020\/07\/Weihnachtsfeier-2019_2.jpg\" class=\"attachment-large size-large wp-image-1099\" alt=\"\" srcset=\"https:\/\/schaefli.ch\/wp-content\/uploads\/2020\/07\/Weihnachtsfeier-2019_2.jpg 640w, https:\/\/schaefli.ch\/wp-content\/uploads\/2020\/07\/Weihnachtsfeier-2019_2-300x225.jpg 300w\" sizes=\"(max-width: 640px) 100vw, 640px\" \/><\/div><\/a>\n\t\t\t\t<div class=\"elementor-post__badge\">News<\/div>\n\t\t\t\t<div class=\"elementor-post__text\">\n\t\t\t\t<h3 class=\"elementor-post__title\">\n\t\t\t<a href=\"https:\/\/schaefli.ch\/en\/weihnachtsfeier-2019%e2%80%a8\/\">\n\t\t\t\tChristmas party 2019\t\t\t<\/a>\n\t\t<\/h3>\n\t\t\t\t<div class=\"elementor-post__excerpt\">\n\t\t\t<p>The Christmas party started in the beautifully illuminated and decorated Reiatst\u00fcbli in Opfertshofen, where we were well catered for and served. As a surprise, every employee of Sch\u00e4fli AG received<\/p>\n\t\t<\/div>\n\t\t\n\t\t<a class=\"elementor-post__read-more\" href=\"https:\/\/schaefli.ch\/en\/weihnachtsfeier-2019%e2%80%a8\/\" aria-label=\"Read more about Weihnachtsfeier 2019\" tabindex=\"-1\">\n\t\t\tRead more\t\t<\/a>\n\n\t\t\t\t<\/div>\n\t\t\t\t<div class=\"elementor-post__meta-data\">\n\t\t\t\t\t<span class=\"elementor-post-date\">\n\t\t\t15. December 2019\t\t<\/span>\n\t\t\t\t<\/div>\n\t\t\t\t\t<\/div>\n\t\t<\/article>\n\t\t\t\t<article class=\"elementor-post elementor-grid-item post-2077 post type-post status-publish format-standard has-post-thumbnail hentry category-new\" role=\"listitem\">\n\t\t\t<div class=\"elementor-post__card\">\n\t\t\t\t<a class=\"elementor-post__thumbnail__link\" href=\"https:\/\/schaefli.ch\/en\/neubau-unserer-rampe\/\" tabindex=\"-1\"><div class=\"elementor-post__thumbnail\"><img loading=\"lazy\" decoding=\"async\" width=\"800\" height=\"600\" src=\"https:\/\/schaefli.ch\/wp-content\/uploads\/2020\/11\/Neubau-unserer-Rampe5.jpg\" class=\"attachment-large size-large wp-image-2078\" alt=\"\" srcset=\"https:\/\/schaefli.ch\/wp-content\/uploads\/2020\/11\/Neubau-unserer-Rampe5.jpg 812w, https:\/\/schaefli.ch\/wp-content\/uploads\/2020\/11\/Neubau-unserer-Rampe5-300x225.jpg 300w, https:\/\/schaefli.ch\/wp-content\/uploads\/2020\/11\/Neubau-unserer-Rampe5-768x576.jpg 768w, https:\/\/schaefli.ch\/wp-content\/uploads\/2020\/11\/Neubau-unserer-Rampe5-16x12.jpg 16w\" sizes=\"(max-width: 800px) 100vw, 800px\" \/><\/div><\/a>\n\t\t\t\t<div class=\"elementor-post__badge\">News<\/div>\n\t\t\t\t<div class=\"elementor-post__text\">\n\t\t\t\t<h3 class=\"elementor-post__title\">\n\t\t\t<a href=\"https:\/\/schaefli.ch\/en\/neubau-unserer-rampe\/\">\n\t\t\t\tNew construction of our ramp\t\t\t<\/a>\n\t\t<\/h3>\n\t\t\t\t<div class=\"elementor-post__excerpt\">\n\t\t\t<p>For several years we could rely on our ramp for loading and unloading. However, it was time to buy a new ramp and<\/p>\n\t\t<\/div>\n\t\t\n\t\t<a class=\"elementor-post__read-more\" href=\"https:\/\/schaefli.ch\/en\/neubau-unserer-rampe\/\" aria-label=\"Read more about Neubau unserer Rampe\" tabindex=\"-1\">\n\t\t\tRead more\t\t<\/a>\n\n\t\t\t\t<\/div>\n\t\t\t\t<div class=\"elementor-post__meta-data\">\n\t\t\t\t\t<span class=\"elementor-post-date\">\n\t\t\t1. October 2019\t\t<\/span>\n\t\t\t\t<\/div>\n\t\t\t\t\t<\/div>\n\t\t<\/article>\n\t\t\t\t<article class=\"elementor-post elementor-grid-item post-1101 post type-post status-publish format-standard has-post-thumbnail hentry category-new\" role=\"listitem\">\n\t\t\t<div class=\"elementor-post__card\">\n\t\t\t\t<a class=\"elementor-post__thumbnail__link\" href=\"https:\/\/schaefli.ch\/en\/sommerfest-2019%e2%80%a8\/\" tabindex=\"-1\"><div class=\"elementor-post__thumbnail\"><img loading=\"lazy\" decoding=\"async\" width=\"768\" height=\"1024\" src=\"https:\/\/schaefli.ch\/wp-content\/uploads\/2019\/08\/Foto5-768x1024.jpg\" class=\"attachment-large size-large wp-image-1631\" alt=\"\" srcset=\"https:\/\/schaefli.ch\/wp-content\/uploads\/2019\/08\/Foto5-768x1024.jpg 768w, https:\/\/schaefli.ch\/wp-content\/uploads\/2019\/08\/Foto5-225x300.jpg 225w, https:\/\/schaefli.ch\/wp-content\/uploads\/2019\/08\/Foto5-1152x1536.jpg 1152w, https:\/\/schaefli.ch\/wp-content\/uploads\/2019\/08\/Foto5.jpg 1440w\" sizes=\"(max-width: 768px) 100vw, 768px\" \/><\/div><\/a>\n\t\t\t\t<div class=\"elementor-post__badge\">News<\/div>\n\t\t\t\t<div class=\"elementor-post__text\">\n\t\t\t\t<h3 class=\"elementor-post__title\">\n\t\t\t<a href=\"https:\/\/schaefli.ch\/en\/sommerfest-2019%e2%80%a8\/\">\n\t\t\t\tSummer party 2019\t\t\t<\/a>\n\t\t<\/h3>\n\t\t\t\t<div class=\"elementor-post__excerpt\">\n\t\t\t<p>Under the trees, directly in front of the company Sch\u00e4fli AG, our summer party took place on August 16, 2019. The place was covered with new wood chips and<\/p>\n\t\t<\/div>\n\t\t\n\t\t<a class=\"elementor-post__read-more\" href=\"https:\/\/schaefli.ch\/en\/sommerfest-2019%e2%80%a8\/\" aria-label=\"Read more about Sommerfest 2019\" tabindex=\"-1\">\n\t\t\tRead more\t\t<\/a>\n\n\t\t\t\t<\/div>\n\t\t\t\t<div class=\"elementor-post__meta-data\">\n\t\t\t\t\t<span class=\"elementor-post-date\">\n\t\t\t1. August 2019\t\t<\/span>\n\t\t\t\t<\/div>\n\t\t\t\t\t<\/div>\n\t\t<\/article>\n\t\t\t\t<article class=\"elementor-post elementor-grid-item post-1108 post type-post status-publish format-standard has-post-thumbnail hentry category-new\" role=\"listitem\">\n\t\t\t<div class=\"elementor-post__card\">\n\t\t\t\t<a class=\"elementor-post__thumbnail__link\" href=\"https:\/\/schaefli.ch\/en\/fruehlingsshow%e2%80%a8\/\" tabindex=\"-1\"><div class=\"elementor-post__thumbnail\"><img loading=\"lazy\" decoding=\"async\" width=\"294\" height=\"221\" src=\"https:\/\/schaefli.ch\/wp-content\/uploads\/2020\/07\/Fru\u0308hlingsshow2.jpg\" class=\"attachment-large size-large wp-image-1109\" alt=\"\" \/><\/div><\/a>\n\t\t\t\t<div class=\"elementor-post__badge\">News<\/div>\n\t\t\t\t<div class=\"elementor-post__text\">\n\t\t\t\t<h3 class=\"elementor-post__title\">\n\t\t\t<a href=\"https:\/\/schaefli.ch\/en\/fruehlingsshow%e2%80%a8\/\">\n\t\t\t\tSpring Show\t\t\t<\/a>\n\t\t<\/h3>\n\t\t\t\t<div class=\"elementor-post__excerpt\">\n\t\t\t<p>One of the most important trade shows in Schaffhausen took place again this year on 6 and 7 April 2019. Among the hustle and bustle of the 20'000 visitors in the<\/p>\n\t\t<\/div>\n\t\t\n\t\t<a class=\"elementor-post__read-more\" href=\"https:\/\/schaefli.ch\/en\/fruehlingsshow%e2%80%a8\/\" aria-label=\"Read more about Fr\u00fchlingsshow\" tabindex=\"-1\">\n\t\t\tRead more\t\t<\/a>\n\n\t\t\t\t<\/div>\n\t\t\t\t<div class=\"elementor-post__meta-data\">\n\t\t\t\t\t<span class=\"elementor-post-date\">\n\t\t\t20. July 2019\t\t<\/span>\n\t\t\t\t<\/div>\n\t\t\t\t\t<\/div>\n\t\t<\/article>\n\t\t\t\t<article class=\"elementor-post elementor-grid-item post-1112 post type-post status-publish format-standard has-post-thumbnail hentry category-new\" role=\"listitem\">\n\t\t\t<div class=\"elementor-post__card\">\n\t\t\t\t<a class=\"elementor-post__thumbnail__link\" href=\"https:\/\/schaefli.ch\/en\/rennstrecke%e2%80%a8\/\" tabindex=\"-1\"><div class=\"elementor-post__thumbnail\"><img loading=\"lazy\" decoding=\"async\" width=\"333\" height=\"250\" src=\"https:\/\/schaefli.ch\/wp-content\/uploads\/2020\/07\/Rennstrecke.jpg\" class=\"attachment-large size-large wp-image-1113\" alt=\"\" srcset=\"https:\/\/schaefli.ch\/wp-content\/uploads\/2020\/07\/Rennstrecke.jpg 333w, https:\/\/schaefli.ch\/wp-content\/uploads\/2020\/07\/Rennstrecke-300x225.jpg 300w\" sizes=\"(max-width: 333px) 100vw, 333px\" \/><\/div><\/a>\n\t\t\t\t<div class=\"elementor-post__badge\">News<\/div>\n\t\t\t\t<div class=\"elementor-post__text\">\n\t\t\t\t<h3 class=\"elementor-post__title\">\n\t\t\t<a href=\"https:\/\/schaefli.ch\/en\/rennstrecke%e2%80%a8\/\">\n\t\t\t\tRace track\t\t\t<\/a>\n\t\t<\/h3>\n\t\t\t\t<div class=\"elementor-post__excerpt\">\n\t\t\t<p>Keeping the rest periods of our drivers is very important to us, especially during the longer tours in Spain which take place at least once a month. Now it is<\/p>\n\t\t<\/div>\n\t\t\n\t\t<a class=\"elementor-post__read-more\" href=\"https:\/\/schaefli.ch\/en\/rennstrecke%e2%80%a8\/\" aria-label=\"Read more about Rennstrecke\" tabindex=\"-1\">\n\t\t\tRead more\t\t<\/a>\n\n\t\t\t\t<\/div>\n\t\t\t\t<div class=\"elementor-post__meta-data\">\n\t\t\t\t\t<span class=\"elementor-post-date\">\n\t\t\t9. April 2019\t\t<\/span>\n\t\t\t\t<\/div>\n\t\t\t\t\t<\/div>\n\t\t<\/article>\n\t\t\t\t<article class=\"elementor-post elementor-grid-item post-1105 post type-post status-publish format-standard has-post-thumbnail hentry category-new\" role=\"listitem\">\n\t\t\t<div class=\"elementor-post__card\">\n\t\t\t\t<a class=\"elementor-post__thumbnail__link\" href=\"https:\/\/schaefli.ch\/en\/zeitungsartikel-schaffhauser-nachrichten\/\" tabindex=\"-1\"><div class=\"elementor-post__thumbnail\"><img loading=\"lazy\" decoding=\"async\" width=\"800\" height=\"336\" src=\"https:\/\/schaefli.ch\/wp-content\/uploads\/2020\/07\/Zeitungsartikel-Schaffhauser-Nachrichten.jpg\" class=\"attachment-large size-large wp-image-1106\" alt=\"\" srcset=\"https:\/\/schaefli.ch\/wp-content\/uploads\/2020\/07\/Zeitungsartikel-Schaffhauser-Nachrichten.jpg 800w, https:\/\/schaefli.ch\/wp-content\/uploads\/2020\/07\/Zeitungsartikel-Schaffhauser-Nachrichten-300x126.jpg 300w, https:\/\/schaefli.ch\/wp-content\/uploads\/2020\/07\/Zeitungsartikel-Schaffhauser-Nachrichten-768x323.jpg 768w\" sizes=\"(max-width: 800px) 100vw, 800px\" \/><\/div><\/a>\n\t\t\t\t<div class=\"elementor-post__badge\">News<\/div>\n\t\t\t\t<div class=\"elementor-post__text\">\n\t\t\t\t<h3 class=\"elementor-post__title\">\n\t\t\t<a href=\"https:\/\/schaefli.ch\/en\/zeitungsartikel-schaffhauser-nachrichten\/\">\n\t\t\t\tNewspaper article Schaffhauser Nachrichten\t\t\t<\/a>\n\t\t<\/h3>\n\t\t\t\t<div class=\"elementor-post__excerpt\">\n\t\t\t<p>We are proud of the article in the Schaffhauser Nachrichten, which shows our managing director Viktor H\u00fcmbeli in the Sch\u00e4fli furniture lift.<\/p>\n\t\t<\/div>\n\t\t\n\t\t<a class=\"elementor-post__read-more\" href=\"https:\/\/schaefli.ch\/en\/zeitungsartikel-schaffhauser-nachrichten\/\" aria-label=\"Read more about Zeitungsartikel Schaffhauser Nachrichten\" tabindex=\"-1\">\n\t\t\tRead more\t\t<\/a>\n\n\t\t\t\t<\/div>\n\t\t\t\t<div class=\"elementor-post__meta-data\">\n\t\t\t\t\t<span class=\"elementor-post-date\">\n\t\t\t13. March 2019\t\t<\/span>\n\t\t\t\t<\/div>\n\t\t\t\t\t<\/div>\n\t\t<\/article>\n\t\t\t\t<article class=\"elementor-post elementor-grid-item post-1995 post type-post status-publish format-standard has-post-thumbnail hentry category-new\" role=\"listitem\">\n\t\t\t<div class=\"elementor-post__card\">\n\t\t\t\t<a class=\"elementor-post__thumbnail__link\" href=\"https:\/\/schaefli.ch\/en\/der-kunstverein-zu-gast-bei-schaefli-ag\/\" tabindex=\"-1\"><div class=\"elementor-post__thumbnail\"><img loading=\"lazy\" decoding=\"async\" width=\"800\" height=\"602\" src=\"https:\/\/schaefli.ch\/wp-content\/uploads\/2019\/02\/Kunstverein-zu-Gast-bei-Schaefli_1_auto_x2-1024x770.jpg\" class=\"attachment-large size-large wp-image-2496\" alt=\"\" srcset=\"https:\/\/schaefli.ch\/wp-content\/uploads\/2019\/02\/Kunstverein-zu-Gast-bei-Schaefli_1_auto_x2-1024x770.jpg 1024w, https:\/\/schaefli.ch\/wp-content\/uploads\/2019\/02\/Kunstverein-zu-Gast-bei-Schaefli_1_auto_x2-300x226.jpg 300w, https:\/\/schaefli.ch\/wp-content\/uploads\/2019\/02\/Kunstverein-zu-Gast-bei-Schaefli_1_auto_x2-768x578.jpg 768w, https:\/\/schaefli.ch\/wp-content\/uploads\/2019\/02\/Kunstverein-zu-Gast-bei-Schaefli_1_auto_x2-1536x1155.jpg 1536w, https:\/\/schaefli.ch\/wp-content\/uploads\/2019\/02\/Kunstverein-zu-Gast-bei-Schaefli_1_auto_x2-16x12.jpg 16w, https:\/\/schaefli.ch\/wp-content\/uploads\/2019\/02\/Kunstverein-zu-Gast-bei-Schaefli_1_auto_x2.jpg 1997w\" sizes=\"(max-width: 800px) 100vw, 800px\" \/><\/div><\/a>\n\t\t\t\t<div class=\"elementor-post__badge\">News<\/div>\n\t\t\t\t<div class=\"elementor-post__text\">\n\t\t\t\t<h3 class=\"elementor-post__title\">\n\t\t\t<a href=\"https:\/\/schaefli.ch\/en\/der-kunstverein-zu-gast-bei-schaefli-ag\/\">\n\t\t\t\tThe Art Association of Schaffhausen Schaffhausen as guest of Sch\u00e4fli AG\t\t\t<\/a>\n\t\t<\/h3>\n\t\t\t\t<div class=\"elementor-post__excerpt\">\n\t\t\t<p>The Schaffhausen Art Association organizes four film evenings on the subject of art during the winter months. Biographical films about artists are the main focus. The company Sch\u00e4fli AG<\/p>\n\t\t<\/div>\n\t\t\n\t\t<a class=\"elementor-post__read-more\" href=\"https:\/\/schaefli.ch\/en\/der-kunstverein-zu-gast-bei-schaefli-ag\/\" aria-label=\"Read more about Der Kunstverein zu Gast bei Sch\u00e4fli AG\" tabindex=\"-1\">\n\t\t\tRead more\t\t<\/a>\n\n\t\t\t\t<\/div>\n\t\t\t\t<div class=\"elementor-post__meta-data\">\n\t\t\t\t\t<span class=\"elementor-post-date\">\n\t\t\t1. February 2019\t\t<\/span>\n\t\t\t\t<\/div>\n\t\t\t\t\t<\/div>\n\t\t<\/article>\n\t\t\t\t<article class=\"elementor-post elementor-grid-item post-1987 post type-post status-publish format-standard has-post-thumbnail hentry category-new\" role=\"listitem\">\n\t\t\t<div class=\"elementor-post__card\">\n\t\t\t\t<a class=\"elementor-post__thumbnail__link\" href=\"https:\/\/schaefli.ch\/en\/rueckblick-auf-das-jahr-2018\/\" tabindex=\"-1\"><div class=\"elementor-post__thumbnail\"><img loading=\"lazy\" decoding=\"async\" width=\"800\" height=\"599\" src=\"https:\/\/schaefli.ch\/wp-content\/uploads\/2020\/07\/WG-14-7-1024x767.jpg\" class=\"attachment-large size-large wp-image-1330\" alt=\"\" srcset=\"https:\/\/schaefli.ch\/wp-content\/uploads\/2020\/07\/WG-14-7-1024x767.jpg 1024w, https:\/\/schaefli.ch\/wp-content\/uploads\/2020\/07\/WG-14-7-300x225.jpg 300w, https:\/\/schaefli.ch\/wp-content\/uploads\/2020\/07\/WG-14-7-768x576.jpg 768w, https:\/\/schaefli.ch\/wp-content\/uploads\/2020\/07\/WG-14-7-1536x1151.jpg 1536w, https:\/\/schaefli.ch\/wp-content\/uploads\/2020\/07\/WG-14-7.jpg 2000w\" sizes=\"(max-width: 800px) 100vw, 800px\" \/><\/div><\/a>\n\t\t\t\t<div class=\"elementor-post__badge\">News<\/div>\n\t\t\t\t<div class=\"elementor-post__text\">\n\t\t\t\t<h3 class=\"elementor-post__title\">\n\t\t\t<a href=\"https:\/\/schaefli.ch\/en\/rueckblick-auf-das-jahr-2018\/\">\n\t\t\t\tReview of the year 2018\t\t\t<\/a>\n\t\t<\/h3>\n\t\t\t\t<div class=\"elementor-post__excerpt\">\n\t\t\t<p>We have a successful year behind us, which we owe not least to two major orders. These are business or company relocations that have been meticulously and carefully planned.<\/p>\n\t\t<\/div>\n\t\t\n\t\t<a class=\"elementor-post__read-more\" href=\"https:\/\/schaefli.ch\/en\/rueckblick-auf-das-jahr-2018\/\" aria-label=\"Read more about R\u00fcckblick auf das Jahr 2018\" tabindex=\"-1\">\n\t\t\tRead more\t\t<\/a>\n\n\t\t\t\t<\/div>\n\t\t\t\t<div class=\"elementor-post__meta-data\">\n\t\t\t\t\t<span class=\"elementor-post-date\">\n\t\t\t1. January 2019\t\t<\/span>\n\t\t\t\t<\/div>\n\t\t\t\t\t<\/div>\n\t\t<\/article>\n\t\t\t\t<article class=\"elementor-post elementor-grid-item post-1908 post type-post status-publish format-standard has-post-thumbnail hentry category-new\" role=\"listitem\">\n\t\t\t<div class=\"elementor-post__card\">\n\t\t\t\t<a class=\"elementor-post__thumbnail__link\" href=\"https:\/\/schaefli.ch\/en\/weihnachtsessen-2018\/\" tabindex=\"-1\"><div class=\"elementor-post__thumbnail\"><img loading=\"lazy\" decoding=\"async\" width=\"768\" height=\"1024\" src=\"https:\/\/schaefli.ch\/wp-content\/uploads\/2020\/10\/Weihnachtsessen-2018_1-768x1024.jpg\" class=\"attachment-large size-large wp-image-1909\" alt=\"\" srcset=\"https:\/\/schaefli.ch\/wp-content\/uploads\/2020\/10\/Weihnachtsessen-2018_1-768x1024.jpg 768w, https:\/\/schaefli.ch\/wp-content\/uploads\/2020\/10\/Weihnachtsessen-2018_1-225x300.jpg 225w, https:\/\/schaefli.ch\/wp-content\/uploads\/2020\/10\/Weihnachtsessen-2018_1-1152x1536.jpg 1152w, https:\/\/schaefli.ch\/wp-content\/uploads\/2020\/10\/Weihnachtsessen-2018_1-9x12.jpg 9w, https:\/\/schaefli.ch\/wp-content\/uploads\/2020\/10\/Weihnachtsessen-2018_1.jpg 1200w\" sizes=\"(max-width: 768px) 100vw, 768px\" \/><\/div><\/a>\n\t\t\t\t<div class=\"elementor-post__badge\">News<\/div>\n\t\t\t\t<div class=\"elementor-post__text\">\n\t\t\t\t<h3 class=\"elementor-post__title\">\n\t\t\t<a href=\"https:\/\/schaefli.ch\/en\/weihnachtsessen-2018\/\">\n\t\t\t\tChristmas Dinner 2018\t\t\t<\/a>\n\t\t<\/h3>\n\t\t\t\t<div class=\"elementor-post__excerpt\">\n\t\t\t<p>Before Christmas, the management and employees came together for Christmas dinner. In the large meeting room, the festive table was set and the catering service served us an excellent Fondue Chinoise<\/p>\n\t\t<\/div>\n\t\t\n\t\t<a class=\"elementor-post__read-more\" href=\"https:\/\/schaefli.ch\/en\/weihnachtsessen-2018\/\" aria-label=\"Read more about Weihnachtsessen 2018\" tabindex=\"-1\">\n\t\t\tRead more\t\t<\/a>\n\n\t\t\t\t<\/div>\n\t\t\t\t<div class=\"elementor-post__meta-data\">\n\t\t\t\t\t<span class=\"elementor-post-date\">\n\t\t\t1. December 2018\t\t<\/span>\n\t\t\t\t<\/div>\n\t\t\t\t\t<\/div>\n\t\t<\/article>\n\t\t\t\t<article class=\"elementor-post elementor-grid-item post-2091 post type-post status-publish format-standard has-post-thumbnail hentry category-new\" role=\"listitem\">\n\t\t\t<div class=\"elementor-post__card\">\n\t\t\t\t<a class=\"elementor-post__thumbnail__link\" href=\"https:\/\/schaefli.ch\/en\/neue-inseln-entdecken\/\" tabindex=\"-1\"><div class=\"elementor-post__thumbnail\"><img loading=\"lazy\" decoding=\"async\" width=\"800\" height=\"600\" src=\"https:\/\/schaefli.ch\/wp-content\/uploads\/2018\/10\/Malta11-1024x768.jpg\" class=\"attachment-large size-large wp-image-2111\" alt=\"\" srcset=\"https:\/\/schaefli.ch\/wp-content\/uploads\/2018\/10\/Malta11-1024x768.jpg 1024w, https:\/\/schaefli.ch\/wp-content\/uploads\/2018\/10\/Malta11-300x225.jpg 300w, https:\/\/schaefli.ch\/wp-content\/uploads\/2018\/10\/Malta11-768x576.jpg 768w, https:\/\/schaefli.ch\/wp-content\/uploads\/2018\/10\/Malta11-1536x1152.jpg 1536w, https:\/\/schaefli.ch\/wp-content\/uploads\/2018\/10\/Malta11-16x12.jpg 16w, https:\/\/schaefli.ch\/wp-content\/uploads\/2018\/10\/Malta11-rotated.jpg 1632w\" sizes=\"(max-width: 800px) 100vw, 800px\" \/><\/div><\/a>\n\t\t\t\t<div class=\"elementor-post__badge\">News<\/div>\n\t\t\t\t<div class=\"elementor-post__text\">\n\t\t\t\t<h3 class=\"elementor-post__title\">\n\t\t\t<a href=\"https:\/\/schaefli.ch\/en\/neue-inseln-entdecken\/\">\n\t\t\t\tDiscovering new islands\t\t\t<\/a>\n\t\t<\/h3>\n\t\t\t\t<div class=\"elementor-post__excerpt\">\n\t\t\t<p>Although we have been on the road with our trucks in all countries of Europe, in Morocco, Tunisia, Algeria and Russia, there are still a few islands that we have not visited yet.<\/p>\n\t\t<\/div>\n\t\t\n\t\t<a class=\"elementor-post__read-more\" href=\"https:\/\/schaefli.ch\/en\/neue-inseln-entdecken\/\" aria-label=\"Read more about Neue Inseln entdecken\" tabindex=\"-1\">\n\t\t\tRead more\t\t<\/a>\n\n\t\t\t\t<\/div>\n\t\t\t\t<div class=\"elementor-post__meta-data\">\n\t\t\t\t\t<span class=\"elementor-post-date\">\n\t\t\t1. October 2018\t\t<\/span>\n\t\t\t\t<\/div>\n\t\t\t\t\t<\/div>\n\t\t<\/article>\n\t\t\t\t<article class=\"elementor-post elementor-grid-item post-2088 post type-post status-publish format-standard has-post-thumbnail hentry category-new\" role=\"listitem\">\n\t\t\t<div class=\"elementor-post__card\">\n\t\t\t\t<a class=\"elementor-post__thumbnail__link\" href=\"https:\/\/schaefli.ch\/en\/renovationen-2018\/\" tabindex=\"-1\"><div class=\"elementor-post__thumbnail\"><img loading=\"lazy\" decoding=\"async\" width=\"333\" height=\"250\" src=\"https:\/\/schaefli.ch\/wp-content\/uploads\/2020\/11\/Renovationen-2018.jpg\" class=\"attachment-large size-large wp-image-2089\" alt=\"\" srcset=\"https:\/\/schaefli.ch\/wp-content\/uploads\/2020\/11\/Renovationen-2018.jpg 333w, https:\/\/schaefli.ch\/wp-content\/uploads\/2020\/11\/Renovationen-2018-300x225.jpg 300w, https:\/\/schaefli.ch\/wp-content\/uploads\/2020\/11\/Renovationen-2018-16x12.jpg 16w\" sizes=\"(max-width: 333px) 100vw, 333px\" \/><\/div><\/a>\n\t\t\t\t<div class=\"elementor-post__badge\">News<\/div>\n\t\t\t\t<div class=\"elementor-post__text\">\n\t\t\t\t<h3 class=\"elementor-post__title\">\n\t\t\t<a href=\"https:\/\/schaefli.ch\/en\/renovationen-2018\/\">\n\t\t\t\tRenovations 2018\t\t\t<\/a>\n\t\t<\/h3>\n\t\t\t\t<div class=\"elementor-post__excerpt\">\n\t\t\t<p>Our company property has a size of 8000 m2. So it is not surprising that we are looking forward to renovating the last part of the roof in summer 2018.<\/p>\n\t\t<\/div>\n\t\t\n\t\t<a class=\"elementor-post__read-more\" href=\"https:\/\/schaefli.ch\/en\/renovationen-2018\/\" aria-label=\"Read more about Renovationen 2018\" tabindex=\"-1\">\n\t\t\tRead more\t\t<\/a>\n\n\t\t\t\t<\/div>\n\t\t\t\t<div class=\"elementor-post__meta-data\">\n\t\t\t\t\t<span class=\"elementor-post-date\">\n\t\t\t15. September 2018\t\t<\/span>\n\t\t\t\t<\/div>\n\t\t\t\t\t<\/div>\n\t\t<\/article>\n\t\t\t\t<article class=\"elementor-post elementor-grid-item post-2006 post type-post status-publish format-standard has-post-thumbnail hentry category-new\" role=\"listitem\">\n\t\t\t<div class=\"elementor-post__card\">\n\t\t\t\t<a class=\"elementor-post__thumbnail__link\" href=\"https:\/\/schaefli.ch\/en\/lehrabschluss-2018\/\" tabindex=\"-1\"><div class=\"elementor-post__thumbnail\"><img loading=\"lazy\" decoding=\"async\" width=\"800\" height=\"578\" src=\"https:\/\/schaefli.ch\/wp-content\/uploads\/2018\/07\/Lehrabschluss-2018.jpg\" class=\"attachment-large size-large wp-image-2498\" alt=\"\" srcset=\"https:\/\/schaefli.ch\/wp-content\/uploads\/2018\/07\/Lehrabschluss-2018.jpg 1000w, https:\/\/schaefli.ch\/wp-content\/uploads\/2018\/07\/Lehrabschluss-2018-300x217.jpg 300w, https:\/\/schaefli.ch\/wp-content\/uploads\/2018\/07\/Lehrabschluss-2018-768x555.jpg 768w, https:\/\/schaefli.ch\/wp-content\/uploads\/2018\/07\/Lehrabschluss-2018-16x12.jpg 16w\" sizes=\"(max-width: 800px) 100vw, 800px\" \/><\/div><\/a>\n\t\t\t\t<div class=\"elementor-post__badge\">News<\/div>\n\t\t\t\t<div class=\"elementor-post__text\">\n\t\t\t\t<h3 class=\"elementor-post__title\">\n\t\t\t<a href=\"https:\/\/schaefli.ch\/en\/lehrabschluss-2018\/\">\n\t\t\t\tCompletion of apprenticeship 2018\t\t\t<\/a>\n\t\t<\/h3>\n\t\t\t\t<div class=\"elementor-post__excerpt\">\n\t\t\t<p>We would like to congratulate our apprentice Stephanie Meisser on her successful completion of her apprenticeship as an EFZ businesswoman<\/p>\n\t\t<\/div>\n\t\t\n\t\t<a class=\"elementor-post__read-more\" href=\"https:\/\/schaefli.ch\/en\/lehrabschluss-2018\/\" aria-label=\"Read more about Lehrabschluss 2018\" tabindex=\"-1\">\n\t\t\tRead more\t\t<\/a>\n\n\t\t\t\t<\/div>\n\t\t\t\t<div class=\"elementor-post__meta-data\">\n\t\t\t\t\t<span class=\"elementor-post-date\">\n\t\t\t15. July 2018\t\t<\/span>\n\t\t\t\t<\/div>\n\t\t\t\t\t<\/div>\n\t\t<\/article>\n\t\t\t\t<article class=\"elementor-post elementor-grid-item post-2003 post type-post status-publish format-standard has-post-thumbnail hentry category-new\" role=\"listitem\">\n\t\t\t<div class=\"elementor-post__card\">\n\t\t\t\t<a class=\"elementor-post__thumbnail__link\" href=\"https:\/\/schaefli.ch\/en\/lehrabschluss-2017\/\" tabindex=\"-1\"><div class=\"elementor-post__thumbnail\"><img loading=\"lazy\" decoding=\"async\" width=\"800\" height=\"601\" src=\"https:\/\/schaefli.ch\/wp-content\/uploads\/2017\/07\/Lehrabschluss-2017.jpg\" class=\"attachment-large size-large wp-image-2497\" alt=\"\" srcset=\"https:\/\/schaefli.ch\/wp-content\/uploads\/2017\/07\/Lehrabschluss-2017.jpg 1000w, https:\/\/schaefli.ch\/wp-content\/uploads\/2017\/07\/Lehrabschluss-2017-300x225.jpg 300w, https:\/\/schaefli.ch\/wp-content\/uploads\/2017\/07\/Lehrabschluss-2017-768x577.jpg 768w, https:\/\/schaefli.ch\/wp-content\/uploads\/2017\/07\/Lehrabschluss-2017-16x12.jpg 16w\" sizes=\"(max-width: 800px) 100vw, 800px\" \/><\/div><\/a>\n\t\t\t\t<div class=\"elementor-post__badge\">News<\/div>\n\t\t\t\t<div class=\"elementor-post__text\">\n\t\t\t\t<h3 class=\"elementor-post__title\">\n\t\t\t<a href=\"https:\/\/schaefli.ch\/en\/lehrabschluss-2017\/\">\n\t\t\t\tCompletion of apprenticeship 2017\t\t\t<\/a>\n\t\t<\/h3>\n\t\t\t\t<div class=\"elementor-post__excerpt\">\n\t\t\t<p>We congratulate Andrea M\u00fcller on successfully passing her final apprenticeship examination. The entire Sch\u00e4fli team wishes Andrea all the best for her future career and life.<\/p>\n\t\t<\/div>\n\t\t\n\t\t<a class=\"elementor-post__read-more\" href=\"https:\/\/schaefli.ch\/en\/lehrabschluss-2017\/\" aria-label=\"Read more about Lehrabschluss 2017\" tabindex=\"-1\">\n\t\t\tRead more\t\t<\/a>\n\n\t\t\t\t<\/div>\n\t\t\t\t<div class=\"elementor-post__meta-data\">\n\t\t\t\t\t<span class=\"elementor-post-date\">\n\t\t\t15. July 2017\t\t<\/span>\n\t\t\t\t<\/div>\n\t\t\t\t\t<\/div>\n\t\t<\/article>\n\t\t\t\t<article class=\"elementor-post elementor-grid-item post-1984 post type-post status-publish format-standard has-post-thumbnail hentry category-new\" role=\"listitem\">\n\t\t\t<div class=\"elementor-post__card\">\n\t\t\t\t<a class=\"elementor-post__thumbnail__link\" href=\"https:\/\/schaefli.ch\/en\/schaffhauser-tischmesse-2017\/\" tabindex=\"-1\"><div class=\"elementor-post__thumbnail\"><img loading=\"lazy\" decoding=\"async\" width=\"800\" height=\"600\" src=\"https:\/\/schaefli.ch\/wp-content\/uploads\/2020\/11\/Schaffhauser-Tischmesse-2017.jpg\" class=\"attachment-large size-large wp-image-1985\" alt=\"\" srcset=\"https:\/\/schaefli.ch\/wp-content\/uploads\/2020\/11\/Schaffhauser-Tischmesse-2017.jpg 800w, https:\/\/schaefli.ch\/wp-content\/uploads\/2020\/11\/Schaffhauser-Tischmesse-2017-300x225.jpg 300w, https:\/\/schaefli.ch\/wp-content\/uploads\/2020\/11\/Schaffhauser-Tischmesse-2017-768x576.jpg 768w, https:\/\/schaefli.ch\/wp-content\/uploads\/2020\/11\/Schaffhauser-Tischmesse-2017-16x12.jpg 16w\" sizes=\"(max-width: 800px) 100vw, 800px\" \/><\/div><\/a>\n\t\t\t\t<div class=\"elementor-post__badge\">News<\/div>\n\t\t\t\t<div class=\"elementor-post__text\">\n\t\t\t\t<h3 class=\"elementor-post__title\">\n\t\t\t<a href=\"https:\/\/schaefli.ch\/en\/schaffhauser-tischmesse-2017\/\">\n\t\t\t\tTable Fair of Schaffhausen 2017\t\t\t<\/a>\n\t\t<\/h3>\n\t\t\t\t<div class=\"elementor-post__excerpt\">\n\t\t\t<p>On 11 May 2017 the 10th Schaffhausen Table Fair took place in the IWC Arena in Schaffhausen. We also presented ourselves at table 137 at this contact fair.<\/p>\n\t\t<\/div>\n\t\t\n\t\t<a class=\"elementor-post__read-more\" href=\"https:\/\/schaefli.ch\/en\/schaffhauser-tischmesse-2017\/\" aria-label=\"Read more about Schaffhauser Tischmesse 2017\" tabindex=\"-1\">\n\t\t\tRead more\t\t<\/a>\n\n\t\t\t\t<\/div>\n\t\t\t\t<div class=\"elementor-post__meta-data\">\n\t\t\t\t\t<span class=\"elementor-post-date\">\n\t\t\t11. May 2017\t\t<\/span>\n\t\t\t\t<\/div>\n\t\t\t\t\t<\/div>\n\t\t<\/article>\n\t\t\t\t<article class=\"elementor-post elementor-grid-item post-460 post type-post status-publish format-standard has-post-thumbnail hentry category-umzugsblog\" role=\"listitem\">\n\t\t\t<div class=\"elementor-post__card\">\n\t\t\t\t<a class=\"elementor-post__thumbnail__link\" href=\"https:\/\/schaefli.ch\/en\/container-transport-burkina-faso\/\" tabindex=\"-1\"><div class=\"elementor-post__thumbnail\"><img loading=\"lazy\" decoding=\"async\" width=\"800\" height=\"533\" src=\"https:\/\/schaefli.ch\/wp-content\/uploads\/2020\/07\/Container-Transport-Burkina-Faso_5.jpg\" class=\"attachment-large size-large wp-image-809\" alt=\"\" srcset=\"https:\/\/schaefli.ch\/wp-content\/uploads\/2020\/07\/Container-Transport-Burkina-Faso_5.jpg 800w, https:\/\/schaefli.ch\/wp-content\/uploads\/2020\/07\/Container-Transport-Burkina-Faso_5-300x200.jpg 300w, https:\/\/schaefli.ch\/wp-content\/uploads\/2020\/07\/Container-Transport-Burkina-Faso_5-768x512.jpg 768w\" sizes=\"(max-width: 800px) 100vw, 800px\" \/><\/div><\/a>\n\t\t\t\t<div class=\"elementor-post__badge\">Moving blog<\/div>\n\t\t\t\t<div class=\"elementor-post__text\">\n\t\t\t\t<h3 class=\"elementor-post__title\">\n\t\t\t<a href=\"https:\/\/schaefli.ch\/en\/container-transport-burkina-faso\/\">\n\t\t\t\tContainer-transport Burkina Faso\t\t\t<\/a>\n\t\t<\/h3>\n\t\t\t\t<div class=\"elementor-post__excerpt\">\n\t\t\t<p>In cooperation with the make-up bar owner Bea Petri we have supported an aid program for Burkina Faso. Burkina Faso is one of the poorest countries in the world,<\/p>\n\t\t<\/div>\n\t\t\n\t\t<a class=\"elementor-post__read-more\" href=\"https:\/\/schaefli.ch\/en\/container-transport-burkina-faso\/\" aria-label=\"Read more about Container-Transport Burkina Faso\" tabindex=\"-1\">\n\t\t\tRead more\t\t<\/a>\n\n\t\t\t\t<\/div>\n\t\t\t\t<div class=\"elementor-post__meta-data\">\n\t\t\t\t\t<span class=\"elementor-post-date\">\n\t\t\t27. April 2017\t\t<\/span>\n\t\t\t\t<\/div>\n\t\t\t\t\t<\/div>\n\t\t<\/article>\n\t\t\t\t<article class=\"elementor-post elementor-grid-item post-2009 post type-post status-publish format-standard has-post-thumbnail hentry category-new\" role=\"listitem\">\n\t\t\t<div class=\"elementor-post__card\">\n\t\t\t\t<a class=\"elementor-post__thumbnail__link\" href=\"https:\/\/schaefli.ch\/en\/mitgliederversammlung-fachgruppe-moebeltransporte\/\" tabindex=\"-1\"><div class=\"elementor-post__thumbnail\"><img fetchpriority=\"high\" decoding=\"async\" width=\"537\" height=\"358\" src=\"https:\/\/schaefli.ch\/wp-content\/uploads\/2020\/07\/Logo-Astag.jpg\" class=\"attachment-large size-large wp-image-846\" alt=\"\" srcset=\"https:\/\/schaefli.ch\/wp-content\/uploads\/2020\/07\/Logo-Astag.jpg 537w, https:\/\/schaefli.ch\/wp-content\/uploads\/2020\/07\/Logo-Astag-300x200.jpg 300w\" sizes=\"(max-width: 537px) 100vw, 537px\" \/><\/div><\/a>\n\t\t\t\t<div class=\"elementor-post__badge\">News<\/div>\n\t\t\t\t<div class=\"elementor-post__text\">\n\t\t\t\t<h3 class=\"elementor-post__title\">\n\t\t\t<a href=\"https:\/\/schaefli.ch\/en\/mitgliederversammlung-fachgruppe-moebeltransporte\/\">\n\t\t\t\tMeeting of the members specialized group furniture transport\t\t\t<\/a>\n\t\t<\/h3>\n\t\t\t\t<div class=\"elementor-post__excerpt\">\n\t\t\t<p>On November 26, 2016 the general meeting of the Furniture Transportation Group took place in our company.  Click here to read the article in the STR magazine of ASTAG.<\/p>\n\t\t<\/div>\n\t\t\n\t\t<a class=\"elementor-post__read-more\" href=\"https:\/\/schaefli.ch\/en\/mitgliederversammlung-fachgruppe-moebeltransporte\/\" aria-label=\"Read more about Mitgliederversammlung Fachgruppe M\u00f6beltransporte\" tabindex=\"-1\">\n\t\t\tRead more\t\t<\/a>\n\n\t\t\t\t<\/div>\n\t\t\t\t<div class=\"elementor-post__meta-data\">\n\t\t\t\t\t<span class=\"elementor-post-date\">\n\t\t\t26. November 2016\t\t<\/span>\n\t\t\t\t<\/div>\n\t\t\t\t\t<\/div>\n\t\t<\/article>\n\t\t\t\t<article class=\"elementor-post elementor-grid-item post-1 post type-post status-publish format-standard has-post-thumbnail hentry category-umzugsblog\" role=\"listitem\">\n\t\t\t<div class=\"elementor-post__card\">\n\t\t\t\t<a class=\"elementor-post__thumbnail__link\" href=\"https:\/\/schaefli.ch\/en\/swiss-textile-collection\/\" tabindex=\"-1\"><div class=\"elementor-post__thumbnail\"><img loading=\"lazy\" decoding=\"async\" width=\"800\" height=\"507\" src=\"https:\/\/schaefli.ch\/wp-content\/uploads\/2016\/05\/Bild.jpg\" class=\"attachment-large size-large wp-image-1628\" alt=\"\" srcset=\"https:\/\/schaefli.ch\/wp-content\/uploads\/2016\/05\/Bild.jpg 800w, https:\/\/schaefli.ch\/wp-content\/uploads\/2016\/05\/Bild-300x190.jpg 300w, https:\/\/schaefli.ch\/wp-content\/uploads\/2016\/05\/Bild-768x487.jpg 768w\" sizes=\"(max-width: 800px) 100vw, 800px\" \/><\/div><\/a>\n\t\t\t\t<div class=\"elementor-post__badge\">Moving blog<\/div>\n\t\t\t\t<div class=\"elementor-post__text\">\n\t\t\t\t<h3 class=\"elementor-post__title\">\n\t\t\t<a href=\"https:\/\/schaefli.ch\/en\/swiss-textile-collection\/\">\n\t\t\t\tSwiss Textile Collection\t\t\t<\/a>\n\t\t<\/h3>\n\t\t\t\t<div class=\"elementor-post__excerpt\">\n\t\t\t<p>We were allowed to carry out a particularly delicate job these days. The Swiss Textile Collection owns over 300 flawless haute couture ensembles from the 1940s to the 1980s.<\/p>\n\t\t<\/div>\n\t\t\n\t\t<a class=\"elementor-post__read-more\" href=\"https:\/\/schaefli.ch\/en\/swiss-textile-collection\/\" aria-label=\"Read more about Swiss Textile Collection\" tabindex=\"-1\">\n\t\t\tRead more\t\t<\/a>\n\n\t\t\t\t<\/div>\n\t\t\t\t<div class=\"elementor-post__meta-data\">\n\t\t\t\t\t<span class=\"elementor-post-date\">\n\t\t\t26. May 2016\t\t<\/span>\n\t\t\t\t<\/div>\n\t\t\t\t\t<\/div>\n\t\t<\/article>\n\t\t\t\t<article class=\"elementor-post elementor-grid-item post-462 post type-post status-publish format-standard has-post-thumbnail hentry category-umzugsblog\" role=\"listitem\">\n\t\t\t<div class=\"elementor-post__card\">\n\t\t\t\t<a class=\"elementor-post__thumbnail__link\" href=\"https:\/\/schaefli.ch\/en\/umzug-kartbahn-indoor-spielhalle\/\" tabindex=\"-1\"><div class=\"elementor-post__thumbnail\"><img loading=\"lazy\" decoding=\"async\" width=\"800\" height=\"599\" src=\"https:\/\/schaefli.ch\/wp-content\/uploads\/2020\/07\/Container-Halle.jpg\" class=\"attachment-large size-large wp-image-1355\" alt=\"\" srcset=\"https:\/\/schaefli.ch\/wp-content\/uploads\/2020\/07\/Container-Halle.jpg 800w, https:\/\/schaefli.ch\/wp-content\/uploads\/2020\/07\/Container-Halle-300x225.jpg 300w, https:\/\/schaefli.ch\/wp-content\/uploads\/2020\/07\/Container-Halle-768x575.jpg 768w\" sizes=\"(max-width: 800px) 100vw, 800px\" \/><\/div><\/a>\n\t\t\t\t<div class=\"elementor-post__badge\">Moving blog<\/div>\n\t\t\t\t<div class=\"elementor-post__text\">\n\t\t\t\t<h3 class=\"elementor-post__title\">\n\t\t\t<a href=\"https:\/\/schaefli.ch\/en\/umzug-kartbahn-indoor-spielhalle\/\">\n\t\t\t\tMoving go-kart track &amp; indoor arcade\t\t\t<\/a>\n\t\t<\/h3>\n\t\t\t\t<div class=\"elementor-post__excerpt\">\n\t\t\t<p>We are allowed to rein in the Tempo-Drom go-kart track and the Wunderland indoor arcade in Winterthur. Enclosed you will find the article of the Schaffhauser Bock.<\/p>\n\t\t<\/div>\n\t\t\n\t\t<a class=\"elementor-post__read-more\" href=\"https:\/\/schaefli.ch\/en\/umzug-kartbahn-indoor-spielhalle\/\" aria-label=\"Read more about Umzug Kartbahn &#038; Indoor-Spielhalle\" tabindex=\"-1\">\n\t\t\tRead more\t\t<\/a>\n\n\t\t\t\t<\/div>\n\t\t\t\t<div class=\"elementor-post__meta-data\">\n\t\t\t\t\t<span class=\"elementor-post-date\">\n\t\t\t29. March 2016\t\t<\/span>\n\t\t\t\t<\/div>\n\t\t\t\t\t<\/div>\n\t\t<\/article>\n\t\t\t\t<article class=\"elementor-post elementor-grid-item post-1919 post type-post status-publish format-standard has-post-thumbnail hentry category-new\" role=\"listitem\">\n\t\t\t<div class=\"elementor-post__card\">\n\t\t\t\t<a class=\"elementor-post__thumbnail__link\" href=\"https:\/\/schaefli.ch\/en\/taschenboerse\/\" tabindex=\"-1\"><div class=\"elementor-post__thumbnail\"><img loading=\"lazy\" decoding=\"async\" width=\"800\" height=\"534\" src=\"https:\/\/schaefli.ch\/wp-content\/uploads\/2020\/07\/schaefli_geba\u0308ude-3-1024x683.jpg\" class=\"attachment-large size-large wp-image-1144\" alt=\"\" srcset=\"https:\/\/schaefli.ch\/wp-content\/uploads\/2020\/07\/schaefli_geba\u0308ude-3-1024x683.jpg 1024w, https:\/\/schaefli.ch\/wp-content\/uploads\/2020\/07\/schaefli_geba\u0308ude-3-300x200.jpg 300w, https:\/\/schaefli.ch\/wp-content\/uploads\/2020\/07\/schaefli_geba\u0308ude-3-768x512.jpg 768w, https:\/\/schaefli.ch\/wp-content\/uploads\/2020\/07\/schaefli_geba\u0308ude-3-1536x1024.jpg 1536w, https:\/\/schaefli.ch\/wp-content\/uploads\/2020\/07\/schaefli_geba\u0308ude-3-2048x1365.jpg 2048w\" sizes=\"(max-width: 800px) 100vw, 800px\" \/><\/div><\/a>\n\t\t\t\t<div class=\"elementor-post__badge\">News<\/div>\n\t\t\t\t<div class=\"elementor-post__text\">\n\t\t\t\t<h3 class=\"elementor-post__title\">\n\t\t\t<a href=\"https:\/\/schaefli.ch\/en\/taschenboerse\/\">\n\t\t\t\tBag exchange\t\t\t<\/a>\n\t\t<\/h3>\n\t\t\t\t<div class=\"elementor-post__excerpt\">\n\t\t\t<p>On Saturday the first bag exchange took place in Schaffhausen. A good 1'800 bags were donated, which were sold at the exchange for a good cause.<\/p>\n\t\t<\/div>\n\t\t\n\t\t<a class=\"elementor-post__read-more\" href=\"https:\/\/schaefli.ch\/en\/taschenboerse\/\" aria-label=\"Read more about Taschenb\u00f6rse\" tabindex=\"-1\">\n\t\t\tRead more\t\t<\/a>\n\n\t\t\t\t<\/div>\n\t\t\t\t<div class=\"elementor-post__meta-data\">\n\t\t\t\t\t<span class=\"elementor-post-date\">\n\t\t\t1. March 2016\t\t<\/span>\n\t\t\t\t<\/div>\n\t\t\t\t\t<\/div>\n\t\t<\/article>\n\t\t\t\t<article class=\"elementor-post elementor-grid-item post-1088 post type-post status-publish format-standard has-post-thumbnail hentry category-umzugsblog\" role=\"listitem\">\n\t\t\t<div class=\"elementor-post__card\">\n\t\t\t\t<a class=\"elementor-post__thumbnail__link\" href=\"https:\/\/schaefli.ch\/en\/srf-bi-de-luet\/\" tabindex=\"-1\"><div class=\"elementor-post__thumbnail\"><img loading=\"lazy\" decoding=\"async\" width=\"800\" height=\"599\" src=\"https:\/\/schaefli.ch\/wp-content\/uploads\/2020\/07\/Container-Halle-mehrere.jpg\" class=\"attachment-large size-large wp-image-1353\" alt=\"\" srcset=\"https:\/\/schaefli.ch\/wp-content\/uploads\/2020\/07\/Container-Halle-mehrere.jpg 800w, https:\/\/schaefli.ch\/wp-content\/uploads\/2020\/07\/Container-Halle-mehrere-300x225.jpg 300w, https:\/\/schaefli.ch\/wp-content\/uploads\/2020\/07\/Container-Halle-mehrere-768x575.jpg 768w\" sizes=\"(max-width: 800px) 100vw, 800px\" \/><\/div><\/a>\n\t\t\t\t<div class=\"elementor-post__badge\">Moving blog<\/div>\n\t\t\t\t<div class=\"elementor-post__text\">\n\t\t\t\t<h3 class=\"elementor-post__title\">\n\t\t\t<a href=\"https:\/\/schaefli.ch\/en\/srf-bi-de-luet\/\">\n\t\t\t\tSRF bi de L\u00fct\t\t\t<\/a>\n\t\t<\/h3>\n\t\t\t\t<div class=\"elementor-post__excerpt\">\n\t\t\t<p>From January 8, the J\u00f6rgensen family can be seen on Swiss television every Friday at 8:05 pm. We had the pleasure to support you in your move back to Switzerland.<\/p>\n\t\t<\/div>\n\t\t\n\t\t<a class=\"elementor-post__read-more\" href=\"https:\/\/schaefli.ch\/en\/srf-bi-de-luet\/\" aria-label=\"Read more about SRF bi de L\u00fct\" tabindex=\"-1\">\n\t\t\tRead more\t\t<\/a>\n\n\t\t\t\t<\/div>\n\t\t\t\t<div class=\"elementor-post__meta-data\">\n\t\t\t\t\t<span class=\"elementor-post-date\">\n\t\t\t15. January 2016\t\t<\/span>\n\t\t\t\t<\/div>\n\t\t\t\t\t<\/div>\n\t\t<\/article>\n\t\t\t\t<\/div>\n\t\t\n\t\t\t\t<div class=\"e-load-more-anchor\" data-page=\"1\" data-max-page=\"2\" data-next-page=\"https:\/\/schaefli.ch\/en\/wp-json\/wp\/v2\/pages\/161\/page\/2\/\"><\/div>\n\t\t\t\t<nav class=\"elementor-pagination\" aria-label=\"Pagination\">\n\t\t\t<span class=\"page-numbers prev\">&laquo; zur\u00fcck<\/span>\n<span aria-current=\"page\" class=\"page-numbers current\"><span class=\"elementor-screen-only\">Page<\/span>1<\/span>\n<a class=\"page-numbers\" href=\"https:\/\/schaefli.ch\/en\/wp-json\/wp\/v2\/pages\/161\/page\/2\/\"><span class=\"elementor-screen-only\">Page<\/span>2<\/a>\n<a class=\"page-numbers next\" href=\"https:\/\/schaefli.ch\/en\/wp-json\/wp\/v2\/pages\/161\/page\/2\/\">weiter &raquo;<\/a>\t\t<\/nav>\n\t\t\t\t\t\t<\/div>\n\t\t\t\t<\/div>\n\t\t\t\t\t<\/div>\n\t\t<\/div>\n\t\t\t\t\t<\/div>\n\t\t<\/section>\n\t\t\t\t\t<\/div>\n\t\t<\/div>\n\t\t\t\t\t<\/div>\n\t\t<\/section>\n\t\t\t\t<section class=\"elementor-section elementor-top-section elementor-element elementor-element-01473b5 elementor-section-height-min-height elementor-section-boxed elementor-section-height-default elementor-section-items-middle\" data-id=\"01473b5\" data-element_type=\"section\" data-e-type=\"section\" data-settings=\"{&quot;background_background&quot;:&quot;classic&quot;}\">\n\t\t\t\t\t\t\t<div class=\"elementor-background-overlay\"><\/div>\n\t\t\t\t\t\t\t<div class=\"elementor-container elementor-column-gap-default\">\n\t\t\t\t\t<div class=\"elementor-column elementor-col-100 elementor-top-column elementor-element elementor-element-3bfad19\" data-id=\"3bfad19\" data-element_type=\"column\" data-e-type=\"column\">\n\t\t\t<div class=\"elementor-widget-wrap elementor-element-populated\">\n\t\t\t\t\t\t<div class=\"elementor-element elementor-element-08c90b2 elementor-align-center elementor-mobile-align-center elementor-widget elementor-widget-button\" data-id=\"08c90b2\" data-element_type=\"widget\" data-e-type=\"widget\" data-widget_type=\"button.default\">\n\t\t\t\t<div class=\"elementor-widget-container\">\n\t\t\t\t\t\t\t\t\t<div class=\"elementor-button-wrapper\">\n\t\t\t\t\t<a class=\"elementor-button elementor-button-link elementor-size-sm\" href=\"https:\/\/schaefli.meinumzug.online\/\" target=\"_blank\" rel=\"noopener\">\n\t\t\t\t\t\t<span class=\"elementor-button-content-wrapper\">\n\t\t\t\t\t\t\t\t\t<span class=\"elementor-button-text\">To online inquiry<\/span>\n\t\t\t\t\t<\/span>\n\t\t\t\t\t<\/a>\n\t\t\t\t<\/div>\n\t\t\t\t\t\t\t\t<\/div>\n\t\t\t\t<\/div>\n\t\t\t\t\t<\/div>\n\t\t<\/div>\n\t\t\t\t\t<\/div>\n\t\t<\/section>\n\t\t\t\t<\/div>","protected":false},"excerpt":{"rendered":"<p>\u00dcber uns Wir stehen f\u00fcr Qualit\u00e4t und Nachhaltigkeit! Qualit\u00e4t Wir sind Mitglied der Fachgruppe M\u00f6beltransporte des Schweizerischen Nutzfahrzeugverband ASTAG\u00a0 und arbeiten nach den Umzugsbedingungen des Verbandes (Allgemeine Umzugsbedingungen und Allgemeine Lagerbedingungen). Die Fachgruppe M\u00f6beltransporte der ASTAG bildet den Verband der national t\u00e4tigen schweizerischen M\u00f6beltransporteure. Die Fachgruppe bietet zudem das\u00a0Qualit\u00e4tszertifikat ASTAG PLUS\u00a0f\u00fcr Umzugsbetriebe an. Transportunternehmen haben [&hellip;]<\/p>\n","protected":false},"author":1,"featured_media":0,"parent":0,"menu_order":0,"comment_status":"closed","ping_status":"closed","template":"elementor_header_footer","meta":{"footnotes":""},"class_list":["post-161","page","type-page","status-publish","hentry"],"_links":{"self":[{"href":"https:\/\/schaefli.ch\/en\/wp-json\/wp\/v2\/pages\/161","targetHints":{"allow":["GET"]}}],"collection":[{"href":"https:\/\/schaefli.ch\/en\/wp-json\/wp\/v2\/pages"}],"about":[{"href":"https:\/\/schaefli.ch\/en\/wp-json\/wp\/v2\/types\/page"}],"author":[{"embeddable":true,"href":"https:\/\/schaefli.ch\/en\/wp-json\/wp\/v2\/users\/1"}],"replies":[{"embeddable":true,"href":"https:\/\/schaefli.ch\/en\/wp-json\/wp\/v2\/comments?post=161"}],"version-history":[{"count":855,"href":"https:\/\/schaefli.ch\/en\/wp-json\/wp\/v2\/pages\/161\/revisions"}],"predecessor-version":[{"id":3324,"href":"https:\/\/schaefli.ch\/en\/wp-json\/wp\/v2\/pages\/161\/revisions\/3324"}],"wp:attachment":[{"href":"https:\/\/schaefli.ch\/en\/wp-json\/wp\/v2\/media?parent=161"}],"curies":[{"name":"wp","href":"https:\/\/api.w.org\/{rel}","templated":true}]}}