{"id":702,"date":"2020-05-13T16:14:16","date_gmt":"2020-05-13T16:14:16","guid":{"rendered":"https:\/\/www.schaefli.juno.preview-ch-dns.net\/?page_id=702"},"modified":"2022-03-03T08:41:54","modified_gmt":"2022-03-03T07:41:54","slug":"spezialtransporte","status":"publish","type":"page","link":"https:\/\/schaefli.ch\/en\/spezialtransporte\/","title":{"rendered":"Special transportation"},"content":{"rendered":"\t\t<div data-elementor-type=\"wp-page\" data-elementor-id=\"702\" class=\"elementor elementor-702\" data-elementor-post-type=\"page\">\n\t\t\t\t\t\t<section class=\"elementor-section elementor-top-section elementor-element elementor-element-58fbe50e elementor-section-height-min-height elementor-section-boxed elementor-section-height-default elementor-section-items-middle elementor-invisible\" data-id=\"58fbe50e\" data-element_type=\"section\" data-e-type=\"section\" data-settings=\"{&quot;background_background&quot;:&quot;classic&quot;,&quot;shape_divider_bottom&quot;:&quot;tilt&quot;,&quot;animation&quot;:&quot;fadeIn&quot;}\">\n\t\t\t\t\t\t\t<div class=\"elementor-background-overlay\"><\/div>\n\t\t\t\t\t\t<div class=\"elementor-shape elementor-shape-bottom\" aria-hidden=\"true\" data-negative=\"false\">\n\t\t\t<svg xmlns=\"http:\/\/www.w3.org\/2000\/svg\" viewBox=\"0 0 1000 100\" preserveAspectRatio=\"none\">\n\t<path class=\"elementor-shape-fill\" d=\"M0,6V0h1000v100L0,6z\"\/>\n<\/svg>\t\t<\/div>\n\t\t\t\t\t<div class=\"elementor-container elementor-column-gap-default\">\n\t\t\t\t\t<div class=\"elementor-column elementor-col-100 elementor-top-column elementor-element elementor-element-360a9404\" data-id=\"360a9404\" data-element_type=\"column\" data-e-type=\"column\">\n\t\t\t<div class=\"elementor-widget-wrap elementor-element-populated\">\n\t\t\t\t\t\t<div class=\"elementor-element elementor-element-3c7c0e7d elementor-widget elementor-widget-heading\" data-id=\"3c7c0e7d\" data-element_type=\"widget\" data-e-type=\"widget\" data-widget_type=\"heading.default\">\n\t\t\t\t<div class=\"elementor-widget-container\">\n\t\t\t\t\t<h2 class=\"elementor-heading-title elementor-size-default\">Spezialtransporte<\/h2>\t\t\t\t<\/div>\n\t\t\t\t<\/div>\n\t\t\t\t<div class=\"elementor-element elementor-element-434613b0 elementor-widget elementor-widget-text-editor\" data-id=\"434613b0\" data-element_type=\"widget\" data-e-type=\"widget\" data-widget_type=\"text-editor.default\">\n\t\t\t\t<div class=\"elementor-widget-container\">\n\t\t\t\t\t\t\t\t\tZ\u00fcgeln ist Vertrauenssache!\t\t\t\t\t\t\t\t<\/div>\n\t\t\t\t<\/div>\n\t\t\t\t\t<\/div>\n\t\t<\/div>\n\t\t\t\t\t<\/div>\n\t\t<\/section>\n\t\t\t\t<section class=\"elementor-section elementor-top-section elementor-element elementor-element-6e83defc elementor-section-boxed elementor-section-height-default elementor-section-height-default\" data-id=\"6e83defc\" data-element_type=\"section\" data-e-type=\"section\">\n\t\t\t\t\t\t<div class=\"elementor-container elementor-column-gap-default\">\n\t\t\t\t\t<div class=\"elementor-column elementor-col-100 elementor-top-column elementor-element elementor-element-193af7bd\" data-id=\"193af7bd\" data-element_type=\"column\" data-e-type=\"column\">\n\t\t\t<div class=\"elementor-widget-wrap elementor-element-populated\">\n\t\t\t\t\t\t<div class=\"elementor-element elementor-element-4ca0c70b elementor-widget elementor-widget-heading\" data-id=\"4ca0c70b\" data-element_type=\"widget\" data-e-type=\"widget\" data-widget_type=\"heading.default\">\n\t\t\t\t<div class=\"elementor-widget-container\">\n\t\t\t\t\t<h3 class=\"elementor-heading-title elementor-size-default\">Spezialtransporte? <br>Alles kein Problem!\n<\/h3>\t\t\t\t<\/div>\n\t\t\t\t<\/div>\n\t\t\t\t<div class=\"elementor-element elementor-element-74770a1b elementor-widget elementor-widget-text-editor\" data-id=\"74770a1b\" data-element_type=\"widget\" data-e-type=\"widget\" data-widget_type=\"text-editor.default\">\n\t\t\t\t<div class=\"elementor-widget-container\">\n\t\t\t\t\t\t\t\t\t<p>Egal ob heikle Kunsttransporte, Transporte von Fahrzeugen, Neum\u00f6bel-Lieferungen und -Montagen, komplette Messetransporte oder weltweite Umz\u00fcge: F\u00fcr Spezialtransporte sind wir Ihr richtiger Ansprechpartner!<\/p><p>Vertrauen Sie auf unsere Kompetenz und Zuverl\u00e4ssigkeit aus mehr als vier Jahrzehnten. Als Partner f\u00fcr Museen, Kunstaussteller, Schulen, \u00f6ffentlichen \u00c4mtern, internationale Grossfirmen, M\u00f6belhersteller und vielen mehr, sind Mensch und Material bei Sch\u00e4fli auf besonders sensible Gegenst\u00e4nde eingestellt.<\/p>\t\t\t\t\t\t\t\t<\/div>\n\t\t\t\t<\/div>\n\t\t\t\t\t<\/div>\n\t\t<\/div>\n\t\t\t\t\t<\/div>\n\t\t<\/section>\n\t\t\t\t<section class=\"elementor-section elementor-top-section elementor-element elementor-element-a91f29d elementor-section-stretched elementor-section-boxed elementor-section-height-default elementor-section-height-default\" data-id=\"a91f29d\" data-element_type=\"section\" data-e-type=\"section\" data-settings=\"{&quot;background_background&quot;:&quot;gradient&quot;,&quot;stretch_section&quot;:&quot;section-stretched&quot;}\">\n\t\t\t\t\t\t<div class=\"elementor-container elementor-column-gap-default\">\n\t\t\t\t\t<div class=\"elementor-column elementor-col-100 elementor-top-column elementor-element elementor-element-6193811 elementor-invisible\" data-id=\"6193811\" data-element_type=\"column\" data-e-type=\"column\" data-settings=\"{&quot;animation&quot;:&quot;fadeInRight&quot;,&quot;animation_delay&quot;:&quot;200&quot;}\">\n\t\t\t<div class=\"elementor-widget-wrap elementor-element-populated\">\n\t\t\t\t\t\t<div class=\"elementor-element elementor-element-c94267a elementor-widget elementor-widget-menu-anchor\" data-id=\"c94267a\" data-element_type=\"widget\" data-e-type=\"widget\" data-widget_type=\"menu-anchor.default\">\n\t\t\t\t<div class=\"elementor-widget-container\">\n\t\t\t\t\t\t\t<div class=\"elementor-menu-anchor\" id=\"service\"><\/div>\n\t\t\t\t\t\t<\/div>\n\t\t\t\t<\/div>\n\t\t\t\t<div class=\"elementor-element elementor-element-f1e193c elementor-widget elementor-widget-heading\" data-id=\"f1e193c\" data-element_type=\"widget\" data-e-type=\"widget\" data-widget_type=\"heading.default\">\n\t\t\t\t<div class=\"elementor-widget-container\">\n\t\t\t\t\t<h3 class=\"elementor-heading-title elementor-size-default\">Service&shy;leistungen<\/h3>\t\t\t\t<\/div>\n\t\t\t\t<\/div>\n\t\t\t\t<div class=\"elementor-element elementor-element-7ad7f98 elementor-widget-divider--view-line elementor-widget elementor-widget-divider\" data-id=\"7ad7f98\" data-element_type=\"widget\" data-e-type=\"widget\" data-widget_type=\"divider.default\">\n\t\t\t\t<div class=\"elementor-widget-container\">\n\t\t\t\t\t\t\t<div class=\"elementor-divider\">\n\t\t\t<span class=\"elementor-divider-separator\">\n\t\t\t\t\t\t<\/span>\n\t\t<\/div>\n\t\t\t\t\t\t<\/div>\n\t\t\t\t<\/div>\n\t\t\t\t<section class=\"elementor-section elementor-inner-section elementor-element elementor-element-5548910 elementor-section-full_width elementor-section-height-default elementor-section-height-default\" data-id=\"5548910\" data-element_type=\"section\" data-e-type=\"section\">\n\t\t\t\t\t\t<div class=\"elementor-container elementor-column-gap-default\">\n\t\t\t\t\t<div class=\"elementor-column elementor-col-100 elementor-inner-column elementor-element elementor-element-9ea1de2\" data-id=\"9ea1de2\" data-element_type=\"column\" data-e-type=\"column\" data-settings=\"{&quot;motion_fx_motion_fx_scrolling&quot;:&quot;yes&quot;,&quot;motion_fx_translateY_effect&quot;:&quot;yes&quot;,&quot;motion_fx_translateY_speed&quot;:{&quot;unit&quot;:&quot;px&quot;,&quot;size&quot;:1.3000000000000000444089209850062616169452667236328125,&quot;sizes&quot;:[]},&quot;motion_fx_translateY_affectedRange&quot;:{&quot;unit&quot;:&quot;%&quot;,&quot;size&quot;:&quot;&quot;,&quot;sizes&quot;:{&quot;start&quot;:0,&quot;end&quot;:64}},&quot;motion_fx_opacity_effect&quot;:&quot;yes&quot;,&quot;motion_fx_opacity_range&quot;:{&quot;unit&quot;:&quot;%&quot;,&quot;size&quot;:&quot;&quot;,&quot;sizes&quot;:{&quot;start&quot;:9,&quot;end&quot;:30}},&quot;motion_fx_opacity_direction&quot;:&quot;out-in&quot;,&quot;motion_fx_opacity_level&quot;:{&quot;unit&quot;:&quot;px&quot;,&quot;size&quot;:10,&quot;sizes&quot;:[]},&quot;motion_fx_devices&quot;:[&quot;desktop&quot;,&quot;tablet&quot;,&quot;mobile&quot;]}\">\n\t\t\t<div class=\"elementor-widget-wrap elementor-element-populated\">\n\t\t\t\t\t\t<div class=\"elementor-element elementor-element-c780370 elementor-widget elementor-widget-heading\" data-id=\"c780370\" data-element_type=\"widget\" data-e-type=\"widget\" data-widget_type=\"heading.default\">\n\t\t\t\t<div class=\"elementor-widget-container\">\n\t\t\t\t\t<h3 class=\"elementor-heading-title elementor-size-default\">Kunsttransporte\n\n<\/h3>\t\t\t\t<\/div>\n\t\t\t\t<\/div>\n\t\t\t\t<div class=\"elementor-element elementor-element-190b574 elementor-widget elementor-widget-text-editor\" data-id=\"190b574\" data-element_type=\"widget\" data-e-type=\"widget\" data-widget_type=\"text-editor.default\">\n\t\t\t\t<div class=\"elementor-widget-container\">\n\t\t\t\t\t\t\t\t\t<p>Dank dem Vertrauen unserer Kundschaft und Museen konnten wir bereits des \u00d6fteren unter Beweis stellen, dass wir bei Kunsttransporten jeglicher Art der richtige Ansprechpartner f\u00fcr Sie sind. Unsere Berufspacker sind daf\u00fcr ausgebildet, jeden Kunstgegenstand mit der richtigen Verpackung zu versehen, und unsere Chauffeure sind auf ein fachgerechtes Handling der meist hoch empfindlichen Objekte, geschult. Dar\u00fcber hinaus verf\u00fcgen wir \u00fcber einen spezifisch f\u00fcr solche Transporte ausgestatteten Fuhrpark. Unsere Fahrzeuge sind allesamt mit einem gepolsterten und verschliessbaren M\u00f6belaufbau ausgestattet und luftgefedert.<\/p>\t\t\t\t\t\t\t\t<\/div>\n\t\t\t\t<\/div>\n\t\t\t\t\t<\/div>\n\t\t<\/div>\n\t\t\t\t\t<\/div>\n\t\t<\/section>\n\t\t\t\t<section class=\"elementor-section elementor-inner-section elementor-element elementor-element-a15beb8 elementor-section-full_width elementor-section-height-default elementor-section-height-default\" data-id=\"a15beb8\" data-element_type=\"section\" data-e-type=\"section\">\n\t\t\t\t\t\t<div class=\"elementor-container elementor-column-gap-default\">\n\t\t\t\t\t<div class=\"elementor-column elementor-col-100 elementor-inner-column elementor-element elementor-element-883be04\" data-id=\"883be04\" data-element_type=\"column\" data-e-type=\"column\" data-settings=\"{&quot;motion_fx_motion_fx_scrolling&quot;:&quot;yes&quot;,&quot;motion_fx_translateY_effect&quot;:&quot;yes&quot;,&quot;motion_fx_translateY_speed&quot;:{&quot;unit&quot;:&quot;px&quot;,&quot;size&quot;:1.3000000000000000444089209850062616169452667236328125,&quot;sizes&quot;:[]},&quot;motion_fx_translateY_affectedRange&quot;:{&quot;unit&quot;:&quot;%&quot;,&quot;size&quot;:&quot;&quot;,&quot;sizes&quot;:{&quot;start&quot;:0,&quot;end&quot;:64}},&quot;motion_fx_opacity_effect&quot;:&quot;yes&quot;,&quot;motion_fx_opacity_range&quot;:{&quot;unit&quot;:&quot;%&quot;,&quot;size&quot;:&quot;&quot;,&quot;sizes&quot;:{&quot;start&quot;:9,&quot;end&quot;:30}},&quot;motion_fx_opacity_direction&quot;:&quot;out-in&quot;,&quot;motion_fx_opacity_level&quot;:{&quot;unit&quot;:&quot;px&quot;,&quot;size&quot;:10,&quot;sizes&quot;:[]},&quot;motion_fx_devices&quot;:[&quot;desktop&quot;,&quot;tablet&quot;,&quot;mobile&quot;]}\">\n\t\t\t<div class=\"elementor-widget-wrap elementor-element-populated\">\n\t\t\t\t\t\t<div class=\"elementor-element elementor-element-0fa12f6 elementor-widget elementor-widget-heading\" data-id=\"0fa12f6\" data-element_type=\"widget\" data-e-type=\"widget\" data-widget_type=\"heading.default\">\n\t\t\t\t<div class=\"elementor-widget-container\">\n\t\t\t\t\t<h3 class=\"elementor-heading-title elementor-size-default\">Fahrzeug&shy;transporte\n\n\n<\/h3>\t\t\t\t<\/div>\n\t\t\t\t<\/div>\n\t\t\t\t<div class=\"elementor-element elementor-element-409195a elementor-widget elementor-widget-text-editor\" data-id=\"409195a\" data-element_type=\"widget\" data-e-type=\"widget\" data-widget_type=\"text-editor.default\">\n\t\t\t\t<div class=\"elementor-widget-container\">\n\t\t\t\t\t\t\t\t\tGerne transportieren wir auch Ihr Fahrzeug f\u00fcr Sie, egal ob national oder international. Der Transport von Fahrzeugen ist m\u00f6glich in einem unserer Umzugscontainer oder mit unserem Fahrzeugtransporter mit senkbarer Ladefl\u00e4che. Nehmen Sie mit uns Kontakt auf und lassen Sie uns wissen, um welche Art Fahrzeug es geht: Ob um Ihr Auto, Ihren Oldtimer, Ihr Motorrad oder gar Ihr Boot. Gerne beraten wir Sie\t\t\t\t\t\t\t\t<\/div>\n\t\t\t\t<\/div>\n\t\t\t\t\t<\/div>\n\t\t<\/div>\n\t\t\t\t\t<\/div>\n\t\t<\/section>\n\t\t\t\t<section class=\"elementor-section elementor-inner-section elementor-element elementor-element-f3649a0 elementor-section-full_width elementor-section-height-default elementor-section-height-default\" data-id=\"f3649a0\" data-element_type=\"section\" data-e-type=\"section\">\n\t\t\t\t\t\t<div class=\"elementor-container elementor-column-gap-default\">\n\t\t\t\t\t<div class=\"elementor-column elementor-col-100 elementor-inner-column elementor-element elementor-element-14c87a5\" data-id=\"14c87a5\" data-element_type=\"column\" data-e-type=\"column\" data-settings=\"{&quot;motion_fx_motion_fx_scrolling&quot;:&quot;yes&quot;,&quot;motion_fx_translateY_effect&quot;:&quot;yes&quot;,&quot;motion_fx_translateY_speed&quot;:{&quot;unit&quot;:&quot;px&quot;,&quot;size&quot;:1.3000000000000000444089209850062616169452667236328125,&quot;sizes&quot;:[]},&quot;motion_fx_translateY_affectedRange&quot;:{&quot;unit&quot;:&quot;%&quot;,&quot;size&quot;:&quot;&quot;,&quot;sizes&quot;:{&quot;start&quot;:0,&quot;end&quot;:64}},&quot;motion_fx_opacity_effect&quot;:&quot;yes&quot;,&quot;motion_fx_opacity_range&quot;:{&quot;unit&quot;:&quot;%&quot;,&quot;size&quot;:&quot;&quot;,&quot;sizes&quot;:{&quot;start&quot;:9,&quot;end&quot;:30}},&quot;motion_fx_opacity_direction&quot;:&quot;out-in&quot;,&quot;motion_fx_opacity_level&quot;:{&quot;unit&quot;:&quot;px&quot;,&quot;size&quot;:10,&quot;sizes&quot;:[]},&quot;motion_fx_devices&quot;:[&quot;desktop&quot;,&quot;tablet&quot;,&quot;mobile&quot;]}\">\n\t\t\t<div class=\"elementor-widget-wrap elementor-element-populated\">\n\t\t\t\t\t\t<div class=\"elementor-element elementor-element-18a7011 elementor-widget elementor-widget-heading\" data-id=\"18a7011\" data-element_type=\"widget\" data-e-type=\"widget\" data-widget_type=\"heading.default\">\n\t\t\t\t<div class=\"elementor-widget-container\">\n\t\t\t\t\t<h3 class=\"elementor-heading-title elementor-size-default\">Neum\u00f6bel\n\n\n\n<\/h3>\t\t\t\t<\/div>\n\t\t\t\t<\/div>\n\t\t\t\t<div class=\"elementor-element elementor-element-d711a05 elementor-widget elementor-widget-text-editor\" data-id=\"d711a05\" data-element_type=\"widget\" data-e-type=\"widget\" data-widget_type=\"text-editor.default\">\n\t\t\t\t<div class=\"elementor-widget-container\">\n\t\t\t\t\t\t\t\t\tSie m\u00f6chten Ihre neu gekauften M\u00f6bel direkt nach Hause liefern und diese gleich montieren lassen? Auch dies ist kein Neuland f\u00fcr uns, denn wir arbeiten seit mehreren Jahren mit diversen M\u00f6belherstellern zusammen, f\u00fcr welche wir die Auslieferung, fachgerechte Montage und Platzierung von Neum\u00f6beln \u00fcbernehmen.\n\t\t\t\t\t\t\t\t<\/div>\n\t\t\t\t<\/div>\n\t\t\t\t\t<\/div>\n\t\t<\/div>\n\t\t\t\t\t<\/div>\n\t\t<\/section>\n\t\t\t\t<section class=\"elementor-section elementor-inner-section elementor-element elementor-element-b68efa6 elementor-section-full_width elementor-section-height-default elementor-section-height-default\" data-id=\"b68efa6\" data-element_type=\"section\" data-e-type=\"section\">\n\t\t\t\t\t\t<div class=\"elementor-container elementor-column-gap-default\">\n\t\t\t\t\t<div class=\"elementor-column elementor-col-100 elementor-inner-column elementor-element elementor-element-6961f64\" data-id=\"6961f64\" data-element_type=\"column\" data-e-type=\"column\" data-settings=\"{&quot;motion_fx_motion_fx_scrolling&quot;:&quot;yes&quot;,&quot;motion_fx_translateY_effect&quot;:&quot;yes&quot;,&quot;motion_fx_translateY_speed&quot;:{&quot;unit&quot;:&quot;px&quot;,&quot;size&quot;:1.3000000000000000444089209850062616169452667236328125,&quot;sizes&quot;:[]},&quot;motion_fx_translateY_affectedRange&quot;:{&quot;unit&quot;:&quot;%&quot;,&quot;size&quot;:&quot;&quot;,&quot;sizes&quot;:{&quot;start&quot;:0,&quot;end&quot;:64}},&quot;motion_fx_opacity_effect&quot;:&quot;yes&quot;,&quot;motion_fx_opacity_range&quot;:{&quot;unit&quot;:&quot;%&quot;,&quot;size&quot;:&quot;&quot;,&quot;sizes&quot;:{&quot;start&quot;:9,&quot;end&quot;:30}},&quot;motion_fx_opacity_direction&quot;:&quot;out-in&quot;,&quot;motion_fx_opacity_level&quot;:{&quot;unit&quot;:&quot;px&quot;,&quot;size&quot;:10,&quot;sizes&quot;:[]},&quot;motion_fx_devices&quot;:[&quot;desktop&quot;,&quot;tablet&quot;,&quot;mobile&quot;]}\">\n\t\t\t<div class=\"elementor-widget-wrap elementor-element-populated\">\n\t\t\t\t\t\t<div class=\"elementor-element elementor-element-a2370e4 elementor-widget elementor-widget-heading\" data-id=\"a2370e4\" data-element_type=\"widget\" data-e-type=\"widget\" data-widget_type=\"heading.default\">\n\t\t\t\t<div class=\"elementor-widget-container\">\n\t\t\t\t\t<h3 class=\"elementor-heading-title elementor-size-default\">Messetransporte\n\n\n\n\n<\/h3>\t\t\t\t<\/div>\n\t\t\t\t<\/div>\n\t\t\t\t<div class=\"elementor-element elementor-element-d6803f6 elementor-widget elementor-widget-text-editor\" data-id=\"d6803f6\" data-element_type=\"widget\" data-e-type=\"widget\" data-widget_type=\"text-editor.default\">\n\t\t\t\t<div class=\"elementor-widget-container\">\n\t\t\t\t\t\t\t\t\tWenn es darum geht, Ihren Messestand auf nationale oder gar internationale Tournee zu schicken, sind wir Ihr qualifizierter Transportpartner. Dabei wickeln wir nicht nur s\u00e4mtliche Zoll- und Versicherungsformalit\u00e4ten reibungslos ab, sondern wir sind auch darauf bedacht, dass Ihr \u2013 oftmals wertvolles \u2013 Ausstellungsgut sicher unterwegs ist. Von diesem Service profitieren bereits einige namhafte Hersteller von Schmuckgegenst\u00e4nden und Tafelsilber. Bei Bedarf lagern wir Ihren Messeauftritt zwischendurch auch so ein, dass sich bestimmt kein Staub ansetzt.\t\t\t\t\t\t\t\t<\/div>\n\t\t\t\t<\/div>\n\t\t\t\t\t<\/div>\n\t\t<\/div>\n\t\t\t\t\t<\/div>\n\t\t<\/section>\n\t\t\t\t<section class=\"elementor-section elementor-inner-section elementor-element elementor-element-58ab21c elementor-section-full_width elementor-section-height-default elementor-section-height-default\" data-id=\"58ab21c\" data-element_type=\"section\" data-e-type=\"section\">\n\t\t\t\t\t\t<div class=\"elementor-container elementor-column-gap-default\">\n\t\t\t\t\t<div class=\"elementor-column elementor-col-100 elementor-inner-column elementor-element elementor-element-35de33a\" data-id=\"35de33a\" data-element_type=\"column\" data-e-type=\"column\" data-settings=\"{&quot;motion_fx_motion_fx_scrolling&quot;:&quot;yes&quot;,&quot;motion_fx_translateY_effect&quot;:&quot;yes&quot;,&quot;motion_fx_translateY_speed&quot;:{&quot;unit&quot;:&quot;px&quot;,&quot;size&quot;:1.3000000000000000444089209850062616169452667236328125,&quot;sizes&quot;:[]},&quot;motion_fx_translateY_affectedRange&quot;:{&quot;unit&quot;:&quot;%&quot;,&quot;size&quot;:&quot;&quot;,&quot;sizes&quot;:{&quot;start&quot;:0,&quot;end&quot;:64}},&quot;motion_fx_opacity_effect&quot;:&quot;yes&quot;,&quot;motion_fx_opacity_range&quot;:{&quot;unit&quot;:&quot;%&quot;,&quot;size&quot;:&quot;&quot;,&quot;sizes&quot;:{&quot;start&quot;:9,&quot;end&quot;:30}},&quot;motion_fx_opacity_direction&quot;:&quot;out-in&quot;,&quot;motion_fx_opacity_level&quot;:{&quot;unit&quot;:&quot;px&quot;,&quot;size&quot;:10,&quot;sizes&quot;:[]},&quot;motion_fx_devices&quot;:[&quot;desktop&quot;,&quot;tablet&quot;,&quot;mobile&quot;]}\">\n\t\t\t<div class=\"elementor-widget-wrap elementor-element-populated\">\n\t\t\t\t\t\t<div class=\"elementor-element elementor-element-c3f46aa elementor-widget elementor-widget-heading\" data-id=\"c3f46aa\" data-element_type=\"widget\" data-e-type=\"widget\" data-widget_type=\"heading.default\">\n\t\t\t\t<div class=\"elementor-widget-container\">\n\t\t\t\t\t<h3 class=\"elementor-heading-title elementor-size-default\">Internationale Transporte <\/h3>\t\t\t\t<\/div>\n\t\t\t\t<\/div>\n\t\t\t\t<div class=\"elementor-element elementor-element-43ac0a5 elementor-widget elementor-widget-text-editor\" data-id=\"43ac0a5\" data-element_type=\"widget\" data-e-type=\"widget\" data-widget_type=\"text-editor.default\">\n\t\t\t\t<div class=\"elementor-widget-container\">\n\t\t\t\t\t\t\t\t\t<p>Wir bringen Ihr Material an jeden Ort der Erde. Und wenn die Strasse endet, \u00fcbergeben wir die Ladung an den Schiffstransport oder an die Luftfracht. Selbstverst\u00e4ndlich begleiten wir dabei den Transport und verantworten vor Ort mit dem Entladen und den Aufbau der Gegenst\u00e4nde. Auch zolltechnisch kennen wir keine Grenzen: \u00dcber Formalit\u00e4ten brauchen Sie sich wirklich keine Gedanken zu machen. Umz\u00fcge nach \u00dcbersee organisieren wir seit vielen Jahren per See- oder Luftfracht. Hierbei sind verl\u00e4ssliche Partner in allen \u00fcberseeischen L\u00e4ndern die Voraussetzung einer guten und sorgf\u00e4ltigen Relocation. Unsere langj\u00e4hrigen Erfahrungen mit Spediteuren in den unterschiedlichsten L\u00e4ndern erm\u00f6glichen es uns, ganz gezielt mit jenen Partnern zusammen zu arbeiten, die unseren hohen Qualit\u00e4tsstandards entsprechen und der jeweiligen Aufgabe gewachsen sind.<\/p><p><br \/><strong>Seefracht<\/strong><br \/>Die besonderen Anforderungen an die Verpackung auf dem Seeweg und die erforderlichen Zoll- und Versicherungsformalit\u00e4ten geh\u00f6ren zu unseren Spezialkompetenzen. Die Container werden nach \u00f6konomischen wie auch nach sicherheitstechnischen Aspekten sorgf\u00e4ltig beladen.<\/p><p><br \/><strong>Luftfracht<\/strong><br \/>Bei Umz\u00fcgen per Luftfracht handelt es sich meist um kleinere Sendungen. Diese Variante bietet sich an, wenn sich der Umfang des Umzugsgutes auf einige pers\u00f6nliche Effekte und wenige M\u00f6bel beschr\u00e4nkt. Dank unserer Kontakte zu Luftfracht-Carriern und ausl\u00e4ndischen Umzugsunternehmen k\u00f6nnen wir Ihnen auch hier einen kompletten Haus-zu-Haus-Service anbieten.<\/p>\t\t\t\t\t\t\t\t<\/div>\n\t\t\t\t<\/div>\n\t\t\t\t\t<\/div>\n\t\t<\/div>\n\t\t\t\t\t<\/div>\n\t\t<\/section>\n\t\t\t\t\t<\/div>\n\t\t<\/div>\n\t\t\t\t\t<\/div>\n\t\t<\/section>\n\t\t\t\t<section class=\"elementor-section elementor-top-section elementor-element elementor-element-d193452 elementor-section-boxed elementor-section-height-default elementor-section-height-default\" data-id=\"d193452\" data-element_type=\"section\" data-e-type=\"section\" data-settings=\"{&quot;background_background&quot;:&quot;classic&quot;}\">\n\t\t\t\t\t\t<div class=\"elementor-container elementor-column-gap-default\">\n\t\t\t\t\t<div class=\"elementor-column elementor-col-100 elementor-top-column elementor-element elementor-element-5b05230\" data-id=\"5b05230\" data-element_type=\"column\" data-e-type=\"column\">\n\t\t\t<div class=\"elementor-widget-wrap elementor-element-populated\">\n\t\t\t\t\t\t<div class=\"elementor-element elementor-element-32499d5 elementor-arrows-position-outside elementor-invisible elementor-widget elementor-widget-image-carousel\" data-id=\"32499d5\" data-element_type=\"widget\" data-e-type=\"widget\" data-settings=\"{&quot;slides_to_show&quot;:&quot;4&quot;,&quot;navigation&quot;:&quot;arrows&quot;,&quot;_animation&quot;:&quot;fadeInUp&quot;,&quot;slides_to_show_tablet&quot;:&quot;4&quot;,&quot;slides_to_show_mobile&quot;:&quot;2&quot;,&quot;slides_to_scroll&quot;:&quot;1&quot;,&quot;autoplay&quot;:&quot;yes&quot;,&quot;pause_on_hover&quot;:&quot;yes&quot;,&quot;pause_on_interaction&quot;:&quot;yes&quot;,&quot;autoplay_speed&quot;:5000,&quot;infinite&quot;:&quot;yes&quot;,&quot;speed&quot;:500,&quot;image_spacing_custom&quot;:{&quot;unit&quot;:&quot;px&quot;,&quot;size&quot;:20,&quot;sizes&quot;:[]},&quot;image_spacing_custom_tablet&quot;:{&quot;unit&quot;:&quot;px&quot;,&quot;size&quot;:&quot;&quot;,&quot;sizes&quot;:[]},&quot;image_spacing_custom_mobile&quot;:{&quot;unit&quot;:&quot;px&quot;,&quot;size&quot;:&quot;&quot;,&quot;sizes&quot;:[]}}\" data-widget_type=\"image-carousel.default\">\n\t\t\t\t<div class=\"elementor-widget-container\">\n\t\t\t\t\t\t\t<div class=\"elementor-image-carousel-wrapper swiper\" role=\"region\" aria-roledescription=\"carousel\" aria-label=\"Image Carousel\" dir=\"ltr\">\n\t\t\t<div class=\"elementor-image-carousel swiper-wrapper\" aria-live=\"off\">\n\t\t\t\t\t\t\t\t<div class=\"swiper-slide\" role=\"group\" aria-roledescription=\"slide\" aria-label=\"1 of 5\"><a data-elementor-open-lightbox=\"yes\" data-elementor-lightbox-slideshow=\"32499d5\" data-e-action-hash=\"#elementor-action%3Aaction%3Dlightbox%26settings%3DeyJpZCI6MjQ1MSwidXJsIjoiaHR0cHM6XC9cL3NjaGFlZmxpLmNoXC93cC1jb250ZW50XC91cGxvYWRzXC8yMDIyXC8wMlwvS3Vuc3R0cmFuc3BvcnQtVmluY2Vuem8tQmF2aWVyYS5qcGciLCJzbGlkZXNob3ciOiIzMjQ5OWQ1In0%3D\" href=\"https:\/\/schaefli.ch\/wp-content\/uploads\/2022\/02\/Kunsttransport-Vincenzo-Baviera.jpg\"><figure class=\"swiper-slide-inner\"><img decoding=\"async\" class=\"swiper-slide-image\" src=\"https:\/\/schaefli.ch\/wp-content\/uploads\/elementor\/thumbs\/Kunsttransport-Vincenzo-Baviera-pk63isopw6kkim5gvngnwwa1stj5pezrvm5k5m30e0.jpg\" alt=\"Kunsttransport Vincenzo Baviera\" \/><\/figure><\/a><\/div><div class=\"swiper-slide\" role=\"group\" aria-roledescription=\"slide\" aria-label=\"2 of 5\"><a data-elementor-open-lightbox=\"yes\" data-elementor-lightbox-slideshow=\"32499d5\" data-e-action-hash=\"#elementor-action%3Aaction%3Dlightbox%26settings%3DeyJpZCI6MTM1OSwidXJsIjoiaHR0cHM6XC9cL3NjaGFlZmxpLmNoXC93cC1jb250ZW50XC91cGxvYWRzXC8yMDIwXC8wN1wvU3R1aGwtdmVycGFja3QucG5nIiwic2xpZGVzaG93IjoiMzI0OTlkNSJ9\" href=\"https:\/\/schaefli.ch\/wp-content\/uploads\/2020\/07\/Stuhl-verpackt.png\"><figure class=\"swiper-slide-inner\"><img decoding=\"async\" class=\"swiper-slide-image\" src=\"https:\/\/schaefli.ch\/wp-content\/uploads\/elementor\/thumbs\/Stuhl-verpackt-ov7l86j167k7havq1jtq6zoafp9eix8x8zpkz0cb08.png\" alt=\"Stuhl-verpackt\" \/><\/figure><\/a><\/div><div class=\"swiper-slide\" role=\"group\" aria-roledescription=\"slide\" aria-label=\"3 of 5\"><a data-elementor-open-lightbox=\"yes\" data-elementor-lightbox-slideshow=\"32499d5\" data-e-action-hash=\"#elementor-action%3Aaction%3Dlightbox%26settings%3DeyJpZCI6MTM1NywidXJsIjoiaHR0cHM6XC9cL3NjaGFlZmxpLmNoXC93cC1jb250ZW50XC91cGxvYWRzXC8yMDIwXC8wN1wvUGlhbm9wbGFuLTEuanBnIiwic2xpZGVzaG93IjoiMzI0OTlkNSJ9\" href=\"https:\/\/schaefli.ch\/wp-content\/uploads\/2020\/07\/Pianoplan-1.jpg\"><figure class=\"swiper-slide-inner\"><img decoding=\"async\" class=\"swiper-slide-image\" src=\"https:\/\/schaefli.ch\/wp-content\/uploads\/elementor\/thumbs\/Pianoplan-1-ov7l87gvd1lhswucw28crhfr134rqmcnl4d2gaawu0.jpg\" alt=\"Pianoplan\" \/><\/figure><\/a><\/div><div class=\"swiper-slide\" role=\"group\" aria-roledescription=\"slide\" aria-label=\"4 of 5\"><a data-elementor-open-lightbox=\"yes\" data-elementor-lightbox-slideshow=\"32499d5\" data-e-action-hash=\"#elementor-action%3Aaction%3Dlightbox%26settings%3DeyJpZCI6MTU3NSwidXJsIjoiaHR0cHM6XC9cL3NjaGFlZmxpLmNoXC93cC1jb250ZW50XC91cGxvYWRzXC8yMDIwXC8wOVwvU2NoYWVmbGlfQUdfU3BlemlhbHRyYW5zcG9ydC5qcGciLCJzbGlkZXNob3ciOiIzMjQ5OWQ1In0%3D\" href=\"https:\/\/schaefli.ch\/wp-content\/uploads\/2020\/09\/Schaefli_AG_Spezialtransport.jpg\"><figure class=\"swiper-slide-inner\"><img decoding=\"async\" class=\"swiper-slide-image\" src=\"https:\/\/schaefli.ch\/wp-content\/uploads\/elementor\/thumbs\/Schaefli_AG_Spezialtransport-ov96tbgenpj23vj8dobhjubcxn17efggy2ehp6hbjs.jpg\" alt=\"Schaefli_AG_Spezialtransport\" \/><\/figure><\/a><\/div><div class=\"swiper-slide\" role=\"group\" aria-roledescription=\"slide\" aria-label=\"5 of 5\"><a data-elementor-open-lightbox=\"yes\" data-elementor-lightbox-slideshow=\"32499d5\" data-e-action-hash=\"#elementor-action%3Aaction%3Dlightbox%26settings%3DeyJpZCI6MTU3NywidXJsIjoiaHR0cHM6XC9cL3NjaGFlZmxpLmNoXC93cC1jb250ZW50XC91cGxvYWRzXC8yMDIwXC8wOVwvU2NoYWVmbGlfVHJhbnNwb3J0ZV9HZWJhZXVkZV8wOC5qcGciLCJzbGlkZXNob3ciOiIzMjQ5OWQ1In0%3D\" href=\"https:\/\/schaefli.ch\/wp-content\/uploads\/2020\/09\/Schaefli_Transporte_Gebaeude_08.jpg\"><figure class=\"swiper-slide-inner\"><img decoding=\"async\" class=\"swiper-slide-image\" src=\"https:\/\/schaefli.ch\/wp-content\/uploads\/elementor\/thumbs\/Schaefli_Transporte_Gebaeude_08-ov96zti7xgfges39ezhlap94ukzln29mu8ue72uaig.jpg\" alt=\"Schaefli_Transporte_Gebaeude_08\" \/><\/figure><\/a><\/div>\t\t\t<\/div>\n\t\t\t\t\t\t\t\t\t\t\t\t<div class=\"elementor-swiper-button elementor-swiper-button-prev\" role=\"button\" tabindex=\"0\">\n\t\t\t\t\t\t<i aria-hidden=\"true\" class=\"eicon-chevron-left\"><\/i>\t\t\t\t\t<\/div>\n\t\t\t\t\t<div class=\"elementor-swiper-button elementor-swiper-button-next\" role=\"button\" tabindex=\"0\">\n\t\t\t\t\t\t<i aria-hidden=\"true\" class=\"eicon-chevron-right\"><\/i>\t\t\t\t\t<\/div>\n\t\t\t\t\n\t\t\t\t\t\t\t\t\t<\/div>\n\t\t\t\t\t\t<\/div>\n\t\t\t\t<\/div>\n\t\t\t\t\t<\/div>\n\t\t<\/div>\n\t\t\t\t\t<\/div>\n\t\t<\/section>\n\t\t\t\t<section class=\"elementor-section elementor-top-section elementor-element elementor-element-7c4b884d elementor-section-height-min-height elementor-section-boxed elementor-section-height-default elementor-section-items-middle\" data-id=\"7c4b884d\" data-element_type=\"section\" data-e-type=\"section\" data-settings=\"{&quot;background_background&quot;:&quot;classic&quot;}\">\n\t\t\t\t\t\t\t<div class=\"elementor-background-overlay\"><\/div>\n\t\t\t\t\t\t\t<div class=\"elementor-container elementor-column-gap-default\">\n\t\t\t\t\t<div class=\"elementor-column elementor-col-100 elementor-top-column elementor-element elementor-element-7a5e0388\" data-id=\"7a5e0388\" data-element_type=\"column\" data-e-type=\"column\">\n\t\t\t<div class=\"elementor-widget-wrap elementor-element-populated\">\n\t\t\t\t\t\t<div class=\"elementor-element elementor-element-c4f371b elementor-align-center elementor-mobile-align-center elementor-widget elementor-widget-button\" data-id=\"c4f371b\" data-element_type=\"widget\" data-e-type=\"widget\" data-widget_type=\"button.default\">\n\t\t\t\t<div class=\"elementor-widget-container\">\n\t\t\t\t\t\t\t\t\t<div class=\"elementor-button-wrapper\">\n\t\t\t\t\t<a class=\"elementor-button elementor-button-link elementor-size-sm\" href=\"https:\/\/schaefli.meinumzug.online\/\" target=\"_blank\" rel=\"noopener\">\n\t\t\t\t\t\t<span class=\"elementor-button-content-wrapper\">\n\t\t\t\t\t\t\t\t\t<span class=\"elementor-button-text\">Zur Online-Anfrage<\/span>\n\t\t\t\t\t<\/span>\n\t\t\t\t\t<\/a>\n\t\t\t\t<\/div>\n\t\t\t\t\t\t\t\t<\/div>\n\t\t\t\t<\/div>\n\t\t\t\t\t<\/div>\n\t\t<\/div>\n\t\t\t\t\t<\/div>\n\t\t<\/section>\n\t\t\t\t<\/div>\n\t\t","protected":false},"excerpt":{"rendered":"<p>Spezialtransporte Z\u00fcgeln ist Vertrauenssache! Spezialtransporte? Alles kein Problem! Egal ob heikle Kunsttransporte, Transporte von Fahrzeugen, Neum\u00f6bel-Lieferungen und -Montagen, komplette Messetransporte oder weltweite Umz\u00fcge: F\u00fcr Spezialtransporte sind wir Ihr richtiger Ansprechpartner! Vertrauen Sie auf unsere Kompetenz und Zuverl\u00e4ssigkeit aus mehr als vier Jahrzehnten. Als Partner f\u00fcr Museen, Kunstaussteller, Schulen, \u00f6ffentlichen \u00c4mtern, internationale Grossfirmen, M\u00f6belhersteller und vielen [&hellip;]<\/p>\n","protected":false},"author":1,"featured_media":0,"parent":0,"menu_order":0,"comment_status":"closed","ping_status":"closed","template":"elementor_header_footer","meta":{"footnotes":""},"class_list":["post-702","page","type-page","status-publish","hentry"],"_links":{"self":[{"href":"https:\/\/schaefli.ch\/en\/wp-json\/wp\/v2\/pages\/702","targetHints":{"allow":["GET"]}}],"collection":[{"href":"https:\/\/schaefli.ch\/en\/wp-json\/wp\/v2\/pages"}],"about":[{"href":"https:\/\/schaefli.ch\/en\/wp-json\/wp\/v2\/types\/page"}],"author":[{"embeddable":true,"href":"https:\/\/schaefli.ch\/en\/wp-json\/wp\/v2\/users\/1"}],"replies":[{"embeddable":true,"href":"https:\/\/schaefli.ch\/en\/wp-json\/wp\/v2\/comments?post=702"}],"version-history":[{"count":41,"href":"https:\/\/schaefli.ch\/en\/wp-json\/wp\/v2\/pages\/702\/revisions"}],"predecessor-version":[{"id":2534,"href":"https:\/\/schaefli.ch\/en\/wp-json\/wp\/v2\/pages\/702\/revisions\/2534"}],"wp:attachment":[{"href":"https:\/\/schaefli.ch\/en\/wp-json\/wp\/v2\/media?parent=702"}],"curies":[{"name":"wp","href":"https:\/\/api.w.org\/{rel}","templated":true}]}}